{"id":72074,"date":"2024-06-10T15:26:28","date_gmt":"2024-06-10T19:26:28","guid":{"rendered":"https:\/\/www.centraide-mtl.org\/?page_id=72074"},"modified":"2026-03-24T09:55:38","modified_gmt":"2026-03-24T13:55:38","slug":"housing","status":"publish","type":"page","link":"https:\/\/www.centraide-mtl.org\/en\/housing\/","title":{"rendered":"Housing"},"content":{"rendered":"\n<h2 class=\"block-stylised-title theme-block aligndefault\" id=\"block_24650c040349d8dcc94d9939feaabf49\" style=\"text-align: center\">                            <span class=\"block-stylised-title__line block-stylised-title__line--small\">Helping<\/span>\n                            <br>\n                  <span class=\"block-stylised-title__line block-stylised-title__line--big-bold\">the most vulnerable<\/span>\n                            <br>\n                  <span class=\"block-stylised-title__line block-stylised-title__line--small\">cope with the housing crisis<\/span>\n      <\/h2>\n\n\n\n<div style=\"height:37px\" aria-hidden=\"true\" class=\"wp-block-spacer\"><\/div>\n\n\n\n<p>Access to decent and affordable housing has become a key issue in the fight against inequality and poverty. Greater Montreal\u2019s housing crisis has exacerbated the vulnerability of many people and impacted other significant social problems, such as homelessness, child development, mental health, food security and domestic violence.<\/p>\n\n\n\n<p>The most recent data show that <strong>the housing situation of renters continues to be difficult and is particularly alarming for people who live on a low income<\/strong>. Their issues have been exacerbated by the high cost of housing and the dire shortage of social and non-speculative housing.&nbsp;&nbsp;<\/p>\n\n\n\n<p>Greater Montreal\u2019s housing crisis needs sustainable, collective solutions. In collaboration with governments, community groups, housing developers, and the general public, we must act together to ensure that everyone can live in dignity and safety.<\/p>\n\n\n<div class=\"wp-block-image\">\n<figure class=\"aligncenter size-full\"><img decoding=\"async\" width=\"640\" height=\"80\" src=\"https:\/\/www.centraide-mtl.org\/wp-content\/uploads\/2024\/05\/Le-logement.png\" alt=\"\" class=\"wp-image-72060\" srcset=\"https:\/\/www.centraide-mtl.org\/wp-content\/uploads\/2024\/05\/Le-logement.png 640w, https:\/\/www.centraide-mtl.org\/wp-content\/uploads\/2024\/05\/Le-logement-300x38.png 300w\" sizes=\"(max-width: 640px) 100vw, 640px\" \/><\/figure>\n<\/div>\n\n\n<h3 class=\"wp-block-heading is-style-little-title\"><strong><strong>Residual income<\/strong><\/strong><\/h3>\n\n\n\n<p>To quantify the scope of the crisis, Centraide uses the residual income measure. This indicator tracks the minimum annual income required to cover essentials such as housing, clothing, food and transportation. In other words, residual income is the money that households have left over after paying for their rent and basic needs. &nbsp;<\/p>\n\n\n\n<p>Currently, the annual income that households must earn to pay for housing and the essentials is <strong>$31,000 for the Greater Montreal area<\/strong>.<\/p>\n\n\n\n<p><strong>However, 310,000 households, or 18,000 more than last year, are below this threshold<\/strong>. This means that, once they pay for essential expenses, these households don\u2019t have enough money for everything else.&nbsp;We must also think about households who earn just above this threshold and who are also in a very vulnerable situation.<\/p>\n\n\n\n<div style=\"height:40px\" aria-hidden=\"true\" class=\"wp-block-spacer\"><\/div>\n\n\n<div class=\"container\">\n<div class=\"wp-block-media-text alignwide is-stacked-on-mobile is-vertically-aligned-center\" style=\"grid-template-columns:31% auto\"><figure class=\"wp-block-media-text__media\"><img decoding=\"async\" width=\"487\" height=\"276\" src=\"https:\/\/www.centraide-mtl.org\/wp-content\/uploads\/2024\/06\/Vignette_rapport_revenu_residuel_Page.jpg\" alt=\"R\u00e9sultat 2023 de l'indicateur de solde r\u00e9siduel - 4 avril 2024\" class=\"wp-image-72172 size-full\" srcset=\"https:\/\/www.centraide-mtl.org\/wp-content\/uploads\/2024\/06\/Vignette_rapport_revenu_residuel_Page.jpg 487w, https:\/\/www.centraide-mtl.org\/wp-content\/uploads\/2024\/06\/Vignette_rapport_revenu_residuel_Page-300x170.jpg 300w\" sizes=\"(max-width: 487px) 100vw, 487px\" \/><\/figure><div class=\"wp-block-media-text__content\">\n<p class=\"has-text-align-left is-style-little-title has-large-font-size\"><strong>Residual Income Report<\/strong><\/p>\n\n\n\n<p>Centraide of Greater Montreal and the Montreal office of McKinsey &amp; Company jointly present a report on residual income. This document, the result of collaboration between these two organizations, combines their respective expertise to offer a solid factual basis that tracks changes in the housing situation in Greater Montreal.&nbsp;<\/p>\n\n\n\n<div style=\"height:22px\" aria-hidden=\"true\" class=\"wp-block-spacer\"><\/div>\n\n\n\n<p>(Available in French only)<\/p>\n\n\n\n<div class=\"wp-block-buttons is-content-justification-left is-layout-flex wp-container-core-buttons-is-layout-fdcfc74e wp-block-buttons-is-layout-flex\">\n<div class=\"wp-block-button\"><a class=\"wp-block-button__link wp-element-button\" href=\"https:\/\/medias.centraide.org\/Docs\/Rapport-revenu-residuel.pdf\" target=\"_blank\" rel=\"noreferrer noopener\">Download the residual income report<\/a><\/div>\n<\/div>\n<\/div><\/div>\n<\/div>\n\n\n<div style=\"height:50px\" aria-hidden=\"true\" class=\"wp-block-spacer\"><\/div>\n\n\n\n<h3 class=\"wp-block-heading is-style-little-title\"><strong><strong>Civil society takes action<\/strong><\/strong><\/h3>\n\n\n\n<p>Centraide of Greater Montreal is working with a very broad range of partners to find innovative solutions to the housing crisis. This video showcases the different stakeholders who are taking action to make concrete changes to deal with the housing crisis. Find out how we are working together to create sustainable solutions.&nbsp;<\/p>\n\n\n<section id=\"block_bafc003bd56cf2cfea9382d87066e040\" class=\"video__vtx theme-block aligndefault\">\n  <a class=\"video__vtx_link popup-youtube\" href=\"https:\/\/www.youtube.com\/watch?v=aEs6mt4zH5U\" target=\"_blank\" rel=\"noopener\">\n    <div class=\"carousel-content__item__video__back\" style=\"background-image:url(https:\/\/www.centraide-mtl.org\/wp-content\/uploads\/2024\/06\/V3-FR-EN.png);\">\n    <div class=\"overlay_video\"><\/div>\n      <i class=\"icon icon-play\"><\/i>\n    <\/div>\n  <\/a>\n  <\/section>\n\n\n\n<div style=\"height:34px\" aria-hidden=\"true\" class=\"wp-block-spacer\"><\/div>\n\n\n\n<h3 class=\"wp-block-heading is-style-little-title\"><strong><strong>Housing initiatives<\/strong><\/strong><\/h3>\n\n\n\n<p>Since the Together for Housing event held on May 15, 2023, a great deal of progress has been made. Here are the main advances so far:<\/p>\n\n\n<div class=\"wp-block-list\">\n<ul class=\"wp-block-list\">\n<li>Proposal of a master indicator (residual income, as mentioned above) to measure the scope and evolution of the housing situation in Greater Montreal.<\/li>\n\n\n\n<li>Publication of the \u201c<em><a href=\"https:\/\/medias.centraide.org\/Docs\/Rapport_Engagees.pdf\" target=\"_blank\" rel=\"noreferrer noopener\">Engag\u00e9\u00b7es pour le logement<\/a><\/em>\u201d report, a comprehensive and in-depth overview of the Together for Housing event.<\/li>\n\n\n\n<li>Publication of an open letter in <em>La Presse<\/em> about <strong>the commitment of over 80 co-signatories to work together <\/strong>to tackle housing issues.<\/li>\n\n\n\n<li><strong>Support for the creation of the Groupe des 21<\/strong> (a group of private, municipal and social stakeholders working on a concerted action plan for housing in Quebec) and participation in its meetings.<\/li>\n\n\n\n<li><strong>Increase of 15% in financial support for housing committees<\/strong> that help thousands of tenants every year to enact their rights when dealing with housing issues (unjustified rent increases, evictions, substandard conditions, etc.).<\/li>\n\n\n\n<li>Political advocacy to develop a government action plan on housing to meet the needs of people in vulnerable situations.<\/li>\n\n\n\n<li>Participation in consultations on the city\u2019s housing policy.<\/li>\n\n\n\n<li><strong>Active contribution to the Groupe d\u2019acc\u00e9l\u00e9ration pour l\u2019optimisation du projet de l\u2019hippodrome (GALOPH)<\/strong> and support for participation on the Corporation de d\u00e9veloppement communautaire de C\u00f4te-des-Neiges for this project.<\/li>\n\n\n\n<li>Support for an experiment to create a rent registry, in partnership with Vivre en Ville.<\/li>\n\n\n\n<li>Sale of the Centraide parking lot to the Unit\u00e9 de travail pour l\u2019implantation de logement \u00e9tudiant (UTILE).<\/li>\n<\/ul>\n<\/div>\n\n\n<div class=\"wp-block-columns has-white-background-color has-background is-layout-flex wp-container-core-columns-is-layout-9d6595d7 wp-block-columns-is-layout-flex\">\n<div class=\"wp-block-column is-vertically-aligned-top is-layout-flow wp-block-column-is-layout-flow\" style=\"flex-basis:33.33%\">\n<div style=\"height:78px\" aria-hidden=\"true\" class=\"wp-block-spacer\"><\/div>\n\n\n<div class=\"wp-block-image\">\n<figure class=\"alignright size-full is-resized\"><img decoding=\"async\" width=\"342\" height=\"289\" src=\"https:\/\/www.centraide-mtl.org\/wp-content\/uploads\/2024\/05\/image.png\" alt=\"Claude Pinard devant un lutrin\" class=\"wp-image-72014\" style=\"width:281px;height:auto\" srcset=\"https:\/\/www.centraide-mtl.org\/wp-content\/uploads\/2024\/05\/image.png 342w, https:\/\/www.centraide-mtl.org\/wp-content\/uploads\/2024\/05\/image-300x254.png 300w\" sizes=\"(max-width: 342px) 100vw, 342px\" \/><\/figure>\n<\/div><\/div>\n\n\n\n<div class=\"wp-block-column is-vertically-aligned-center is-layout-flow wp-block-column-is-layout-flow\" style=\"flex-basis:70%\">\n<div style=\"height:77px\" aria-hidden=\"true\" class=\"wp-block-spacer\"><\/div>\n\n\n\n<blockquote class=\"wp-block-quote is-layout-flow wp-block-quote-is-layout-flow\">\n<p>This ability to unite and take action in the fight against poverty and social exclusion is our superpower that has guided the work of the [GALOPH]. This group has worked to define what a neighbourhood would look like at the site of the former Montreal Hippodrome, with over 10,000 housing units protected from real estate speculation, including 4,800 social or community housing units, 60% of which would have three or four bedrooms.\u201d&nbsp;<\/p>\n<cite><strong>Claude Pinard<\/strong>, President and Executive Director of Centraide of Greater Montreal<\/cite><\/blockquote>\n\n\n\n<p class=\"has-text-align-right\"><sub><em>From the column \u201cGALOPH&nbsp;: La soci\u00e9t\u00e9 civile passe \u00e0 l\u2019action,\u201d <em>La Presse<\/em>, April 24, 2024.&nbsp;<\/em><\/sub><\/p>\n\n\n\n<div style=\"height:45px\" aria-hidden=\"true\" class=\"wp-block-spacer\"><\/div>\n<\/div>\n<\/div>\n\n\n\n<h2 class=\"wp-block-heading alignwide\">Related articles<\/h2>\n\n\n\n<section id=\"block_6635602b166b77b9a79cfa35ba1f960a\" class=\"block-related-post alignwide \">\n            <article class=\"post__item swiper-slide\">\n    <a title=\"Housing\" href=\"https:\/\/www.centraide-mtl.org\/en\/?p=1045\" class=\"post__item-link\">\n    <div class=\"post__item__thumbnail\">\n      <img decoding=\"async\" title= \"Housing\" alt=\"Housing\" src=\"https:\/\/www.centraide-mtl.org\/wp-content\/uploads\/2019\/06\/Logement-410x230.png\"\/>\n    <\/div>\n\n    <div class=\"post__item__info\">\n              <div class=\"post__item__tags__wrapper\">\n                      <div class=\"post__item__tags\">\n              <a class=\"category-link \" title=\"essential-needs\" href=\"https:\/\/www.centraide-mtl.org\/en\/wp-json\/wp\/v2\/pages\/72074?_post_tag=essential-needs#filters\">\n                Essential needs              <\/a>\n            <\/div>\n                  <\/div>\n      \n      <a href=\"https:\/\/www.centraide-mtl.org\/en\/?p=1045\" class=\"post__item__title\" title=\"Housing\">\n        Housing      <\/a>\n\n          <div class=\"post_item__content_type\" style=\"display: none;\">Articles<\/div>\n<div class=\"post_item__meta\">\n  <span class=\"date_meta\">June 6, 2019<\/span><span class=\"author__meta\"> <span>\u2022  &nbsp;<\/span>By Centraide<\/div>\n                  <div class=\"post__item__summary\">\n            Finding housing is not easy for everyone. Housing is not just an address. It\u2019s a place where we can rest&#8230;          <\/div>\n        \n    <\/div>\n    <\/a>\n  <\/article>\n            <article class=\"post__item swiper-slide\">\n    <a title=\"Housing\" href=\"https:\/\/www.centraide-mtl.org\/en\/blog\/montreal-housing-challenge\/\" class=\"post__item-link\">\n    <div class=\"post__item__thumbnail\">\n      <img decoding=\"async\" title= \"Housing\" alt=\"Housing\" src=\"https:\/\/www.centraide-mtl.org\/wp-content\/uploads\/2025\/06\/VM_Logement_2025-410x230.png\"\/>\n    <\/div>\n\n    <div class=\"post__item__info\">\n              <div class=\"post__item__tags__wrapper\">\n                      <div class=\"post__item__tags\">\n              <a class=\"category-link \" title=\"essential-needs\" href=\"https:\/\/www.centraide-mtl.org\/en\/wp-json\/wp\/v2\/pages\/72074?_post_tag=essential-needs#filters\">\n                Essential needs              <\/a>\n            <\/div>\n                  <\/div>\n      \n      <a href=\"https:\/\/www.centraide-mtl.org\/en\/blog\/montreal-housing-challenge\/\" class=\"post__item__title\" title=\"Housing\">\n        Housing      <\/a>\n\n          <div class=\"post_item__content_type\" style=\"display: none;\">Infographics<\/div>\n<div class=\"post_item__meta\">\n  <span class=\"date_meta\">February 17, 2026<\/span><span class=\"author__meta\"> <span>\u2022  &nbsp;<\/span>By Centraide<\/div>\n                  <div class=\"post__item__summary\">\n            Greater Montreal is grappling with a severe housing crisis. Zoom in on the situation How much does it cost to&#8230;          <\/div>\n        \n    <\/div>\n    <\/a>\n  <\/article>\n            <article class=\"post__item swiper-slide\">\n    <a title=\"The invisible cost of housing\" href=\"https:\/\/www.centraide-mtl.org\/en\/blog\/the-invisible-cost-of-housing\/\" class=\"post__item-link\">\n    <div class=\"post__item__thumbnail\">\n      <img decoding=\"async\" title= \"The invisible cost of housing\" alt=\"The invisible cost of housing\" src=\"https:\/\/www.centraide-mtl.org\/wp-content\/uploads\/2023\/06\/Visuel_Moteur_Marie-1-410x230.jpg\"\/>\n    <\/div>\n\n    <div class=\"post__item__info\">\n              <div class=\"post__item__tags__wrapper\">\n                      <div class=\"post__item__tags\">\n              <a class=\"category-link \" title=\"essential-needs\" href=\"https:\/\/www.centraide-mtl.org\/en\/wp-json\/wp\/v2\/pages\/72074?_post_tag=essential-needs#filters\">\n                Essential needs              <\/a>\n            <\/div>\n                  <\/div>\n      \n      <a href=\"https:\/\/www.centraide-mtl.org\/en\/blog\/the-invisible-cost-of-housing\/\" class=\"post__item__title\" title=\"Housing\">\n        The invisible cost of housing      <\/a>\n\n          <div class=\"post_item__content_type\" style=\"display: none;\">Testimonials<\/div>\n<div class=\"post_item__meta\">\n  <span class=\"date_meta\">June 13, 2023<\/span><span class=\"author__meta\"> <span>\u2022  &nbsp;<\/span>By Centraide<\/div>\n                  <div class=\"post__item__summary\">\n            Marie\u2019s story could be anyone\u2019s. She was a 41-year-old mother of three when she started her own business. What she&#8230;          <\/div>\n        \n    <\/div>\n    <\/a>\n  <\/article>\n        \n<\/section>\n","protected":false},"excerpt":{"rendered":"<p>Access to decent and affordable housing has become a key issue in the fight against inequality and poverty. Greater Montreal\u2019s housing crisis has exacerbated the vulnerability of many people and impacted other significant social problems,&hellip;<\/p>\n","protected":false},"author":8,"featured_media":72069,"parent":0,"menu_order":0,"comment_status":"closed","ping_status":"closed","template":"","meta":{"_acf_changed":false,"_relevanssi_hide_post":"","_relevanssi_hide_content":"","_relevanssi_pin_for_all":"","_relevanssi_pin_keywords":"","_relevanssi_unpin_keywords":"","_relevanssi_related_keywords":"","_relevanssi_related_include_ids":"","_relevanssi_related_exclude_ids":"","_relevanssi_related_no_append":"","_relevanssi_related_not_related":"","_relevanssi_related_posts":"46192,27702,27696,54000,1045,52476","_relevanssi_noindex_reason":"","footnotes":""},"class_list":["post-72074","page","type-page","status-publish","has-post-thumbnail","hentry"],"acf":[],"publishpress_future_workflow_manual_trigger":{"enabledWorkflows":[]},"_links":{"self":[{"href":"https:\/\/www.centraide-mtl.org\/en\/wp-json\/wp\/v2\/pages\/72074","targetHints":{"allow":["GET"]}}],"collection":[{"href":"https:\/\/www.centraide-mtl.org\/en\/wp-json\/wp\/v2\/pages"}],"about":[{"href":"https:\/\/www.centraide-mtl.org\/en\/wp-json\/wp\/v2\/types\/page"}],"author":[{"embeddable":true,"href":"https:\/\/www.centraide-mtl.org\/en\/wp-json\/wp\/v2\/users\/8"}],"replies":[{"embeddable":true,"href":"https:\/\/www.centraide-mtl.org\/en\/wp-json\/wp\/v2\/comments?post=72074"}],"version-history":[{"count":22,"href":"https:\/\/www.centraide-mtl.org\/en\/wp-json\/wp\/v2\/pages\/72074\/revisions"}],"predecessor-version":[{"id":103035,"href":"https:\/\/www.centraide-mtl.org\/en\/wp-json\/wp\/v2\/pages\/72074\/revisions\/103035"}],"wp:featuredmedia":[{"embeddable":true,"href":"https:\/\/www.centraide-mtl.org\/en\/wp-json\/wp\/v2\/media\/72069"}],"wp:attachment":[{"href":"https:\/\/www.centraide-mtl.org\/en\/wp-json\/wp\/v2\/media?parent=72074"}],"curies":[{"name":"wp","href":"https:\/\/api.w.org\/{rel}","templated":true}]}}