{"id":67825,"date":"2023-12-19T15:50:42","date_gmt":"2023-12-19T20:50:42","guid":{"rendered":"https:\/\/www.centraide-mtl.org\/?page_id=67825"},"modified":"2025-02-03T16:30:41","modified_gmt":"2025-02-03T21:30:41","slug":"50th","status":"publish","type":"page","link":"https:\/\/www.centraide-mtl.org\/en\/50th\/","title":{"rendered":"50 years of solidarity, generosity and social impact"},"content":{"rendered":"\n<p id=\"menu\"><strong>Montreal, September 20, 2023&nbsp;<\/strong>\u2013 Today, Centraide of Greater Montreal <a href=\"https:\/\/www.centraide-mtl.org\/en\/media\/2023-campaign-launch\/\" target=\"_blank\" data-type=\"link\" data-id=\"https:\/\/www.centraide-mtl.org\/en\/media\/2023-campaign-launch\/\" rel=\"noreferrer noopener\">announced the launch of its 50th fundraising campaign and celebration<\/a> of a half-century of social impact, solidarity and generosity for a better future. <\/p>\n\n\n\n<p>Since its first campaign in 1974, Centraide has become a key actor in the fight against poverty and social exclusion. Every year, it supports 375&nbsp;community agencies and projects that help one out of five people in Greater Montreal.&nbsp;<\/p>\n\n\n\n<div style=\"height:30px\" aria-hidden=\"true\" class=\"wp-block-spacer\"><\/div>\n\n\n\n<p class=\"has-text-align-center has-small-font-size\">(Click on the various thumbnails linked to the 50th)<\/p>\n\n\n<section id=\"formulaire-dp\" class=\"cta_box theme-block aligndefault alignwide\">\n      <div class=\"page-404__cta-box\">\n        <a href=\"https:\/\/www.centraide-mtl.org\/en\/50th\/#history\" target=\"_blank\" class=\"cta-box__item\" style=\"background-color:#cccccc\">\n      <div class=\"cta-box__item__header\">\n                  <div class=\"cta-box__item__header__icon__wrapper\">\n            <img decoding=\"async\" src=\"https:\/\/www.centraide-mtl.org\/wp-content\/uploads\/2023\/08\/Icones_centraide-25.png\" alt=\"Bonhomme Centraide\" width=\"300\" height=\"300\" class=\"cta-box__item__header__icon\">          <\/div>\n                <div class=\"cta-box__item__header__title\">\n        <span>Special<\/span> <span>50th<\/span>        <\/div>\n      <\/div>\n      <div class=\"cta-box__item__footer\">\n        <div class=\"cta-box__item__footer__title\">\n          History        <\/div>\n      <\/div>\n    <\/a>\n        <a href=\"https:\/\/www.centraide-mtl.org\/en\/50th\/#news\" target=\"_blank\" class=\"cta-box__item\" style=\"background-color:#ead58f\">\n      <div class=\"cta-box__item__header\">\n                  <div class=\"cta-box__item__header__icon__wrapper\">\n            <img decoding=\"async\" src=\"https:\/\/www.centraide-mtl.org\/wp-content\/uploads\/2023\/08\/Icones_centraide-25.png\" alt=\"Bonhomme Centraide\" width=\"300\" height=\"300\" class=\"cta-box__item__header__icon\">          <\/div>\n                <div class=\"cta-box__item__header__title\">\n        <span>Special<\/span> <span>50th<\/span>        <\/div>\n      <\/div>\n      <div class=\"cta-box__item__footer\">\n        <div class=\"cta-box__item__footer__title\">\n          News        <\/div>\n      <\/div>\n    <\/a>\n        <a href=\"https:\/\/www.centraide-mtl.org\/en\/50th\/#programming\" target=\"_blank\" class=\"cta-box__item\" style=\"background-color:#dd7a7a\">\n      <div class=\"cta-box__item__header\">\n                  <div class=\"cta-box__item__header__icon__wrapper\">\n            <img decoding=\"async\" src=\"https:\/\/www.centraide-mtl.org\/wp-content\/uploads\/2023\/08\/Icones_centraide-25.png\" alt=\"Bonhomme Centraide\" width=\"300\" height=\"300\" class=\"cta-box__item__header__icon\">          <\/div>\n                <div class=\"cta-box__item__header__title\">\n        <span>Special<\/span> <span>50th<\/span>        <\/div>\n      <\/div>\n      <div class=\"cta-box__item__footer\">\n        <div class=\"cta-box__item__footer__title\">\n          Programming        <\/div>\n      <\/div>\n    <\/a>\n        <\/div>\n  <\/section>\n\n\n<section id=\"formulaire-dp\" class=\"cta_box theme-block aligndefault alignwide\">\n      <div class=\"page-404__cta-box\">\n        <a href=\"https:\/\/www.centraide-mtl.org\/en\/50th\/#generosity\" target=\"_blank\" class=\"cta-box__item\" style=\"background-color:#99acbf\">\n      <div class=\"cta-box__item__header\">\n                  <div class=\"cta-box__item__header__icon__wrapper\">\n            <img decoding=\"async\" src=\"https:\/\/www.centraide-mtl.org\/wp-content\/uploads\/2023\/08\/Icones_centraide-25.png\" alt=\"Bonhomme Centraide\" width=\"300\" height=\"300\" class=\"cta-box__item__header__icon\">          <\/div>\n                <div class=\"cta-box__item__header__title\">\n        <span>Special<\/span> <span>50th<\/span>        <\/div>\n      <\/div>\n      <div class=\"cta-box__item__footer\">\n        <div class=\"cta-box__item__footer__title\">\n          50 years of generosity and solidarity        <\/div>\n      <\/div>\n    <\/a>\n        <a href=\"https:\/\/www.centraide-mtl.org\/en\/50th\/#impact\" target=\"_blank\" class=\"cta-box__item\" style=\"background-color:#8c8c8c\">\n      <div class=\"cta-box__item__header\">\n                  <div class=\"cta-box__item__header__icon__wrapper\">\n            <img decoding=\"async\" src=\"https:\/\/www.centraide-mtl.org\/wp-content\/uploads\/2023\/08\/Icones_centraide-25.png\" alt=\"Bonhomme Centraide\" width=\"300\" height=\"300\" class=\"cta-box__item__header__icon\">          <\/div>\n                <div class=\"cta-box__item__header__title\">\n        <span>Special<\/span> <span>50th<\/span>        <\/div>\n      <\/div>\n      <div class=\"cta-box__item__footer\">\n        <div class=\"cta-box__item__footer__title\">\n          50 years of social impact        <\/div>\n      <\/div>\n    <\/a>\n        <a href=\"https:\/\/www.centraide-mtl.org\/en\/50th\/#pg\" target=\"_blank\" class=\"cta-box__item\" style=\"background-color:#ddbebe\">\n      <div class=\"cta-box__item__header\">\n                  <div class=\"cta-box__item__header__icon__wrapper\">\n            <img decoding=\"async\" src=\"https:\/\/www.centraide-mtl.org\/wp-content\/uploads\/2023\/08\/Icones_centraide-25.png\" alt=\"Bonhomme Centraide\" width=\"300\" height=\"300\" class=\"cta-box__item__header__icon\">          <\/div>\n                <div class=\"cta-box__item__header__title\">\n        <span>Special<\/span> <span>50th<\/span>        <\/div>\n      <\/div>\n      <div class=\"cta-box__item__footer\">\n        <div class=\"cta-box__item__footer__title\">\n          Planned Giving Campaign        <\/div>\n      <\/div>\n    <\/a>\n        <\/div>\n  <\/section>\n\n\n\n<div style=\"height:100px\" aria-hidden=\"true\" id=\"history\" class=\"wp-block-spacer\"><\/div>\n\n\n\n<h2 class=\"wp-block-heading has-text-align-center is-style-little-title\"><strong>History<\/strong><\/h2>\n\n\n\n<div style=\"height:15px\" aria-hidden=\"true\" class=\"wp-block-spacer\"><\/div>\n\n\n\n<figure class=\"wp-block-image alignwide size-full\"><img decoding=\"async\" width=\"1920\" height=\"450\" src=\"https:\/\/www.centraide-mtl.org\/wp-content\/uploads\/2023\/12\/2023_historique_50e_1920X450.jpg\" alt=\"Homme qui pointe un thermom\u00e8tre mural avec une r\u00e8gle\" class=\"wp-image-67794\" srcset=\"https:\/\/www.centraide-mtl.org\/wp-content\/uploads\/2023\/12\/2023_historique_50e_1920X450.jpg 1920w, https:\/\/www.centraide-mtl.org\/wp-content\/uploads\/2023\/12\/2023_historique_50e_1920X450-300x70.jpg 300w, https:\/\/www.centraide-mtl.org\/wp-content\/uploads\/2023\/12\/2023_historique_50e_1920X450-1024x240.jpg 1024w, https:\/\/www.centraide-mtl.org\/wp-content\/uploads\/2023\/12\/2023_historique_50e_1920X450-768x180.jpg 768w, https:\/\/www.centraide-mtl.org\/wp-content\/uploads\/2023\/12\/2023_historique_50e_1920X450-1536x360.jpg 1536w\" sizes=\"(max-width: 1920px) 100vw, 1920px\" \/><\/figure>\n\n\n\n<div style=\"height:19px\" aria-hidden=\"true\" class=\"wp-block-spacer\"><\/div>\n\n\n\n<p class=\"has-text-align-left\">Centraide of Greater Montreal stems from a group of charitable agencies that served different sectors of our community. It is the proud heir to a long tradition of community service.<\/p>\n\n\n\n<div style=\"height:20px\" aria-hidden=\"true\" class=\"wp-block-spacer\"><\/div>\n\n\n\n<div class=\"wp-block-columns is-layout-flex wp-container-core-columns-is-layout-9d6595d7 wp-block-columns-is-layout-flex\">\n<div class=\"wp-block-column is-layout-flow wp-block-column-is-layout-flow\"><section\n  id=\"block_6a86fe91849c000c0a8a2d475ebb1b54\"\n  class=\"block-carousel-blog block-carousel-historic container_carousel_blog\" aria-description=\"Centraide historic slider.\"\n  >\n\n  <p class=\"caroussel-historic-active-title sr-only\">\n    Active slide is &#8220;<span class=\"caroussel-historic-active-title__text\"><\/span>&#8220;.  <\/p>\n\n  <div class=\"carousel-years-wrapper\">\n    \n<div class=\"carousel-year-item\">\n  1966<\/div>\n\n<div class=\"carousel-year-item\">\n  1974<\/div>\n\n<div class=\"carousel-year-item\">\n  1975<\/div>\n\n<div class=\"carousel-year-item\">\n  1980<\/div>\n\n<div class=\"carousel-year-item\">\n  1983<\/div>\n\n<div class=\"carousel-year-item\">\n  1991<\/div>\n\n<div class=\"carousel-year-item\">\n  1992<\/div>\n\n<div class=\"carousel-year-item\">\n  1993<\/div>\n\n<div class=\"carousel-year-item\">\n  2010<\/div>\n\n<div class=\"carousel-year-item\">\n  2012<\/div>\n\n<div class=\"carousel-year-item\">\n  2020<\/div>\n\n<div class=\"carousel-year-item\">\n  2021<\/div>\n\n<div class=\"carousel-year-item\">\n  2023<\/div>\n  <\/div>\n\n  <div class=\"carousel-blog_posts_wrapper carousel-historic-wrapper\">\n    \n<article class=\"post__item swiper-slide\">\n  <div    class=\"post__item-link\"     >\n\n    <div class=\"post__item__thumbnail\">\n      <img decoding=\"async\" alt=\"\" src=\"https:\/\/www.centraide-mtl.org\/wp-content\/uploads\/2023\/09\/1966-1-408x230.jpg\"\/>\n    <\/div>\n\n    <div class=\"post__item__info\">\n\n      <p class=\"post__item__title\">\n        1966      <\/p>\n\n      <div class=\"post__item__summary\">\n        On May 17, 1966, five federations joined forces to create the Federated Appeal of Greater Montreal. From different cultural, language and religious backgrounds, these federations shared the goal of combining multiple fundraising efforts in Greater Montreal into a single annual campaign.       <\/div>\n\n          <\/div>\n  <\/div>\n<\/article>\n\n<article class=\"post__item swiper-slide\">\n  <div    class=\"post__item-link\"     >\n\n    <div class=\"post__item__thumbnail\">\n      <img decoding=\"async\" alt=\"\" src=\"https:\/\/www.centraide-mtl.org\/wp-content\/uploads\/2023\/09\/1974-1-408x230.jpg\"\/>\n    <\/div>\n\n    <div class=\"post__item__info\">\n\n      <p class=\"post__item__title\">\n        1974      <\/p>\n\n      <div class=\"post__item__summary\">\n        On September 25, 1974, these federations handed over their responsibilities and powers for budgeting, planning and allocating funds. The organization that is now Centraide of Greater Montreal was born.       <\/div>\n\n          <\/div>\n  <\/div>\n<\/article>\n\n<article class=\"post__item swiper-slide\">\n  <div    class=\"post__item-link\"     >\n\n    <div class=\"post__item__thumbnail\">\n      <img decoding=\"async\" alt=\"\" src=\"https:\/\/www.centraide-mtl.org\/wp-content\/uploads\/2023\/09\/1975-Andre_Mailhot-1-408x230.jpg\"\/>\n    <\/div>\n\n    <div class=\"post__item__info\">\n\n      <p class=\"post__item__title\">\n        1975      <\/p>\n\n      <div class=\"post__item__summary\">\n        Andr\u00e9 Mailhot became the first President and CEO of Centraide Montreal. He held this position from 1975 to 1980.       <\/div>\n\n          <\/div>\n  <\/div>\n<\/article>\n\n<article class=\"post__item swiper-slide\">\n  <div    class=\"post__item-link\"     >\n\n    <div class=\"post__item__thumbnail\">\n      <img decoding=\"async\" alt=\"\" src=\"https:\/\/www.centraide-mtl.org\/wp-content\/uploads\/2023\/09\/1980_Jean-Lessard-408x230.jpg\"\/>\n    <\/div>\n\n    <div class=\"post__item__info\">\n\n      <p class=\"post__item__title\">\n        1980      <\/p>\n\n      <div class=\"post__item__summary\">\n        Jean Lessard succeeded Andr\u00e9 Mailhot as President and CEO of Centraide Montreal. He served in this role for 11 years, until 1991.      <\/div>\n\n          <\/div>\n  <\/div>\n<\/article>\n\n<article class=\"post__item swiper-slide\">\n  <div    class=\"post__item-link\"     >\n\n    <div class=\"post__item__thumbnail\">\n      <img decoding=\"async\" alt=\"\" src=\"https:\/\/www.centraide-mtl.org\/wp-content\/uploads\/2023\/09\/1983-1-408x230.jpg\"\/>\n    <\/div>\n\n    <div class=\"post__item__info\">\n\n      <p class=\"post__item__title\">\n        1983      <\/p>\n\n      <div class=\"post__item__summary\">\n        The global recession that began raging in summer 1981 severely affected Canada. Over 100,000 jobs disappeared in the Greater Montreal area, and poverty rose to new heights. Community agencies started feeling the strain.        <\/div>\n\n          <\/div>\n  <\/div>\n<\/article>\n\n<article class=\"post__item swiper-slide\">\n  <div    class=\"post__item-link\"     >\n\n    <div class=\"post__item__thumbnail\">\n      <img decoding=\"async\" alt=\"\" src=\"https:\/\/www.centraide-mtl.org\/wp-content\/uploads\/2023\/09\/1991-MTD-1-408x230.jpg\"\/>\n    <\/div>\n\n    <div class=\"post__item__info\">\n\n      <p class=\"post__item__title\">\n        1991      <\/p>\n\n      <div class=\"post__item__summary\">\n        The year 1991 was an important milestone in Centraide Montreal&#8217;s history with the arrival of Mich\u00e8le Thibodeau-DeGuire as its President and Executive Director, a position she would hold for the next 20 years.      <\/div>\n\n          <\/div>\n  <\/div>\n<\/article>\n\n<article class=\"post__item swiper-slide\">\n  <div    class=\"post__item-link\"     >\n\n    <div class=\"post__item__thumbnail\">\n      <img decoding=\"async\" alt=\"\" src=\"https:\/\/www.centraide-mtl.org\/wp-content\/uploads\/2023\/09\/1992-EN-408x230.jpg\"\/>\n    <\/div>\n\n    <div class=\"post__item__info\">\n\n      <p class=\"post__item__title\">\n        1992      <\/p>\n\n      <div class=\"post__item__summary\">\n        In 1992, Centraide Montreal was renamed Centraide of Greater Montreal to reflect the true scope of its territory.       <\/div>\n\n          <\/div>\n  <\/div>\n<\/article>\n\n<article class=\"post__item swiper-slide\">\n  <div    class=\"post__item-link\"     >\n\n    <div class=\"post__item__thumbnail\">\n      <img decoding=\"async\" alt=\"\" src=\"https:\/\/www.centraide-mtl.org\/wp-content\/uploads\/2023\/09\/1993-1-408x230.jpg\"\/>\n    <\/div>\n\n    <div class=\"post__item__info\">\n\n      <p class=\"post__item__title\">\n        1993      <\/p>\n\n      <div class=\"post__item__summary\">\n        Since 1993, Centraide of Greater Montreal has worked with a number of partners to set up and support highly innovative social projects, such as 1, 2, 3, GO!, the Leadership rassembleur programMC, the 211 service, and the Collective Impact Project.       <\/div>\n\n          <\/div>\n  <\/div>\n<\/article>\n\n<article class=\"post__item swiper-slide\">\n  <div    class=\"post__item-link\"     >\n\n    <div class=\"post__item__thumbnail\">\n      <img decoding=\"async\" alt=\"\" src=\"https:\/\/www.centraide-mtl.org\/wp-content\/uploads\/2023\/09\/2010-1-408x230.jpg\"\/>\n    <\/div>\n\n    <div class=\"post__item__info\">\n\n      <p class=\"post__item__title\">\n        2010      <\/p>\n\n      <div class=\"post__item__summary\">\n        With the rise of online spaces and new tech platforms, the 2010s brought their share of challenges and changes for not only Centraide but the philanthropic sector as a whole.        <\/div>\n\n          <\/div>\n  <\/div>\n<\/article>\n\n<article class=\"post__item swiper-slide\">\n  <div    class=\"post__item-link\"     >\n\n    <div class=\"post__item__thumbnail\">\n      <img decoding=\"async\" alt=\"\" src=\"https:\/\/www.centraide-mtl.org\/wp-content\/uploads\/2023\/09\/2012-LAP-408x230.jpg\"\/>\n    <\/div>\n\n    <div class=\"post__item__info\">\n\n      <p class=\"post__item__title\">\n        2012      <\/p>\n\n      <div class=\"post__item__summary\">\n        2012-2020 Lili-Anna Pere\u0161a, President and Executive Director      <\/div>\n\n          <\/div>\n  <\/div>\n<\/article>\n\n<article class=\"post__item swiper-slide\">\n  <div    class=\"post__item-link\"     >\n\n    <div class=\"post__item__thumbnail\">\n      <img decoding=\"async\" alt=\"\" src=\"https:\/\/www.centraide-mtl.org\/wp-content\/uploads\/2023\/09\/2020-410x230.jpg\"\/>\n    <\/div>\n\n    <div class=\"post__item__info\">\n\n      <p class=\"post__item__title\">\n        2020      <\/p>\n\n      <div class=\"post__item__summary\">\n        On March 13, 2020, Quebec went into lockdown due to the COVID-19 pandemic. Thousands of people were temporarily out of work. The Centraide of Greater Montreal team set up an emergency fund to support vulnerable people.       <\/div>\n\n          <\/div>\n  <\/div>\n<\/article>\n\n<article class=\"post__item swiper-slide\">\n  <div    class=\"post__item-link\"     >\n\n    <div class=\"post__item__thumbnail\">\n      <img decoding=\"async\" alt=\"\" src=\"https:\/\/www.centraide-mtl.org\/wp-content\/uploads\/2023\/09\/2021-Claude-Pinard-408x230.jpg\"\/>\n    <\/div>\n\n    <div class=\"post__item__info\">\n\n      <p class=\"post__item__title\">\n        2021      <\/p>\n\n      <div class=\"post__item__summary\">\n        2021 to date. Claude Pinard, , President and Executive Director      <\/div>\n\n          <\/div>\n  <\/div>\n<\/article>\n\n<article class=\"post__item swiper-slide\">\n  <div    class=\"post__item-link\"     >\n\n    <div class=\"post__item__thumbnail\">\n      <img decoding=\"async\" alt=\"\" src=\"https:\/\/www.centraide-mtl.org\/wp-content\/uploads\/2023\/09\/2023-4-408x230.jpg\"\/>\n    <\/div>\n\n    <div class=\"post__item__info\">\n\n      <p class=\"post__item__title\">\n        2023      <\/p>\n\n      <div class=\"post__item__summary\">\n        Today, Centraide of Greater Montreal invests over $60 million in its communities every year. Despite all our efforts, poverty and social exclusion remain major social issues that change as different crises crop up. Centraide is pursuing its mission.       <\/div>\n\n          <\/div>\n  <\/div>\n<\/article>\n  <\/div>\n<\/section>\n\n<\/div>\n<\/div>\n\n\n\n<div class=\"wp-block-columns is-layout-flex wp-container-core-columns-is-layout-9d6595d7 wp-block-columns-is-layout-flex\">\n<div class=\"wp-block-column is-layout-flow wp-block-column-is-layout-flow\"><div class=\"container\">\n<div class=\"wp-block-media-text alignwide is-stacked-on-mobile is-vertically-aligned-top\" style=\"grid-template-columns:45% auto\"><figure class=\"wp-block-media-text__media\"><a href=\"https:\/\/www.youtube.com\/watch?v=r7tzqDOfH2Y\" target=\"_blank\" rel=\"noreferrer noopener\"><img decoding=\"async\" width=\"750\" height=\"422\" src=\"https:\/\/www.centraide-mtl.org\/wp-content\/uploads\/2023\/10\/Video_Corpo.png\" alt=\"\" class=\"wp-image-65547 size-full\" srcset=\"https:\/\/www.centraide-mtl.org\/wp-content\/uploads\/2023\/10\/Video_Corpo.png 750w, https:\/\/www.centraide-mtl.org\/wp-content\/uploads\/2023\/10\/Video_Corpo-300x169.png 300w, https:\/\/www.centraide-mtl.org\/wp-content\/uploads\/2023\/10\/Video_Corpo-410x230.png 410w, https:\/\/www.centraide-mtl.org\/wp-content\/uploads\/2023\/10\/Video_Corpo-728x410.png 728w\" sizes=\"(max-width: 750px) 100vw, 750px\" \/><\/a><\/figure><div class=\"wp-block-media-text__content\">\n<h3 class=\"wp-block-heading is-style-little-title\"><strong><strong><strong><strong><strong><strong><strong>Do you know Centraide of Greater Montreal?<\/strong><\/strong><\/strong><\/strong><\/strong><\/strong><\/strong><\/h3>\n\n\n\n<p>Centraide of Greater Montreal employees share their organization&#8217;s history with you. From its origins to the major social projects Centraide has implemented over the past five decades, this video gives you a better understanding of the history and mission of a philanthropic organization that has contributed to Greater Montreal&#8217;s social development.<\/p>\n\n\n\n<div style=\"height:15px\" aria-hidden=\"true\" class=\"wp-block-spacer\"><\/div>\n\n\n\n<p><sub><strong>\u00a9<\/strong>R\u00e9sonance Cr\u00e9ative, <strong>\u00a9<\/strong>Obed Dejean and <strong>\u00a9<\/strong>Jean-Marc Abela<\/sub><\/p>\n\n\n\n<div class=\"wp-block-buttons is-layout-flex wp-block-buttons-is-layout-flex\">\n<div class=\"wp-block-button\"><a class=\"wp-block-button__link wp-element-button\" href=\"https:\/\/www.youtube.com\/watch?v=r7tzqDOfH2Y\" target=\"_blank\" rel=\"noopener\">Watch the video<\/a><\/div>\n<\/div>\n<\/div><\/div>\n<\/div><\/div>\n<\/div>\n\n\n\n<div style=\"height:40px\" aria-hidden=\"true\" id=\"video\" class=\"wp-block-spacer\"><\/div>\n\n\n\n<p class=\"has-text-align-right\"><a href=\"https:\/\/www.centraide-mtl.org\/en\/50th\/#menu\" data-type=\"link\" data-id=\"https:\/\/www.centraide-mtl.org\/50e\/#menu\">Return to top of page<\/a><\/p>\n\n\n\n<div class=\"wp-block-group\"><div class=\"wp-block-group__inner-container is-layout-flow wp-block-group-is-layout-flow\">\n<div style=\"height:15px\" aria-hidden=\"true\" class=\"wp-block-spacer\"><\/div>\n\n\n<div class=\"wp-block-image\">\n<figure class=\"aligncenter size-full is-resized\"><img decoding=\"async\" width=\"609\" height=\"85\" src=\"https:\/\/www.centraide-mtl.org\/wp-content\/uploads\/2022\/05\/Separateur_corpo_1-1.png\" alt=\"\" class=\"wp-image-44527\" style=\"object-fit:cover;width:386px;height:auto\" srcset=\"https:\/\/www.centraide-mtl.org\/wp-content\/uploads\/2022\/05\/Separateur_corpo_1-1.png 609w, https:\/\/www.centraide-mtl.org\/wp-content\/uploads\/2022\/05\/Separateur_corpo_1-1-300x42.png 300w\" sizes=\"(max-width: 609px) 100vw, 609px\" \/><\/figure>\n<\/div><\/div><\/div>\n\n\n\n<div style=\"height:100px\" aria-hidden=\"true\" id=\"news\" class=\"wp-block-spacer\"><\/div>\n\n\n\n<h2 class=\"wp-block-heading has-text-align-center is-style-little-title\"><strong><strong><strong>News<\/strong><\/strong><\/strong><\/h2>\n\n\n\n<div style=\"height:15px\" aria-hidden=\"true\" class=\"wp-block-spacer\"><\/div>\n\n\n\n<figure class=\"wp-block-image alignwide size-full\"><img decoding=\"async\" width=\"1920\" height=\"450\" src=\"https:\/\/www.centraide-mtl.org\/wp-content\/uploads\/2024\/02\/Actualites_Lancement_2023.jpg\" alt=\"Arche Centraide 50e anniversaire\" class=\"wp-image-69178\" srcset=\"https:\/\/www.centraide-mtl.org\/wp-content\/uploads\/2024\/02\/Actualites_Lancement_2023.jpg 1920w, https:\/\/www.centraide-mtl.org\/wp-content\/uploads\/2024\/02\/Actualites_Lancement_2023-300x70.jpg 300w, https:\/\/www.centraide-mtl.org\/wp-content\/uploads\/2024\/02\/Actualites_Lancement_2023-1024x240.jpg 1024w, https:\/\/www.centraide-mtl.org\/wp-content\/uploads\/2024\/02\/Actualites_Lancement_2023-768x180.jpg 768w, https:\/\/www.centraide-mtl.org\/wp-content\/uploads\/2024\/02\/Actualites_Lancement_2023-1536x360.jpg 1536w\" sizes=\"(max-width: 1920px) 100vw, 1920px\" \/><\/figure>\n\n\n\n<div style=\"height:40px\" aria-hidden=\"true\" id=\"video\" class=\"wp-block-spacer\"><\/div>\n\n\n\n<h3 class=\"wp-block-heading is-style-little-title\"><strong><strong><strong><strong>Tributes to Centraide<\/strong><\/strong><\/strong><\/strong><\/h3>\n\n\n\n<p>On April 18, members of Centraide&#8217;s Board of Directors and the management team were received by Mayor Val\u00e9rie Plante as part of our 50th&nbsp;anniversary celebrations, to sign the <strong>City of Montreal&#8217;s <\/strong>Golden Book. We are proud to receive this recognition of 50 years of social impact, solidarity and generosity alongside community agencies, for the most vulnerable people of Greater Montreal.<\/p>\n\n\n\n<div style=\"height:25px\" aria-hidden=\"true\" class=\"wp-block-spacer\"><\/div>\n\n\n<div class=\"wp-block-image\">\n<figure class=\"aligncenter size-full is-resized\"><img decoding=\"async\" width=\"792\" height=\"416\" src=\"https:\/\/www.centraide-mtl.org\/wp-content\/uploads\/2024\/04\/Visuel-actualites.jpg\" alt=\"Claude Pinard et Val\u00e9rie Plante\" class=\"wp-image-71251\" style=\"width:720px;height:auto\" srcset=\"https:\/\/www.centraide-mtl.org\/wp-content\/uploads\/2024\/04\/Visuel-actualites.jpg 792w, https:\/\/www.centraide-mtl.org\/wp-content\/uploads\/2024\/04\/Visuel-actualites-300x158.jpg 300w, https:\/\/www.centraide-mtl.org\/wp-content\/uploads\/2024\/04\/Visuel-actualites-768x403.jpg 768w\" sizes=\"(max-width: 792px) 100vw, 792px\" \/><figcaption class=\"wp-element-caption\"><a href=\"https:\/\/can01.safelinks.protection.outlook.com\/?url=https%3A%2F%2Fwww.linkedin.com%2Fin%2Fsylvain-l%25C3%25A9gar%25C3%25A9-35b8761a%2F&amp;data=05%7C02%7Cvilledieum%40centraide-mtl.org%7C9ec399d07dd241cb5cb408dc640d2791%7C5096fddecaa547fe83375fb2aa16ff0c%7C0%7C0%7C638495254885562923%7CUnknown%7CTWFpbGZsb3d8eyJWIjoiMC4wLjAwMDAiLCJQIjoiV2luMzIiLCJBTiI6Ik1haWwiLCJXVCI6Mn0%3D%7C0%7C%7C%7C&amp;sdata=fp2nFmzLwCrsJgdZpTUeuhz5mu4ytufakmWbD0z1%2BFA%3D&amp;reserved=0\" target=\"_blank\" rel=\"noreferrer noopener\">\u00a9Sylvain L\u00e9gar\u00e9<\/a><\/figcaption><\/figure>\n<\/div>\n\n\n<hr class=\"wp-block-separator has-alpha-channel-opacity is-style-wide\"\/>\n\n\n\n<p>On February 3rd, the 50th&nbsp;anniversary of Centraide of Greater Montreal was honored at the <strong>National Assembly<\/strong>. To mark this significant milestone, the Minister responsible for Social Solidarity and Community Action, Chantal Rouleau, also the Member of Parliament for Pointe-aux-Trembles at the National Assembly, highlighted the undeniable contribution of our organization in the fight against poverty and social exclusion. Claude Pinard, President and Executive Director of Centraide of Greater Montreal, and Mich\u00e8le Thibodeau-DeGuire, President and Executive Director of Centraide of Greater Montreal from 1991 to 2012, were present for the occasion.<\/p>\n\n\n\n<div style=\"height:30px\" aria-hidden=\"true\" class=\"wp-block-spacer\"><\/div>\n\n\n\n<div class=\"wp-block-columns is-layout-flex wp-container-core-columns-is-layout-9d6595d7 wp-block-columns-is-layout-flex\">\n<div class=\"wp-block-column is-layout-flow wp-block-column-is-layout-flow\" style=\"flex-basis:5%\"><\/div>\n\n\n\n<div class=\"wp-block-column is-layout-flow wp-block-column-is-layout-flow\" style=\"flex-basis:85%\"><div class=\"wp-block-image\">\n<figure class=\"aligncenter size-full\"><a href=\"https:\/\/www.facebook.com\/watch\/?v=346409704930056\" target=\"_blank\" rel=\"noreferrer noopener\"><img decoding=\"async\" width=\"640\" height=\"368\" src=\"https:\/\/www.centraide-mtl.org\/wp-content\/uploads\/2024\/02\/Claude_MTD_2023.jpg\" alt=\"Claude et MTD\" class=\"wp-image-69190\" srcset=\"https:\/\/www.centraide-mtl.org\/wp-content\/uploads\/2024\/02\/Claude_MTD_2023.jpg 640w, https:\/\/www.centraide-mtl.org\/wp-content\/uploads\/2024\/02\/Claude_MTD_2023-300x173.jpg 300w\" sizes=\"(max-width: 640px) 100vw, 640px\" \/><\/a><\/figure>\n<\/div><\/div>\n\n\n\n<div class=\"wp-block-column is-layout-flow wp-block-column-is-layout-flow\" style=\"flex-basis:5%\"><\/div>\n<\/div>\n\n\n\n<p class=\"has-text-align-right\"><a href=\"https:\/\/www.centraide-mtl.org\/en\/50th\/#menu\" data-type=\"link\" data-id=\"https:\/\/www.centraide-mtl.org\/50e\/#menu\">Return to top of page<\/a><\/p>\n\n\n\n<div class=\"wp-block-group\"><div class=\"wp-block-group__inner-container is-layout-flow wp-block-group-is-layout-flow\">\n<div style=\"height:15px\" aria-hidden=\"true\" class=\"wp-block-spacer\"><\/div>\n\n\n<div class=\"wp-block-image\">\n<figure class=\"aligncenter size-full is-resized\"><img decoding=\"async\" width=\"609\" height=\"85\" src=\"https:\/\/www.centraide-mtl.org\/wp-content\/uploads\/2022\/05\/Separateur_corpo_1-1.png\" alt=\"\" class=\"wp-image-44527\" style=\"object-fit:cover;width:386px;height:auto\" srcset=\"https:\/\/www.centraide-mtl.org\/wp-content\/uploads\/2022\/05\/Separateur_corpo_1-1.png 609w, https:\/\/www.centraide-mtl.org\/wp-content\/uploads\/2022\/05\/Separateur_corpo_1-1-300x42.png 300w\" sizes=\"(max-width: 609px) 100vw, 609px\" \/><\/figure>\n<\/div><\/div><\/div>\n\n\n\n<div style=\"height:100px\" aria-hidden=\"true\" id=\"programming\" class=\"wp-block-spacer\"><\/div>\n\n\n\n<h2 class=\"wp-block-heading has-text-align-center is-style-little-title\"><strong><strong><strong>Programming<\/strong><\/strong><\/strong><\/h2>\n\n\n\n<div style=\"height:15px\" aria-hidden=\"true\" class=\"wp-block-spacer\"><\/div>\n\n\n\n<figure class=\"wp-block-image alignwide size-full\"><img decoding=\"async\" width=\"1920\" height=\"450\" src=\"https:\/\/www.centraide-mtl.org\/wp-content\/uploads\/2024\/03\/Murales_Centraide_2024_0000_MU_2024_CENTRAIDE-Kezna-Dalz_Creditsphoto_OlivierBousquet-2060033-1.jpg\" alt=\"\" class=\"wp-image-70004\" srcset=\"https:\/\/www.centraide-mtl.org\/wp-content\/uploads\/2024\/03\/Murales_Centraide_2024_0000_MU_2024_CENTRAIDE-Kezna-Dalz_Creditsphoto_OlivierBousquet-2060033-1.jpg 1920w, https:\/\/www.centraide-mtl.org\/wp-content\/uploads\/2024\/03\/Murales_Centraide_2024_0000_MU_2024_CENTRAIDE-Kezna-Dalz_Creditsphoto_OlivierBousquet-2060033-1-300x70.jpg 300w, https:\/\/www.centraide-mtl.org\/wp-content\/uploads\/2024\/03\/Murales_Centraide_2024_0000_MU_2024_CENTRAIDE-Kezna-Dalz_Creditsphoto_OlivierBousquet-2060033-1-1024x240.jpg 1024w, https:\/\/www.centraide-mtl.org\/wp-content\/uploads\/2024\/03\/Murales_Centraide_2024_0000_MU_2024_CENTRAIDE-Kezna-Dalz_Creditsphoto_OlivierBousquet-2060033-1-768x180.jpg 768w, https:\/\/www.centraide-mtl.org\/wp-content\/uploads\/2024\/03\/Murales_Centraide_2024_0000_MU_2024_CENTRAIDE-Kezna-Dalz_Creditsphoto_OlivierBousquet-2060033-1-1536x360.jpg 1536w\" sizes=\"(max-width: 1920px) 100vw, 1920px\" \/><figcaption class=\"wp-element-caption\">\u00a9OlivierBousque_Auteur_Kezna-Dalz<\/figcaption><\/figure>\n\n\n\n<div style=\"height:19px\" aria-hidden=\"true\" class=\"wp-block-spacer\"><\/div>\n\n\n\n<p>Welcome to this section dedicated to <strong>Centraide&#8217;s 50th anniversary<\/strong>, a year of exceptional programming that will look back at five decades of solidarity, generosity and social impact.<\/p>\n\n\n\n<p>More than just a simple milestone, this year will be filled with activities that reflect our history, our action, and our commitment to the Greater Montreal community.<\/p>\n\n\n\n<p>Read below for an overview of the program we have in store for this special year:<\/p>\n\n\n\n<div style=\"height:36px\" aria-hidden=\"true\" id=\"concerts\" class=\"wp-block-spacer\"><\/div>\n\n\n\n<hr class=\"wp-block-separator has-alpha-channel-opacity is-style-wide\"\/>\n\n\n\n<h3 class=\"wp-block-heading has-text-align-center is-style-little-title\"><strong>Concerts in parks<\/strong><\/h3>\n\n\n\n<p class=\"has-text-align-center\">Event concluded<\/p>\n\n\n\n<div style=\"height:14px\" aria-hidden=\"true\" class=\"wp-block-spacer\"><\/div>\n\n\n<div class=\"wp-block-image\">\n<figure class=\"aligncenter is-resized\"><img decoding=\"async\" width=\"50\" height=\"50\" src=\"https:\/\/www.centraide-mtl.org\/wp-content\/uploads\/2023\/12\/Icones-Spectacles.png\" alt=\"Note de musique\" class=\"wp-image-67779\" style=\"width:50px;height:auto\"\/><\/figure>\n<\/div>\n\n\n<p>Immerse yourself in the magic of music with outdoor concerts starring the <a href=\"https:\/\/orchestremetropolitain.com\/en\/\" target=\"_blank\" rel=\"noreferrer noopener\">Orchestre M\u00e9tropolitain<\/a>, an iconic musical ensemble deeply rooted in the community.<\/p>\n\n\n\n<p>Centraide is proud to partner with the Orchestre m\u00e9tropolitain to present three concerts of the series entitled \u201cL\u2019OM PREND L\u2019AIR\u201d, events designed to make classical music accessible to all audiences, and to promote social and cultural inclusion.<\/p>\n\n\n\n<p>Under the direction of conductor <a href=\"http:\/\/www.naomiwoo.com\/\" target=\"_blank\" rel=\"noreferrer noopener\">Naomi Woo<\/a>, these concerts scheduled for July 2024, are intended to be friendly, relaxed, and family-oriented gatherings, where music lovers and the curious come together in an outdoor setting. A wonderful way to celebrate 50 years of community solidarity.<\/p>\n\n\n\n<p><strong>Evenings you won&#8217;t want to miss!<\/strong><\/p>\n\n\n\n<div style=\"height:15px\" aria-hidden=\"true\" class=\"wp-block-spacer\"><\/div>\n\n\n\n<p>JOIN US TO EXPERIENCE THE VIBRANT SOUNDS OT THE <strong>OM<\/strong>*:<\/p>\n\n\n\n  <section id=\"block_ab846e0ed025e63f8450b3a7610a51c4\"  class=\"block-accordions aligndefault\">\n          <div class=\"faq-item accordion\">\n        <button class=\"faq-item__header accordion-toggle\" aria-expanded=\"false\" aria-controls=\"faq-69f27c03e7e87\">\n          <p class=\"faq-item__title\">Wilfrid-Bastien Park | Saint-L\u00e9onard<\/p>\n          <i class=\"icon icon-arrow-down\" aria-hidden=\"true\"><\/i>\n        <\/button>\n        <div class=\"faq-item__content accordion-content entry-content\" style=\"display:none;\" id=\"faq-69f27c03e7e87\">\n          <div class=\"entry-content alignfull\">\n          \n                          <p><strong>Tuesday, July 9th, 2024, starting at 7:30 p.m. <\/strong><\/p>\n<ul>\n<li>8255 Lacordaire Boulevard, Saint-L\u00e9onard, QC H1R 3B1<\/li>\n<\/ul>\n                                  <\/div>\n        <\/div>\n      <\/div>\n          <div class=\"faq-item accordion\">\n        <button class=\"faq-item__header accordion-toggle\" aria-expanded=\"false\" aria-controls=\"faq-69f27c03e809b\">\n          <p class=\"faq-item__title\">LaSalle Park | Lachine<\/p>\n          <i class=\"icon icon-arrow-down\" aria-hidden=\"true\"><\/i>\n        <\/button>\n        <div class=\"faq-item__content accordion-content entry-content\" style=\"display:none;\" id=\"faq-69f27c03e809b\">\n          <div class=\"entry-content alignfull\">\n          \n                          <p><strong>Wednesday, July 10th, 2024, starting at 7:30 p.m. <\/strong><\/p>\n<ul>\n<li>10661 Victoria Street, Montr\u00e9al, QC H8S 1W4<\/li>\n<\/ul>\n                                  <\/div>\n        <\/div>\n      <\/div>\n          <div class=\"faq-item accordion\">\n        <button class=\"faq-item__header accordion-toggle\" aria-expanded=\"false\" aria-controls=\"faq-69f27c03e81cb\">\n          <p class=\"faq-item__title\">Pilon Park | Montreal North<\/p>\n          <i class=\"icon icon-arrow-down\" aria-hidden=\"true\"><\/i>\n        <\/button>\n        <div class=\"faq-item__content accordion-content entry-content\" style=\"display:none;\" id=\"faq-69f27c03e81cb\">\n          <div class=\"entry-content alignfull\">\n          \n                          <p><strong>Saturday, July 13th, 2024, starting at 7:30 p.m. <\/strong><\/p>\n<ul>\n<li>11135 des R\u00e9collets Avenue, Montr\u00e9al, QC H1H 4G6<\/li>\n<\/ul>\n                                  <\/div>\n        <\/div>\n      <\/div>\n      <\/section>\n  \n\n\n<hr class=\"wp-block-separator has-alpha-channel-opacity is-style-wide\"\/>\n\n\n\n<h3 class=\"wp-block-heading has-text-align-center is-style-little-title\"><strong>Artistic Murals<\/strong><\/h3>\n\n\n\n<p class=\"has-text-align-center\">Event in progress<\/p>\n\n\n\n<div style=\"height:16px\" aria-hidden=\"true\" class=\"wp-block-spacer\"><\/div>\n\n\n<div class=\"wp-block-image\">\n<figure class=\"aligncenter size-full is-resized\"><img decoding=\"async\" width=\"512\" height=\"512\" src=\"https:\/\/www.centraide-mtl.org\/wp-content\/uploads\/2024\/04\/image-1.png\" alt=\"\" class=\"wp-image-70807\" style=\"width:54px;height:auto\" srcset=\"https:\/\/www.centraide-mtl.org\/wp-content\/uploads\/2024\/04\/image-1.png 512w, https:\/\/www.centraide-mtl.org\/wp-content\/uploads\/2024\/04\/image-1-300x300.png 300w, https:\/\/www.centraide-mtl.org\/wp-content\/uploads\/2024\/04\/image-1-150x150.png 150w, https:\/\/www.centraide-mtl.org\/wp-content\/uploads\/2024\/04\/image-1-440x440.png 440w\" sizes=\"(max-width: 512px) 100vw, 512px\" \/><\/figure>\n<\/div>\n\n\n<p>Explore urban creativity with spectacular murals created by three artists: <a href=\"https:\/\/www.lacharbonne.com\/\" target=\"_blank\" rel=\"noreferrer noopener\">La Charbonne<\/a>, and <a href=\"https:\/\/artpublicmontreal.ca\/en\/\" target=\"_blank\" rel=\"noreferrer noopener\">Francorama<\/a> et Sarah Galarneau. These works of art will enrich the neighborhoods of Greater Montreal, aiming to illustrate our commitment to enriching local communities by celebrating urban creativity and highlighting the diversity that unites us.<\/p>\n\n\n\n<p><strong>A legacy from Centraide to be discovered starting this summer!<\/strong><\/p>\n\n\n\n<div style=\"height:14px\" aria-hidden=\"true\" class=\"wp-block-spacer\"><\/div>\n\n\n\n<p>STAY TUNED FOR THE LOCATIONS AND DATES!<\/p>\n\n\n\n  <section id=\"block_188883fa29215df5630b836974618ae7\"  class=\"block-accordions aligndefault\">\n          <div class=\"faq-item accordion\">\n        <button class=\"faq-item__header accordion-toggle\" aria-expanded=\"false\" aria-controls=\"faq-69f27c03e9d29\">\n          <p class=\"faq-item__title\">Laval\u00a0| Sainte-Rose<\/p>\n          <i class=\"icon icon-arrow-down\" aria-hidden=\"true\"><\/i>\n        <\/button>\n        <div class=\"faq-item__content accordion-content entry-content\" style=\"display:none;\" id=\"faq-69f27c03e9d29\">\n          <div class=\"entry-content alignfull\">\n          \n                          <ul>\n<li>325 Cartier Boulevard West, Laval, QC H7N 2J5<\/li>\n<li>Summer 2024, dates to be announced<\/li>\n<\/ul>\n                                  <\/div>\n        <\/div>\n      <\/div>\n          <div class=\"faq-item accordion\">\n        <button class=\"faq-item__header accordion-toggle\" aria-expanded=\"false\" aria-controls=\"faq-69f27c03e9ec0\">\n          <p class=\"faq-item__title\">Montreal | Location to be announced<\/p>\n          <i class=\"icon icon-arrow-down\" aria-hidden=\"true\"><\/i>\n        <\/button>\n        <div class=\"faq-item__content accordion-content entry-content\" style=\"display:none;\" id=\"faq-69f27c03e9ec0\">\n          <div class=\"entry-content alignfull\">\n          \n                          <ul>\n<li>Summer 2024, dates to be announced<\/li>\n<\/ul>\n                                  <\/div>\n        <\/div>\n      <\/div>\n          <div class=\"faq-item accordion\">\n        <button class=\"faq-item__header accordion-toggle\" aria-expanded=\"false\" aria-controls=\"faq-69f27c03e9fc2\">\n          <p class=\"faq-item__title\">South Shore | Location to be announced<\/p>\n          <i class=\"icon icon-arrow-down\" aria-hidden=\"true\"><\/i>\n        <\/button>\n        <div class=\"faq-item__content accordion-content entry-content\" style=\"display:none;\" id=\"faq-69f27c03e9fc2\">\n          <div class=\"entry-content alignfull\">\n          \n                          <ul>\n<li>Summer 2024, dates to be announced<\/li>\n<\/ul>\n                                  <\/div>\n        <\/div>\n      <\/div>\n      <\/section>\n  \n\n\n<hr class=\"wp-block-separator has-alpha-channel-opacity is-style-wide\"\/>\n\n\n\n<h3 class=\"wp-block-heading has-text-align-center is-style-little-title\"><strong>Open House Day<\/strong><\/h3>\n\n\n\n<p class=\"has-text-align-center\">Event concluded<\/p>\n\n\n\n<p class=\"has-text-align-center\"><a href=\"https:\/\/www.centraide-mtl.org\/en\/events\/open-house-day-discover-our-agencies\/\">Click here<\/a> for a summary of the open house.<\/p>\n\n\n\n<div style=\"height:15px\" aria-hidden=\"true\" class=\"wp-block-spacer\"><\/div>\n\n\n<div class=\"wp-block-image\">\n<figure class=\"aligncenter\"><img decoding=\"async\" width=\"50\" height=\"50\" src=\"https:\/\/www.centraide-mtl.org\/wp-content\/uploads\/2023\/12\/Icones-Portes-ouvertes.png\" alt=\"Maison\" class=\"wp-image-67783\"\/><\/figure>\n<\/div>\n\n\n<p>Dive into the heart of the action by participating in the open house days of local community agencies. Discover their inspiring initiatives, meet the faces behind the projects, and explore the tangible impact of your support.<\/p>\n\n\n\n<p>This initiative is a unique opportunity to forge new connections, engage with the community, and, above all, learn more about the agencies that make up our network.<\/p>\n\n\n\n<p>Come meet those who, day after day, work towards an inclusive Greater Montreal without poverty, and towards a caring society where every individual matters.<\/p>\n\n\n\n<p><strong>Rich emotional experiences await the whole family!<\/strong><\/p>\n\n\n\n<div style=\"height:30px\" aria-hidden=\"true\" class=\"wp-block-spacer\"><\/div>\n\n\n\n<div style=\"height:69px\" aria-hidden=\"true\" class=\"wp-block-spacer\"><\/div>\n\n\n\n<p>Join us throughout this special year, when every event will delve into our history, strengthen our bonds, and help us keep working for a better future.<\/p>\n\n\n\n<div style=\"height:30px\" aria-hidden=\"true\" class=\"wp-block-spacer\"><\/div>\n\n\n\n<p class=\"has-text-align-right\"><a href=\"https:\/\/www.centraide-mtl.org\/en\/50th\/#menu\" data-type=\"link\" data-id=\"https:\/\/www.centraide-mtl.org\/50e\/#menu\">Return to top of page<\/a><\/p>\n\n\n\n<div class=\"wp-block-group\"><div class=\"wp-block-group__inner-container is-layout-flow wp-block-group-is-layout-flow\">\n<div style=\"height:15px\" aria-hidden=\"true\" class=\"wp-block-spacer\"><\/div>\n\n\n<div class=\"wp-block-image\">\n<figure class=\"aligncenter size-full is-resized\"><img decoding=\"async\" width=\"609\" height=\"85\" src=\"https:\/\/www.centraide-mtl.org\/wp-content\/uploads\/2022\/05\/Separateur_corpo_1-1.png\" alt=\"\" class=\"wp-image-44527\" style=\"object-fit:cover;width:386px;height:auto\" srcset=\"https:\/\/www.centraide-mtl.org\/wp-content\/uploads\/2022\/05\/Separateur_corpo_1-1.png 609w, https:\/\/www.centraide-mtl.org\/wp-content\/uploads\/2022\/05\/Separateur_corpo_1-1-300x42.png 300w\" sizes=\"(max-width: 609px) 100vw, 609px\" \/><\/figure>\n<\/div><\/div><\/div>\n\n\n\n<div style=\"height:100px\" aria-hidden=\"true\" id=\"generosity\" class=\"wp-block-spacer\"><\/div>\n\n\n\n<h2 class=\"wp-block-heading has-text-align-center is-style-little-title\"><strong><strong><strong><strong>50 years of generosity and solidarity<\/strong><\/strong><\/strong><\/strong><\/h2>\n\n\n\n<div style=\"height:15px\" aria-hidden=\"true\" class=\"wp-block-spacer\"><\/div>\n\n\n\n<figure class=\"wp-block-image alignwide size-full\"><img decoding=\"async\" width=\"1920\" height=\"450\" src=\"https:\/\/www.centraide-mtl.org\/wp-content\/uploads\/2023\/12\/2023_generosite_50e_1920X4502.jpg\" alt=\"\" class=\"wp-image-67801\" srcset=\"https:\/\/www.centraide-mtl.org\/wp-content\/uploads\/2023\/12\/2023_generosite_50e_1920X4502.jpg 1920w, https:\/\/www.centraide-mtl.org\/wp-content\/uploads\/2023\/12\/2023_generosite_50e_1920X4502-300x70.jpg 300w, https:\/\/www.centraide-mtl.org\/wp-content\/uploads\/2023\/12\/2023_generosite_50e_1920X4502-1024x240.jpg 1024w, https:\/\/www.centraide-mtl.org\/wp-content\/uploads\/2023\/12\/2023_generosite_50e_1920X4502-768x180.jpg 768w, https:\/\/www.centraide-mtl.org\/wp-content\/uploads\/2023\/12\/2023_generosite_50e_1920X4502-1536x360.jpg 1536w\" sizes=\"(max-width: 1920px) 100vw, 1920px\" \/><\/figure>\n\n\n\n<div style=\"height:19px\" aria-hidden=\"true\" class=\"wp-block-spacer\"><\/div>\n\n\n\n<p>This section highlights individuals and organizations who have collaborated with Centraide over the past 50 years, celebrating the transformative power of solidarity.<\/p>\n\n\n\n<p>Browse through this selection of testimonials and portraits of individuals and organizations who have contributed to Centraide&#8217;s history, and whose impact continues to shape the future.<\/p>\n\n\n\n<div class=\"wp-block-columns is-layout-flex wp-container-core-columns-is-layout-9d6595d7 wp-block-columns-is-layout-flex\">\n<div class=\"wp-block-column is-layout-flow wp-block-column-is-layout-flow\">\n<p><strong><strong><mark style=\"background-color:rgba(0, 0, 0, 0)\" class=\"has-inline-color has-black-color\">\u2192<\/mark><\/strong><mark style=\"background-color:rgba(0, 0, 0, 0)\" class=\"has-inline-color has-orange-color\"><strong> <\/strong><\/mark><a href=\"https:\/\/www.centraide-mtl.org\/en\/blog\/caroline-bougie-an-outstanding-business-volunteer\/\" data-type=\"post\" data-id=\"70522\" target=\"_blank\" rel=\"noreferrer noopener\">Caroline Bougie<\/a><\/strong> <\/p>\n\n\n\n<p><strong><strong><mark style=\"background-color:rgba(0, 0, 0, 0)\" class=\"has-inline-color has-black-color\">\u2192<\/mark><\/strong><mark style=\"background-color:rgba(0, 0, 0, 0)\" class=\"has-inline-color has-orange-color\"><strong> <\/strong><\/mark><\/strong><a href=\"https:\/\/www.centraide-mtl.org\/en\/blog\/50-years-of-generosity-veronica-lopezs-experience\/\" data-type=\"post\" data-id=\"71667\" target=\"_blank\" rel=\"noreferrer noopener\"><strong>Veronica Lopez<\/strong><\/a><\/p>\n\n\n\n<p><strong><strong><mark style=\"background-color:rgba(0, 0, 0, 0)\" class=\"has-inline-color has-black-color\">\u2192<\/mark><\/strong><mark style=\"background-color:rgba(0, 0, 0, 0)\" class=\"has-inline-color has-orange-color\"><strong> <\/strong><\/mark><\/strong><a href=\"https:\/\/www.centraide-mtl.org\/en\/blog\/50-years-of-solidarity-what-centraide-means-to-anait-aleksanian\/\" target=\"_blank\" data-type=\"post\" data-id=\"71667\" rel=\"noreferrer noopener\"><strong>Anait Aleksanian<\/strong><\/a><\/p>\n\n\n\n<p><strong><strong><mark style=\"background-color:rgba(0, 0, 0, 0)\" class=\"has-inline-color has-black-color\">\u2192<\/mark><\/strong><mark style=\"background-color:rgba(0, 0, 0, 0)\" class=\"has-inline-color has-orange-color\"><strong> <\/strong><\/mark><\/strong><a href=\"https:\/\/www.centraide-mtl.org\/en\/blog\/50-years-of-solidarity-what-centraide-means-to-martin-boire\/\" target=\"_blank\" data-type=\"post\" data-id=\"71667\" rel=\"noreferrer noopener\"><strong>Martin Boire<\/strong><\/a><\/p>\n<\/div>\n\n\n\n<div class=\"wp-block-column is-layout-flow wp-block-column-is-layout-flow\">\n<p><strong><strong><mark style=\"background-color:rgba(0, 0, 0, 0)\" class=\"has-inline-color has-black-color\">\u2192<\/mark><\/strong><\/strong> <a href=\"https:\/\/www.centraide-mtl.org\/en\/blog\/50-years-of-solidarity-what-centraide-means-to-yves-bellavance\/\" target=\"_blank\" data-type=\"post\" data-id=\"72823\" rel=\"noreferrer noopener\"><strong>Yves Bellavance<\/strong><\/a><\/p>\n\n\n\n<p><strong><strong><mark style=\"background-color:rgba(0, 0, 0, 0)\" class=\"has-inline-color has-black-color\">\u2192<\/mark><\/strong><\/strong> <a href=\"https:\/\/www.centraide-mtl.org\/en\/blog\/50-years-of-solidarity-what-centraide-means-to-helene-lapierre\/\" target=\"_blank\" data-type=\"post\" data-id=\"72823\" rel=\"noreferrer noopener\"><strong>H\u00e9l\u00e8ne Lapierre<\/strong><\/a><\/p>\n\n\n\n<p><strong><strong><mark style=\"background-color:rgba(0, 0, 0, 0)\" class=\"has-inline-color has-black-color\">\u2192<\/mark><\/strong><\/strong> <a href=\"https:\/\/www.centraide-mtl.org\/en\/blog\/50-years-of-solidarity-what-centraide-means-to-charles-fillion\/\" target=\"_blank\" data-type=\"post\" data-id=\"72823\" rel=\"noreferrer noopener\"><strong>Charles Fillion<\/strong><\/a><\/p>\n<\/div>\n<\/div>\n\n\n\n<div style=\"height:30px\" aria-hidden=\"true\" class=\"wp-block-spacer\"><\/div>\n\n\n\n<p class=\"has-text-align-right\"><a href=\"https:\/\/www.centraide-mtl.org\/50e\/#menu\" data-type=\"link\" data-id=\"https:\/\/www.centraide-mtl.org\/50e\/#menu\"><\/a><a href=\"https:\/\/www.centraide-mtl.org\/en\/50th\/#menu\" data-type=\"link\" data-id=\"https:\/\/www.centraide-mtl.org\/50e\/#menu\">Return to top of page<\/a><\/p>\n\n\n\n<div class=\"wp-block-group\"><div class=\"wp-block-group__inner-container is-layout-flow wp-block-group-is-layout-flow\">\n<div style=\"height:15px\" aria-hidden=\"true\" class=\"wp-block-spacer\"><\/div>\n\n\n<div class=\"wp-block-image\">\n<figure class=\"aligncenter size-full is-resized\"><img decoding=\"async\" width=\"609\" height=\"85\" src=\"https:\/\/www.centraide-mtl.org\/wp-content\/uploads\/2022\/05\/Separateur_corpo_1-1.png\" alt=\"\" class=\"wp-image-44527\" style=\"object-fit:cover;width:386px;height:auto\" srcset=\"https:\/\/www.centraide-mtl.org\/wp-content\/uploads\/2022\/05\/Separateur_corpo_1-1.png 609w, https:\/\/www.centraide-mtl.org\/wp-content\/uploads\/2022\/05\/Separateur_corpo_1-1-300x42.png 300w\" sizes=\"(max-width: 609px) 100vw, 609px\" \/><\/figure>\n<\/div><\/div><\/div>\n\n\n\n<div style=\"height:100px\" aria-hidden=\"true\" id=\"impact\" class=\"wp-block-spacer\"><\/div>\n\n\n\n<h2 class=\"wp-block-heading has-text-align-center is-style-little-title\"><strong><strong><strong><strong><strong>50 years of social impact<\/strong><\/strong><\/strong><\/strong><\/strong><\/h2>\n\n\n\n<div style=\"height:15px\" aria-hidden=\"true\" class=\"wp-block-spacer\"><\/div>\n\n\n\n<figure class=\"wp-block-image alignwide size-full\"><img decoding=\"async\" width=\"1920\" height=\"450\" src=\"https:\/\/www.centraide-mtl.org\/wp-content\/uploads\/2023\/12\/2023_impact_50e_1920X450.jpg\" alt=\"Jardins collectifs avec des participantes\" class=\"wp-image-67805\" srcset=\"https:\/\/www.centraide-mtl.org\/wp-content\/uploads\/2023\/12\/2023_impact_50e_1920X450.jpg 1920w, https:\/\/www.centraide-mtl.org\/wp-content\/uploads\/2023\/12\/2023_impact_50e_1920X450-300x70.jpg 300w, https:\/\/www.centraide-mtl.org\/wp-content\/uploads\/2023\/12\/2023_impact_50e_1920X450-1024x240.jpg 1024w, https:\/\/www.centraide-mtl.org\/wp-content\/uploads\/2023\/12\/2023_impact_50e_1920X450-768x180.jpg 768w, https:\/\/www.centraide-mtl.org\/wp-content\/uploads\/2023\/12\/2023_impact_50e_1920X450-1536x360.jpg 1536w\" sizes=\"(max-width: 1920px) 100vw, 1920px\" \/><\/figure>\n\n\n\n<div style=\"height:19px\" aria-hidden=\"true\" class=\"wp-block-spacer\"><\/div>\n\n\n\n<p>This section is dedicated to the social impact we have achieved thanks to our unwavering commitment over 50 years.<\/p>\n\n\n\n<p>Over the decades, we have broken the cycle of poverty for many families, fostered the success of young people who are now accomplished adults, filled empty fridges, given a home to those without one, helped seniors overcome their isolation, promoted the inclusion of marginalized people, and much more. Our actions have changed lives, transformed neighbourhoods, and renewed hope.<\/p>\n\n\n\n<p>As we celebrate half a century of social impact, get ready to relive key milestones in our history through a series of compelling articles:<\/p>\n\n\n\n  <section id=\"block_12015900b4af7b59db19f95c3e30677f\"  class=\"block-accordions aligndefault\">\n          <div class=\"faq-item accordion\">\n        <button class=\"faq-item__header accordion-toggle\" aria-expanded=\"false\" aria-controls=\"faq-69f27c03efb31\">\n          <p class=\"faq-item__title\">50 years of food security<\/p>\n          <i class=\"icon icon-arrow-down\" aria-hidden=\"true\"><\/i>\n        <\/button>\n        <div class=\"faq-item__content accordion-content entry-content\" style=\"display:none;\" id=\"faq-69f27c03efb31\">\n          <div class=\"entry-content alignfull\">\n          \n                          <p>From emergency food assistance to the creation of local food systems, explore how we have helped sustain hope and solidarity in Greater Montreal&#8217;s neighbourhoods and for people in a situation of poverty.<\/p>\n<p>Read the article: <a href=\"https:\/\/www.centraide-mtl.org\/en\/blog\/50-years-of-food-security\/\" target=\"_blank\" rel=\"noopener\">50 years of food security<\/a>.<\/p>\n                                  <\/div>\n        <\/div>\n      <\/div>\n          <div class=\"faq-item accordion\">\n        <button class=\"faq-item__header accordion-toggle\" aria-expanded=\"false\" aria-controls=\"faq-69f27c03efce0\">\n          <p class=\"faq-item__title\">50 years of support for families<\/p>\n          <i class=\"icon icon-arrow-down\" aria-hidden=\"true\"><\/i>\n        <\/button>\n        <div class=\"faq-item__content accordion-content entry-content\" style=\"display:none;\" id=\"faq-69f27c03efce0\">\n          <div class=\"entry-content alignfull\">\n          \n                          <p>Find out how our commitment has played a crucial role to empower families and help improve their living conditions.<\/p>\n<p>Read the article: <a href=\"https:\/\/www.centraide-mtl.org\/en\/blog\/50-years-of-support-for-families\/\">50 Years of Support for Families.<\/a><\/p>\n                                  <\/div>\n        <\/div>\n      <\/div>\n          <div class=\"faq-item accordion\">\n        <button class=\"faq-item__header accordion-toggle\" aria-expanded=\"false\" aria-controls=\"faq-69f27c03efdb9\">\n          <p class=\"faq-item__title\">50 years of diversity and inclusion<\/p>\n          <i class=\"icon icon-arrow-down\" aria-hidden=\"true\"><\/i>\n        <\/button>\n        <div class=\"faq-item__content accordion-content entry-content\" style=\"display:none;\" id=\"faq-69f27c03efdb9\">\n          <div class=\"entry-content alignfull\">\n          \n                          <p>Learn how we have worked to break down barriers, promote diversity, and create spaces where every person can find their rightful voice.<\/p>\n<p>(Coming soon)<\/p>\n                                  <\/div>\n        <\/div>\n      <\/div>\n      <\/section>\n  \n\n\n<p>Together, let&#8217;s make this 50th year a vibrant testament to our collective commitment to solidarity and inclusion.<\/p>\n\n\n\n<p><strong>Stay tuned for our special content!<\/strong><\/p>\n\n\n\n<div style=\"height:30px\" aria-hidden=\"true\" class=\"wp-block-spacer\"><\/div>\n\n\n\n<p class=\"has-text-align-right\"><a href=\"https:\/\/www.centraide-mtl.org\/en\/50th\/#menu\" data-type=\"link\" data-id=\"https:\/\/www.centraide-mtl.org\/50e\/#menu\">Return to top of page<\/a><\/p>\n\n\n\n<div class=\"wp-block-group\"><div class=\"wp-block-group__inner-container is-layout-flow wp-block-group-is-layout-flow\">\n<div style=\"height:15px\" aria-hidden=\"true\" class=\"wp-block-spacer\"><\/div>\n\n\n<div class=\"wp-block-image\">\n<figure class=\"aligncenter size-full is-resized\"><img decoding=\"async\" width=\"609\" height=\"85\" src=\"https:\/\/www.centraide-mtl.org\/wp-content\/uploads\/2022\/05\/Separateur_corpo_1-1.png\" alt=\"\" class=\"wp-image-44527\" style=\"object-fit:cover;width:386px;height:auto\" srcset=\"https:\/\/www.centraide-mtl.org\/wp-content\/uploads\/2022\/05\/Separateur_corpo_1-1.png 609w, https:\/\/www.centraide-mtl.org\/wp-content\/uploads\/2022\/05\/Separateur_corpo_1-1-300x42.png 300w\" sizes=\"(max-width: 609px) 100vw, 609px\" \/><\/figure>\n<\/div><\/div><\/div>\n\n\n\n<div style=\"height:100px\" aria-hidden=\"true\" id=\"pg\" class=\"wp-block-spacer\"><\/div>\n\n\n\n<h2 class=\"wp-block-heading has-text-align-center is-style-little-title\"><strong><strong><strong><strong><strong>Planned Giving Campaign<\/strong><\/strong><\/strong><\/strong><\/strong><\/h2>\n\n\n\n<div style=\"height:15px\" aria-hidden=\"true\" class=\"wp-block-spacer\"><\/div>\n\n\n\n<figure class=\"wp-block-image alignwide size-full\"><img decoding=\"async\" width=\"1920\" height=\"450\" src=\"https:\/\/www.centraide-mtl.org\/wp-content\/uploads\/2023\/12\/2023_donplanifie_50e_1920X450_015.jpg\" alt=\"Personnes qui parlent\" class=\"wp-image-67807\" srcset=\"https:\/\/www.centraide-mtl.org\/wp-content\/uploads\/2023\/12\/2023_donplanifie_50e_1920X450_015.jpg 1920w, https:\/\/www.centraide-mtl.org\/wp-content\/uploads\/2023\/12\/2023_donplanifie_50e_1920X450_015-300x70.jpg 300w, https:\/\/www.centraide-mtl.org\/wp-content\/uploads\/2023\/12\/2023_donplanifie_50e_1920X450_015-1024x240.jpg 1024w, https:\/\/www.centraide-mtl.org\/wp-content\/uploads\/2023\/12\/2023_donplanifie_50e_1920X450_015-768x180.jpg 768w, https:\/\/www.centraide-mtl.org\/wp-content\/uploads\/2023\/12\/2023_donplanifie_50e_1920X450_015-1536x360.jpg 1536w\" sizes=\"(max-width: 1920px) 100vw, 1920px\" \/><\/figure>\n\n\n\n<div style=\"height:19px\" aria-hidden=\"true\" class=\"wp-block-spacer\"><\/div>\n\n\n\n<p>Centraide of Greater Montreal&#8217;s 50th anniversary is a chance for us to reflect on the essential role that our organization plays in society and to understand the full scope of its contributions over time.&nbsp;<\/p>\n\n\n\n<p>This anniversary will also prompt us to look ahead and think about what we need to do to keep this mission going into the future. &nbsp;<\/p>\n\n\n\n<p>A <a href=\"https:\/\/www.centraide-mtl.org\/wp-content\/uploads\/2021\/01\/Planned_Giving_Brochure.pdf\" target=\"_blank\" data-type=\"link\" data-id=\"https:\/\/www.centraide-mtl.org\/wp-content\/uploads\/2021\/07\/Gift_Wills_Brochure.pdf\" rel=\"noreferrer noopener\">planned giving campaign<\/a> has been set up to specifically encourage these other ways of giving. Gifts in wills, gifts of RRSPs and life insurance policies, and endowments are all ways that you can support Centraide&#8217;s mission over the long term.&nbsp;<\/p>\n\n\n\n<p>Most of these deferred donations become pledges invested immediately in the community or to the Generations Fund,&nbsp;whose capital is invested to provide Centraide with sustainable revenue that is reinvested back into the community each year.<\/p>\n\n\n\n<p>The <a href=\"https:\/\/www.centraide-mtl.org\/en\/management-and-volunteers\/volunteers\/planned-giving-cabinet\/\" target=\"_blank\" data-type=\"link\" data-id=\"https:\/\/www.centraide-mtl.org\/en\/the-people-of-centraide\/volunteers\/planned-giving-cabinet\/\" rel=\"noreferrer noopener\">cabinet for the Special 50th-Anniversary Planned Giving Campaign<\/a> is co-chaired by Anne-Marie Boucher and James Cherry.<\/p>\n\n\n\n<div style=\"height:30px\" aria-hidden=\"true\" class=\"wp-block-spacer\"><\/div>\n\n\n\n<div class=\"wp-block-columns is-layout-flex wp-container-core-columns-is-layout-9d6595d7 wp-block-columns-is-layout-flex\">\n<div class=\"wp-block-column has-white-background-color has-background is-layout-flow wp-block-column-is-layout-flow\">\n<div style=\"height:20px\" aria-hidden=\"true\" class=\"wp-block-spacer\"><\/div>\n\n\n\n<p>To learn more about making a planned gift, call 514-350-7295, email&nbsp;<a href=\"mailto:heritage@centraide-mtl.org\" target=\"_blank\" rel=\"noreferrer noopener\">heritage@centraide-mtl.org<\/a> or complete the <a href=\"https:\/\/www.centraide-mtl.org\/en\/donors-by-planned-gift\/#pg-form\" data-type=\"link\" data-id=\"https:\/\/www.centraide-mtl.org\/en\/donors-by-planned-gift\/#pg-form\" target=\"_blank\" rel=\"noreferrer noopener\">online form<\/a>.<\/p>\n\n\n\n<div style=\"height:20px\" aria-hidden=\"true\" class=\"wp-block-spacer\"><\/div>\n<\/div>\n<\/div>\n\n\n\n<div style=\"height:45px\" aria-hidden=\"true\" class=\"wp-block-spacer\"><\/div>\n\n\n\n<p class=\"has-text-align-right\"><a href=\"https:\/\/www.centraide-mtl.org\/en\/50th\/#menu\" data-type=\"link\" data-id=\"https:\/\/www.centraide-mtl.org\/50e\/#menu\">Return to top of page<\/a><\/p>\n\n\n\n<hr class=\"wp-block-separator has-alpha-channel-opacity is-style-wide\" id=\"articles\"\/>\n\n\n\n<h3 class=\"wp-block-heading alignwide is-style-little-title\" style=\"text-transform:uppercase\"><strong>RELATED ARTICLES:<\/strong><\/h3>\n\n\n\n<div class=\"wp-block-columns is-layout-flex wp-container-core-columns-is-layout-9d6595d7 wp-block-columns-is-layout-flex\">\n<div class=\"wp-block-column is-layout-flow wp-block-column-is-layout-flow\" style=\"flex-basis:100%\">\n<section id=\"block_7d6ea76781eff0dea16e418976adfeea\" class=\"block-related-post alignwide \">\n            <article class=\"post__item swiper-slide\">\n    <a title=\"50 years of solidarity, generosity and social impact\" href=\"https:\/\/www.centraide-mtl.org\/en\/blog\/50-years-of-solidarity-generosity-and-social-impact\/\" class=\"post__item-link\">\n    <div class=\"post__item__thumbnail\">\n      <img decoding=\"async\" title= \"50 years of solidarity, generosity and social impact\" alt=\"50 years of solidarity, generosity and social impact\" src=\"https:\/\/www.centraide-mtl.org\/wp-content\/uploads\/2023\/09\/VM-lancement-410x230.jpg\"\/>\n    <\/div>\n\n    <div class=\"post__item__info\">\n              <div class=\"post__item__tags__wrapper\">\n                      <div class=\"post__item__tags\">\n              <a class=\"category-link \" title=\"centraide-en\" href=\"https:\/\/www.centraide-mtl.org\/en\/wp-json\/wp\/v2\/pages\/67825?_post_tag=centraide-en#filters\">\n                Centraide              <\/a>\n            <\/div>\n                  <\/div>\n      \n      <a href=\"https:\/\/www.centraide-mtl.org\/en\/blog\/50-years-of-solidarity-generosity-and-social-impact\/\" class=\"post__item__title\" title=\"50 years of solidarity, generosity and social impact\">\n        50 years of solidarity, generosity and social impact      <\/a>\n\n          <div class=\"post_item__content_type\" style=\"display: none;\">Articles<\/div>\n<div class=\"post_item__meta\">\n  <span class=\"date_meta\">September 21, 2023<\/span><span class=\"author__meta\"> <span>\u2022  &nbsp;<\/span>By Centraide<\/div>\n                  <div class=\"post__item__summary\">\n            Centraide shines a light on a year of celebrations For over 50 years, we have built bridges between people, created&#8230;          <\/div>\n        \n    <\/div>\n    <\/a>\n  <\/article>\n            <article class=\"post__item swiper-slide\">\n    <a title=\"50 years of food security\" href=\"https:\/\/www.centraide-mtl.org\/en\/blog\/50-years-of-food-security\/\" class=\"post__item-link\">\n    <div class=\"post__item__thumbnail\">\n      <img decoding=\"async\" title= \"50 years of food security\" alt=\"50 years of food security\" src=\"https:\/\/www.centraide-mtl.org\/wp-content\/uploads\/2023\/11\/VM_cinquante-ans-alimentaire-410x230.jpg\"\/>\n    <\/div>\n\n    <div class=\"post__item__info\">\n              <div class=\"post__item__tags__wrapper\">\n                      <div class=\"post__item__tags\">\n              <a class=\"category-link \" title=\"essential-needs\" href=\"https:\/\/www.centraide-mtl.org\/en\/wp-json\/wp\/v2\/pages\/67825?_post_tag=essential-needs#filters\">\n                Essential needs              <\/a>\n            <\/div>\n                      <div class=\"post__item__tags\">\n              <a class=\"category-link \" title=\"centraide-en\" href=\"https:\/\/www.centraide-mtl.org\/en\/wp-json\/wp\/v2\/pages\/67825?_post_tag=centraide-en#filters\">\n                Centraide              <\/a>\n            <\/div>\n                  <\/div>\n      \n      <a href=\"https:\/\/www.centraide-mtl.org\/en\/blog\/50-years-of-food-security\/\" class=\"post__item__title\" title=\"50 years of solidarity, generosity and social impact\">\n        50 years of food security      <\/a>\n\n          <div class=\"post_item__content_type\" style=\"display: none;\">Articles<\/div>\n<div class=\"post_item__meta\">\n  <span class=\"date_meta\">November 27, 2023<\/span><span class=\"author__meta\"> <span>\u2022  &nbsp;<\/span>By Centraide<\/div>\n                  <div class=\"post__item__summary\">\n            Centraide grows generosity Over the past fifty years, Greater Montreal has been the seedbed for different food security innovations\u2014such as&#8230;          <\/div>\n        \n    <\/div>\n    <\/a>\n  <\/article>\n            <article class=\"post__item swiper-slide\">\n    <a title=\"Faire un don planifi\u00e9 \u00e0 Centraide du Grand Montr\u00e9al pour redonner durablement \u00e0 la soci\u00e9t\u00e9\u00a0\" href=\"https:\/\/www.centraide-mtl.org\/blogue\/faire-un-don-planifie-a-centraide-du-grand-montreal-pour-redonner-durablement-a-la-societe\/\" class=\"post__item-link\">\n    <div class=\"post__item__thumbnail\">\n      <img decoding=\"async\" title= \"Faire un don planifi\u00e9 \u00e0 Centraide du Grand Montr\u00e9al pour redonner durablement \u00e0 la soci\u00e9t\u00e9\u00a0\" alt=\"Faire un don planifi\u00e9 \u00e0 Centraide du Grand Montr\u00e9al pour redonner durablement \u00e0 la soci\u00e9t\u00e9\u00a0\" src=\"https:\/\/www.centraide-mtl.org\/wp-content\/uploads\/2023\/04\/Michel-Magnan-et-Sylvie-St-Onge_Blogue-410x230.jpg\"\/>\n    <\/div>\n\n    <div class=\"post__item__info\">\n              <div class=\"post__item__tags__wrapper\">\n                      <div class=\"post__item__tags\">\n              <a class=\"category-link \" title=\"philanthropie\" href=\"https:\/\/www.centraide-mtl.org\/en\/wp-json\/wp\/v2\/pages\/67825?_post_tag=philanthropie#filters\">\n                Philanthropie              <\/a>\n            <\/div>\n                      <div class=\"post__item__tags\">\n              <a class=\"category-link \" title=\"centraide\" href=\"https:\/\/www.centraide-mtl.org\/en\/wp-json\/wp\/v2\/pages\/67825?_post_tag=centraide#filters\">\n                Centraide              <\/a>\n            <\/div>\n                  <\/div>\n      \n      <a href=\"https:\/\/www.centraide-mtl.org\/blogue\/faire-un-don-planifie-a-centraide-du-grand-montreal-pour-redonner-durablement-a-la-societe\/\" class=\"post__item__title\" title=\"50 years of solidarity, generosity and social impact\">\n        Faire un don planifi\u00e9 \u00e0 Centraide du Grand Montr\u00e9al pour redonner durablement \u00e0 la soci\u00e9t\u00e9\u00a0      <\/a>\n\n          <div class=\"post_item__content_type\" style=\"display: none;\">Articles<\/div>\n<div class=\"post_item__meta\">\n  <span class=\"date_meta\">April 18, 2023<\/span><span class=\"author__meta\"> <span>\u2022  &nbsp;<\/span>By Les Affaires<\/div>\n                  <div class=\"post__item__summary\">\n            Centraide du Grand Montr\u00e9al est sur le point de f\u00eater 50 ann\u00e9es de lutte contre la pauvret\u00e9 et l\u2019exclusion sociale&#8230;          <\/div>\n        \n    <\/div>\n    <\/a>\n  <\/article>\n        \n<\/section>\n<\/div>\n<\/div>\n","protected":false},"excerpt":{"rendered":"<p>Montreal, September 20, 2023&nbsp;\u2013 Today, Centraide of Greater Montreal announced the launch of its 50th fundraising campaign and celebration of a half-century of social impact, solidarity and generosity for a better future. Since its first&hellip;<\/p>\n","protected":false},"author":5,"featured_media":67867,"parent":0,"menu_order":0,"comment_status":"closed","ping_status":"closed","template":"","meta":{"_acf_changed":false,"_relevanssi_hide_post":"","_relevanssi_hide_content":"","_relevanssi_pin_for_all":"","_relevanssi_pin_keywords":"","_relevanssi_unpin_keywords":"","_relevanssi_related_keywords":"","_relevanssi_related_include_ids":"","_relevanssi_related_exclude_ids":"","_relevanssi_related_no_append":"","_relevanssi_related_not_related":"","_relevanssi_related_posts":"21174,35179,45170,27702,948,1162","_relevanssi_noindex_reason":"","footnotes":""},"class_list":["post-67825","page","type-page","status-publish","has-post-thumbnail","hentry"],"acf":[],"publishpress_future_workflow_manual_trigger":{"enabledWorkflows":[]},"_links":{"self":[{"href":"https:\/\/www.centraide-mtl.org\/en\/wp-json\/wp\/v2\/pages\/67825","targetHints":{"allow":["GET"]}}],"collection":[{"href":"https:\/\/www.centraide-mtl.org\/en\/wp-json\/wp\/v2\/pages"}],"about":[{"href":"https:\/\/www.centraide-mtl.org\/en\/wp-json\/wp\/v2\/types\/page"}],"author":[{"embeddable":true,"href":"https:\/\/www.centraide-mtl.org\/en\/wp-json\/wp\/v2\/users\/5"}],"replies":[{"embeddable":true,"href":"https:\/\/www.centraide-mtl.org\/en\/wp-json\/wp\/v2\/comments?post=67825"}],"version-history":[{"count":67,"href":"https:\/\/www.centraide-mtl.org\/en\/wp-json\/wp\/v2\/pages\/67825\/revisions"}],"predecessor-version":[{"id":80163,"href":"https:\/\/www.centraide-mtl.org\/en\/wp-json\/wp\/v2\/pages\/67825\/revisions\/80163"}],"wp:featuredmedia":[{"embeddable":true,"href":"https:\/\/www.centraide-mtl.org\/en\/wp-json\/wp\/v2\/media\/67867"}],"wp:attachment":[{"href":"https:\/\/www.centraide-mtl.org\/en\/wp-json\/wp\/v2\/media?parent=67825"}],"curies":[{"name":"wp","href":"https:\/\/api.w.org\/{rel}","templated":true}]}}