{"id":67385,"date":"2023-12-07T11:12:37","date_gmt":"2023-12-07T16:12:37","guid":{"rendered":"https:\/\/www.centraide-mtl.org\/?page_id=67385"},"modified":"2023-12-07T14:09:51","modified_gmt":"2023-12-07T19:09:51","slug":"personal-information-policy-for-candidates","status":"publish","type":"page","link":"https:\/\/www.centraide-mtl.org\/en\/personal-information-policy-for-candidates\/","title":{"rendered":"Personal information policy for candidates"},"content":{"rendered":"\n<h1 class=\"wp-block-heading has-text-align-center is-style-little-title\"><strong>Centraide of Greater Montreal (\u201c<strong>CGM<\/strong>\u201d) <\/strong><br><strong>is committed to protecting your privacy.<\/strong><\/h1>\n\n\n\n<p class=\"has-text-align-center\"><strong>Last update: November 30, 2023.<\/strong><\/p>\n\n\n\n<div style=\"height:20px\" aria-hidden=\"true\" class=\"wp-block-spacer\"><\/div>\n\n\n\n<h3 class=\"wp-block-heading is-style-little-title\"><strong>In Brief<\/strong><\/h3>\n\n\n\n<p>We understand how important your privacy is to you, and we are committed to preserving the confidentiality of the personal information we collect about you.<\/p>\n\n\n\n<p><strong>Why do we collect your personal information?<\/strong><\/p>\n\n\n<div class=\"wp-block-list\">\n<ul class=\"wp-block-list\">\n<li>To analyze your application and facilitate your hiring or, with your consent, to contact you for further offers<\/li>\n\n\n\n<li>For third-party checks (e.g. references, background)<\/li>\n\n\n\n<li>To contact you<\/li>\n<\/ul>\n<\/div>\n\n\n<p><strong>How do we obtain your consent?<\/strong><\/p>\n\n\n\n<p>If you choose to provide us with your personal information after reviewing this policy, we will assume that you consent to the use and disclosure of your personal information as described in this policy.<\/p>\n\n\n\n<p>If we want to use or disclose your personal information for a purpose not identified to you in this policy or otherwise permitted by law, we will ask for your consent before using or disclosing that information.<\/p>\n\n\n\n<p><strong>To whom do we communicate your personal information?<\/strong><\/p>\n\n\n\n<p>We may disclose your personal information outside Quebec. Our service providers offer us services for, among other things :<\/p>\n\n\n<div class=\"wp-block-list\">\n<ul class=\"wp-block-list\">\n<li>website hosting<\/li>\n\n\n\n<li>human resources software<\/li>\n\n\n\n<li>management of security cameras and building access<\/li>\n\n\n\n<li>computer assistance<\/li>\n\n\n\n<li>a recruitment agency that supports us in our work<\/li>\n\n\n\n<li>volunteers closely involved in our recruitment activities<\/li>\n<\/ul>\n<\/div>\n\n\n<p><strong>What rights do you have regarding your personal information?<\/strong><\/p>\n\n\n<div class=\"wp-block-list\">\n<ul class=\"wp-block-list\">\n<li>At any time, you can :<\/li>\n<\/ul>\n<\/div>\n\n\n<p><strong>Withdraw your consent<\/strong> to the use or disclosure of your personal information.<\/p>\n\n\n<div class=\"wp-block-list\">\n<ul class=\"wp-block-list\">\n<li>Request <strong>access to<\/strong> or r<strong>ectification of<\/strong> your personal information<\/li>\n<\/ul>\n<\/div>\n\n\n<div class=\"wp-block-group\"><div class=\"wp-block-group__inner-container is-layout-flow wp-block-group-is-layout-flow\">\n<div style=\"height:15px\" aria-hidden=\"true\" class=\"wp-block-spacer\"><\/div>\n\n\n<div class=\"wp-block-image\">\n<figure class=\"aligncenter size-full is-resized\"><img decoding=\"async\" width=\"609\" height=\"85\" src=\"https:\/\/www.centraide-mtl.org\/wp-content\/uploads\/2022\/05\/Separateur_corpo_1-1.png\" alt=\"\" class=\"wp-image-44527\" style=\"object-fit:cover;width:386px;height:auto\" srcset=\"https:\/\/www.centraide-mtl.org\/wp-content\/uploads\/2022\/05\/Separateur_corpo_1-1.png 609w, https:\/\/www.centraide-mtl.org\/wp-content\/uploads\/2022\/05\/Separateur_corpo_1-1-300x42.png 300w\" sizes=\"(max-width: 609px) 100vw, 609px\" \/><\/figure>\n<\/div><\/div><\/div>\n\n\n\n<h3 class=\"wp-block-heading is-style-little-title\"><strong>To find out more&#8230;<\/strong><\/h3>\n\n\n\n<p>Centraide of Greater Montreal (CGM) values your privacy and is committed to protecting your personal information.<\/p>\n\n\n\n<p>This policy describes how we collect, use, disclose and protect your personal information when you apply for a job at CGM. It explains how you can exercise your rights with respect to your personal information, for example to access or rectify your personal information or withdraw your consent.<\/p>\n\n\n\n<div style=\"height:27px\" aria-hidden=\"true\" class=\"wp-block-spacer\"><\/div>\n\n\n\n  <section id=\"block_c985165adc67187201a59ebffcf01141\"  class=\"block-accordions aligndefault\">\n          <div class=\"faq-item accordion\">\n        <button class=\"faq-item__header accordion-toggle\" aria-expanded=\"false\" aria-controls=\"faq-69eeb00e7026f\">\n          <p class=\"faq-item__title\">1. What is the scope of this privacy policy?<\/p>\n          <i class=\"icon icon-arrow-down\" aria-hidden=\"true\"><\/i>\n        <\/button>\n        <div class=\"faq-item__content accordion-content entry-content\" style=\"display:none;\" id=\"faq-69eeb00e7026f\">\n          <div class=\"entry-content alignfull\">\n          \n                          <p>This policy applies to candidates&#8217; personal information that is under CGM&#8217;s control.<\/p>\n                                  <\/div>\n        <\/div>\n      <\/div>\n          <div class=\"faq-item accordion\">\n        <button class=\"faq-item__header accordion-toggle\" aria-expanded=\"false\" aria-controls=\"faq-69eeb00e704a4\">\n          <p class=\"faq-item__title\">2. What do the terms mean?<\/p>\n          <i class=\"icon icon-arrow-down\" aria-hidden=\"true\"><\/i>\n        <\/button>\n        <div class=\"faq-item__content accordion-content entry-content\" style=\"display:none;\" id=\"faq-69eeb00e704a4\">\n          <div class=\"entry-content alignfull\">\n          \n                          <p><strong>&#8220;Applicable Privacy Laws&#8221;<\/strong> means any laws, regulations, recommendations or notices applicable to privacy matters, including the Act respecting the protection of personal information in the private sector, and any other laws, regulations, recommendations or notices that replace, supplement, amend, extend, re-enact or codify applicable privacy laws.<\/p>\n<p><strong>&#8220;Candidate&#8221;<\/strong> refers to any individual who applies for employment at CGM or provides personal information to CGM for this purpose.<\/p>\n<p><strong>&#8220;Personal Information&#8221;<\/strong> means any information that relates to an individual and allows, directly or indirectly, that individual to be identified, such as a name, an employee number, a social insurance number (SIN), an online tracking identifier such as an IP address, or one or more specific characteristics relating to the physical, physiological, mental, economic, cultural or social identity of that individual.<\/p>\n                                  <\/div>\n        <\/div>\n      <\/div>\n          <div class=\"faq-item accordion\">\n        <button class=\"faq-item__header accordion-toggle\" aria-expanded=\"false\" aria-controls=\"faq-69eeb00e706f4\">\n          <p class=\"faq-item__title\">3. Why do we collect your personal information?<\/p>\n          <i class=\"icon icon-arrow-down\" aria-hidden=\"true\"><\/i>\n        <\/button>\n        <div class=\"faq-item__content accordion-content entry-content\" style=\"display:none;\" id=\"faq-69eeb00e706f4\">\n          <div class=\"entry-content alignfull\">\n          \n                          <p>We will only collect, use and disclose the personal information necessary to manage your application.<\/p>\n<p>This includes the following uses:<\/p>\n<h6>To facilitate the hiring process :<\/h6>\n<ul>\n<li style=\"text-align: left\">Checking references provided by a candidate<\/li>\n<li style=\"text-align: left\">Background checks<\/li>\n<li style=\"text-align: left\">Pre-employment assessments that are reasonably necessary to perform the job<\/li>\n<li style=\"text-align: left\">Interviews with potential job candidates<\/li>\n<li style=\"text-align: left\">With your consent, to contact you with other job offers that may be of interest to you<\/li>\n<\/ul>\n<h6>To contact you :<\/h6>\n<ul>\n<li>Communicate with candidates<\/li>\n<\/ul>\n<h6>For statistics and analysis, including :<\/h6>\n<ul>\n<li>Gather candidate demographic data to ensure the success of various Equity, Diversity and Inclusion (EDI) programs and strategies.<\/li>\n<li>For the safety of our infrastructures, including :<\/li>\n<li>Use various surveillance systems for security purposes, including the presence of candidates and others on our premises<\/li>\n<li>Use video cameras, which film our premises<\/li>\n<\/ul>\n                                  <\/div>\n        <\/div>\n      <\/div>\n          <div class=\"faq-item accordion\">\n        <button class=\"faq-item__header accordion-toggle\" aria-expanded=\"false\" aria-controls=\"faq-69eeb00e70a50\">\n          <p class=\"faq-item__title\">4. How do we obtain your consent?<\/p>\n          <i class=\"icon icon-arrow-down\" aria-hidden=\"true\"><\/i>\n        <\/button>\n        <div class=\"faq-item__content accordion-content entry-content\" style=\"display:none;\" id=\"faq-69eeb00e70a50\">\n          <div class=\"entry-content alignfull\">\n          \n                          <p>We collect, use and disclose your personal information with your consent or as permitted or required by law. How we obtain your consent (i.e., the manner in which we obtain it) depends, among other things, on the circumstances.<\/p>\n<h6>The format:<\/h6>\n<ul>\n<li>If you choose to provide us with personal information after reviewing this policy, we will assume that you consent to the use and disclosure of your personal information to the extent indicated in this policy.<\/li>\n<li>Otherwise, your consent may be requested e<strong>xpressly<\/strong> or <strong>implicitly<\/strong>, depending on the circumstances and the sensitivity of the personal information in question.<\/li>\n<\/ul>\n<h6>The source:<\/h6>\n<ul>\n<li>In general, we will ask for your consent at the <strong>time we collect<\/strong> your personal information.<\/li>\n<li>If we want to use your personal information for a purpose that was not indicated to you at the time of collection or that is not provided for by law, we will ask you for new consent.<\/li>\n<li>If you provide us with personal information about another person (e.g. emergency contact), you are responsible for obtaining that person&#8217;s consent.<\/li>\n<li>We may collect your personal information from third parties (e.g. information obtained from references, background information) in compliance with the law.<\/li>\n<\/ul>\n                                  <\/div>\n        <\/div>\n      <\/div>\n          <div class=\"faq-item accordion\">\n        <button class=\"faq-item__header accordion-toggle\" aria-expanded=\"false\" aria-controls=\"faq-69eeb00e70da8\">\n          <p class=\"faq-item__title\">5. What personal information do we collect<\/p>\n          <i class=\"icon icon-arrow-down\" aria-hidden=\"true\"><\/i>\n        <\/button>\n        <div class=\"faq-item__content accordion-content entry-content\" style=\"display:none;\" id=\"faq-69eeb00e70da8\">\n          <div class=\"entry-content alignfull\">\n          \n                          <p>We may collect the following categories of personal information:<\/p>\n<h6>Identity information<\/h6>\n<ul>\n<li>Name<\/li>\n<li>Postal and e-mail address<\/li>\n<li>Phone number<\/li>\n<li>Date of birth<\/li>\n<li>Gender<\/li>\n<\/ul>\n<h6>Integration<\/h6>\n<ul>\n<li>Curriculum vitae and references<\/li>\n<li>Background check results<\/li>\n<li>Residency, citizenship or work permit status<\/li>\n<li>With your consent, your belonging to a visible or ethnic minority, your identification with a disability or your identification with an indigenous group.<\/li>\n<\/ul>\n<h6>Employment administration<\/h6>\n<ul>\n<li>Qualifications and skills<\/li>\n<li>Any personal information contained in a legal document relating to your employment<\/li>\n<li>In some cases, any personal information contained in a medical document that we, as the employer, need to know about<\/li>\n<li>Driver&#8217;s license (if required to drive for employment or as identification for a background check)<\/li>\n<\/ul>\n<h6>Image and recording<\/h6>\n<ul>\n<li>Images and sound captured by our cameras on our physical premises<\/li>\n<li>With your consent, we can record certain calls or virtual meetings using our internal tools.<\/li>\n<\/ul>\n                                  <\/div>\n        <\/div>\n      <\/div>\n          <div class=\"faq-item accordion\">\n        <button class=\"faq-item__header accordion-toggle\" aria-expanded=\"false\" aria-controls=\"faq-69eeb00e710a4\">\n          <p class=\"faq-item__title\">6. To whom do we communicate your personal information?<\/p>\n          <i class=\"icon icon-arrow-down\" aria-hidden=\"true\"><\/i>\n        <\/button>\n        <div class=\"faq-item__content accordion-content entry-content\" style=\"display:none;\" id=\"faq-69eeb00e710a4\">\n          <div class=\"entry-content alignfull\">\n          \n                          <p>We may disclose your personal information to third parties, such as our service providers, for the purposes set out below. We will endeavour to protect any personal information disclosed by taking steps to ensure that the rules set out in this Privacy Policy are respected.<\/p>\n<p><strong>Service Providers<\/strong>: We may use service providers to perform services on our behalf. Categories of service providers with access to your personal information include service providers engaged to :<\/p>\n<ul>\n<li>website hosting<\/li>\n<li>human resources software<\/li>\n<li>management of security cameras and building access<\/li>\n<li>computer assistance<\/li>\n<li>a recruitment agency that supports us in our work<\/li>\n<li>volunteers closely involved in our recruitment activities<\/li>\n<\/ul>\n                                  <\/div>\n        <\/div>\n      <\/div>\n          <div class=\"faq-item accordion\">\n        <button class=\"faq-item__header accordion-toggle\" aria-expanded=\"false\" aria-controls=\"faq-69eeb00e711ec\">\n          <p class=\"faq-item__title\">7. How long do we keep your personal information?<\/p>\n          <i class=\"icon icon-arrow-down\" aria-hidden=\"true\"><\/i>\n        <\/button>\n        <div class=\"faq-item__content accordion-content entry-content\" style=\"display:none;\" id=\"faq-69eeb00e711ec\">\n          <div class=\"entry-content alignfull\">\n          \n                          <p>We will only use, disclose or retain your personal information for as long as necessary to fulfill the purposes for which it was collected and as permitted or required by law, unless we are required to keep it longer by law, court order or litigation.<\/p>\n<p>If you are hired, we generally keep your personal information on file for the duration of your employment plus three years, unless we are required by law to keep it longer.<\/p>\n<p>If you are not hired, we generally retain your personal information for three years after the decision has been made, unless we are required by law to retain it longer. During this period,<\/p>\n<p>we may contact you for subsequent job offers. Your personal information will only be used for this purpose.<\/p>\n                                  <\/div>\n        <\/div>\n      <\/div>\n          <div class=\"faq-item accordion\">\n        <button class=\"faq-item__header accordion-toggle\" aria-expanded=\"false\" aria-controls=\"faq-69eeb00e712b4\">\n          <p class=\"faq-item__title\">8. Where do we store your personal information?<\/p>\n          <i class=\"icon icon-arrow-down\" aria-hidden=\"true\"><\/i>\n        <\/button>\n        <div class=\"faq-item__content accordion-content entry-content\" style=\"display:none;\" id=\"faq-69eeb00e712b4\">\n          <div class=\"entry-content alignfull\">\n          \n                          <p>We store job applicants&#8217; personal information on our servers in Quebec, Canada. That said, your information may be held and used outside Quebec, since not all of our suppliers are located in Quebec. If your information is located outside Quebec, we will ensure that it is adequately protected, for example (and if necessary) by conducting a Privacy Impact Assessment.<\/p>\n                                  <\/div>\n        <\/div>\n      <\/div>\n          <div class=\"faq-item accordion\">\n        <button class=\"faq-item__header accordion-toggle\" aria-expanded=\"false\" aria-controls=\"faq-69eeb00e714c2\">\n          <p class=\"faq-item__title\">9. What rights do you have over your personal information?<\/p>\n          <i class=\"icon icon-arrow-down\" aria-hidden=\"true\"><\/i>\n        <\/button>\n        <div class=\"faq-item__content accordion-content entry-content\" style=\"display:none;\" id=\"faq-69eeb00e714c2\">\n          <div class=\"entry-content alignfull\">\n          \n                          <p>You have several rights with respect to your personal information, including :<\/p>\n<h6>Right of access and rectification<\/h6>\n<ul>\n<li>You may request access to and copies of the personal information we hold about you.<\/li>\n<li>If your personal information is inaccurate, incomplete or ambiguous, or if its collection, communication or storage is not authorized by law, you may request that it be corrected.Right to withdraw consent to the use of your application<\/li>\n<li>You may withdraw your consent to the use or disclosure of your personal information.<\/li>\n<li>In some cases, withdrawal of your consent may mean that we will no longer be able to process your application. o Please contact us:<a href=\"mailto:rh@centraide-mtl.org\"> rh@centraide-mtl.org<\/a><\/li>\n<\/ul>\n<p>We may ask you to provide proof of identity before responding to your request. This identifying information will only be used for this purpose.<\/p>\n<p>To learn more about your rights, contact us or visit the <a href=\"https:\/\/www.cai.gouv.qc.ca\/diffusion-de-linformation\/services-et-formulaires\/\" target=\"_blank\" rel=\"noopener\">website<\/a> of the Commission d&#8217;acc\u00e8s \u00e0 l&#8217;information du Qu\u00e9bec.<\/p>\n<p>To exercise your rights, please send a written request, accompanied by proof of identity, to our Privacy Officer at the contact details indicated in the &#8220;<a href=\"https:\/\/www.centraide-mtl.org\/en\/personal-information-policy-for-candidates\/#contactus\">How to contact us<\/a>&#8221; section.<\/p>\n                                  <\/div>\n        <\/div>\n      <\/div>\n          <div class=\"faq-item accordion\">\n        <button class=\"faq-item__header accordion-toggle\" aria-expanded=\"false\" aria-controls=\"faq-69eeb00e71697\">\n          <p class=\"faq-item__title\">10. How do we protect your personal information?<\/p>\n          <i class=\"icon icon-arrow-down\" aria-hidden=\"true\"><\/i>\n        <\/button>\n        <div class=\"faq-item__content accordion-content entry-content\" style=\"display:none;\" id=\"faq-69eeb00e71697\">\n          <div class=\"entry-content alignfull\">\n          \n                          <p>We implement reasonable procedures and security measures to ensure the protection of your personal information.<\/p>\n<p>However, no security measure is absolute or fully guaranteed. If you have reason to believe that your interaction with us is no longer secure (for example, if you believe that the security of any information you have provided to us has been compromised), please contact us immediately at the address listed in the &#8220;<a href=\"https:\/\/www.centraide-mtl.org\/en\/personal-information-policy-for-candidates\/#contactus\">How to contact us<\/a>&#8221; section.<\/p>\n                                  <\/div>\n        <\/div>\n      <\/div>\n          <div class=\"faq-item accordion\">\n        <button class=\"faq-item__header accordion-toggle\" aria-expanded=\"false\" aria-controls=\"faq-69eeb00e71754\">\n          <p class=\"faq-item__title\">11. Who will evaluate compliance with this policy?<\/p>\n          <i class=\"icon icon-arrow-down\" aria-hidden=\"true\"><\/i>\n        <\/button>\n        <div class=\"faq-item__content accordion-content entry-content\" style=\"display:none;\" id=\"faq-69eeb00e71754\">\n          <div class=\"entry-content alignfull\">\n          \n                          <p>Our Privacy Officer will independently assess allegations of violations of this policy by reviewing practices and procedures and determine whether follow-up corrective action is necessary, including disciplinary action up to and including termination.<\/p>\n                                  <\/div>\n        <\/div>\n      <\/div>\n          <div class=\"faq-item accordion\">\n        <button class=\"faq-item__header accordion-toggle\" aria-expanded=\"false\" aria-controls=\"faq-69eeb00e71821\">\n          <p class=\"faq-item__title\">12. Will you update this policy?<\/p>\n          <i class=\"icon icon-arrow-down\" aria-hidden=\"true\"><\/i>\n        <\/button>\n        <div class=\"faq-item__content accordion-content entry-content\" style=\"display:none;\" id=\"faq-69eeb00e71821\">\n          <div class=\"entry-content alignfull\">\n          \n                          <p>The policy is effective as of the update date shown at the top of the page.<\/p>\n<p>We reserve the right to change this policy from time to time. When we make changes to this policy, they will take effect immediately upon notice of the changes being made available to you on our website.<\/p>\n                                  <\/div>\n        <\/div>\n      <\/div>\n      <\/section>\n  \n\n\n<div style=\"height:1px\" aria-hidden=\"true\" id=\"contactus\" class=\"wp-block-spacer\"><\/div>\n\n\n\n<div class=\"wp-block-group\"><div class=\"wp-block-group__inner-container is-layout-flow wp-block-group-is-layout-flow\">\n<div style=\"height:15px\" aria-hidden=\"true\" class=\"wp-block-spacer\"><\/div>\n\n\n<div class=\"wp-block-image\">\n<figure class=\"aligncenter size-full is-resized\"><img decoding=\"async\" width=\"609\" height=\"85\" src=\"https:\/\/www.centraide-mtl.org\/wp-content\/uploads\/2022\/05\/Separateur_corpo_1-1.png\" alt=\"\" class=\"wp-image-44527\" style=\"object-fit:cover;width:386px;height:auto\" srcset=\"https:\/\/www.centraide-mtl.org\/wp-content\/uploads\/2022\/05\/Separateur_corpo_1-1.png 609w, https:\/\/www.centraide-mtl.org\/wp-content\/uploads\/2022\/05\/Separateur_corpo_1-1-300x42.png 300w\" sizes=\"(max-width: 609px) 100vw, 609px\" \/><\/figure>\n<\/div><\/div><\/div>\n\n\n\n<h3 class=\"wp-block-heading is-style-little-title has-orange-color has-text-color\"><strong>Contact us<\/strong><\/h3>\n\n\n\n<p>You may address any request, question, complaint or comment concerning this policy to our Privacy Officer at the following coordinates.<\/p>\n\n\n\n<p><strong><strong>Centraide of Greater Montreal<\/strong><\/strong><\/p>\n\n\n\n<p><a href=\"mailto:adminloi25@centraide-mtl.org\" target=\"_blank\" rel=\"noreferrer noopener\">adminloi25@centraide-mtl.org<\/a><\/p>\n\n\n\n<div style=\"height:71px\" aria-hidden=\"true\" class=\"wp-block-spacer\"><\/div>\n","protected":false},"excerpt":{"rendered":"<p>Centraide of Greater Montreal (\u201cCGM\u201d) is committed to protecting your privacy. Last update: November 30, 2023. In Brief We understand how important your privacy is to you, and we are committed to preserving the confidentiality&hellip;<\/p>\n","protected":false},"author":7,"featured_media":51614,"parent":0,"menu_order":0,"comment_status":"closed","ping_status":"closed","template":"","meta":{"_acf_changed":false,"_relevanssi_hide_post":"","_relevanssi_hide_content":"","_relevanssi_pin_for_all":"","_relevanssi_pin_keywords":"","_relevanssi_unpin_keywords":"","_relevanssi_related_keywords":"","_relevanssi_related_include_ids":"","_relevanssi_related_exclude_ids":"","_relevanssi_related_no_append":"","_relevanssi_related_not_related":"","_relevanssi_related_posts":"36948,29557,60973,1092,20756,21174","_relevanssi_noindex_reason":"","footnotes":""},"class_list":["post-67385","page","type-page","status-publish","has-post-thumbnail","hentry"],"acf":[],"publishpress_future_workflow_manual_trigger":{"enabledWorkflows":[]},"_links":{"self":[{"href":"https:\/\/www.centraide-mtl.org\/en\/wp-json\/wp\/v2\/pages\/67385","targetHints":{"allow":["GET"]}}],"collection":[{"href":"https:\/\/www.centraide-mtl.org\/en\/wp-json\/wp\/v2\/pages"}],"about":[{"href":"https:\/\/www.centraide-mtl.org\/en\/wp-json\/wp\/v2\/types\/page"}],"author":[{"embeddable":true,"href":"https:\/\/www.centraide-mtl.org\/en\/wp-json\/wp\/v2\/users\/7"}],"replies":[{"embeddable":true,"href":"https:\/\/www.centraide-mtl.org\/en\/wp-json\/wp\/v2\/comments?post=67385"}],"version-history":[{"count":20,"href":"https:\/\/www.centraide-mtl.org\/en\/wp-json\/wp\/v2\/pages\/67385\/revisions"}],"predecessor-version":[{"id":67439,"href":"https:\/\/www.centraide-mtl.org\/en\/wp-json\/wp\/v2\/pages\/67385\/revisions\/67439"}],"wp:featuredmedia":[{"embeddable":true,"href":"https:\/\/www.centraide-mtl.org\/en\/wp-json\/wp\/v2\/media\/51614"}],"wp:attachment":[{"href":"https:\/\/www.centraide-mtl.org\/en\/wp-json\/wp\/v2\/media?parent=67385"}],"curies":[{"name":"wp","href":"https:\/\/api.w.org\/{rel}","templated":true}]}}