{"id":57875,"date":"2023-04-17T15:11:10","date_gmt":"2023-04-17T19:11:10","guid":{"rendered":"https:\/\/www.centraide-mtl.org\/?page_id=57875"},"modified":"2025-05-14T15:11:33","modified_gmt":"2025-05-14T19:11:33","slug":"measure-your-own-financial-anxiety-2","status":"publish","type":"page","link":"https:\/\/www.centraide-mtl.org\/en\/measure-your-own-financial-anxiety-2\/","title":{"rendered":"Measure your own financial anxiety"},"content":{"rendered":"\n<div style=\"height:60px\" aria-hidden=\"true\" id=\"survey\" class=\"wp-block-spacer\"><\/div>\n\n\n\n<h2 class=\"block-stylised-title theme-block aligndefault\" id=\"block_570d79e7327f07fddcb3c4b866cf6cba\" style=\"text-align: center\">                            <span class=\"block-stylised-title__line block-stylised-title__line--big-bold\">Are you financially<\/span>\n                            <br>\n                  <span class=\"block-stylised-title__line block-stylised-title__line--big-thin\">anxious?<\/span>\n      <\/h2>\n\n\n\n<div style=\"height:41px\" aria-hidden=\"true\" class=\"wp-block-spacer\"><\/div>\n\n\n\n<p class=\"has-text-align-center is-style-little-title\">Take this survey to measure your <strong>financial anxiety<\/strong> and compare yourself to the rest of Quebeckers.<\/p>\n\n\n\n<p class=\"has-text-align-center\"><em>The survey takes 5 to 10 minutes.<\/em><\/p>\n\n\n\n<p class=\"has-text-align-center\">Your answers will be kept confidential. We do not store any data that can identify you.<\/p>\n\n\n\n<div style=\"height:25px\" aria-hidden=\"true\" class=\"wp-block-spacer\"><\/div>\n\n\n\n<iframe loading=\"lazy\" src=\"https:\/\/leger.decipherinc.com\/survey\/selfserve\/542\/mw14287_009a?list=0&amp;LANG=EN\" width=\"100%\" height=\"750\"><\/iframe>\n\n\n\n<div style=\"height:30px\" aria-hidden=\"true\" class=\"wp-block-spacer\"><\/div>\n\n\n<section id=\"block_5c3f4461cee433733f7594303e8a51d9\"  class=\"block-action alignwide theme-block\">\n  <div class=\"icon-on-screen\">\n    <i class=\"icon icon-bonhomme\"><\/i>\n  <\/div>\n  <div class=\"block-action__inner\">\n    <div class=\"block-action__info\">\n              <div class=\"block-action__info__text\">\n          What your current score means        <\/div>\n                <\/div>\n  \n          <div class=\"block-action__element__wrapper\">\n                  <div class=\"block-action__item\">\n                          <img decoding=\"async\" src=\"https:\/\/www.centraide-mtl.org\/wp-content\/uploads\/2023\/04\/Absence.png\" alt=\"Ic\u00f4ne bonhomme souriant\" width=\"75\" height=\"75\" class=\"block-action__item__image\">                                      <div class=\"block-action__item__text\">\n                <p><strong>0-20<br \/>\nNo anxiety<\/strong><\/p>\n<p>&nbsp;<\/p>\n              <\/div>\n                      <\/div>\n                  <div class=\"block-action__item\">\n                          <img decoding=\"async\" src=\"https:\/\/www.centraide-mtl.org\/wp-content\/uploads\/2023\/04\/Legere.png\" alt=\"Icone anxi\u00e9t\u00e9 l\u00e9g\u00e8re\" width=\"75\" height=\"75\" class=\"block-action__item__image\">                                      <div class=\"block-action__item__text\">\n                <p><strong>21-40<br \/>\nMild anxiety<\/strong><\/p>\n<p>&nbsp;<\/p>\n              <\/div>\n                      <\/div>\n                  <div class=\"block-action__item\">\n                          <img decoding=\"async\" src=\"https:\/\/www.centraide-mtl.org\/wp-content\/uploads\/2023\/04\/Modere.png\" alt=\"Icone anxi\u00e9t\u00e9 mod\u00e9r\u00e9e\" width=\"75\" height=\"75\" class=\"block-action__item__image\">                                      <div class=\"block-action__item__text\">\n                <p><b>41-60<br \/>\nModerate anxiety<\/b><\/p>\n              <\/div>\n                      <\/div>\n                  <div class=\"block-action__item\">\n                          <img decoding=\"async\" src=\"https:\/\/www.centraide-mtl.org\/wp-content\/uploads\/2023\/04\/Severe.png\" alt=\"Icone anxi\u00e9t\u00e9 s\u00e9v\u00e8re\" width=\"75\" height=\"75\" class=\"block-action__item__image\">                                      <div class=\"block-action__item__text\">\n                <p><strong>61-80<br \/>\nSevere anxiety<\/strong><\/p>\n              <\/div>\n                      <\/div>\n                  <div class=\"block-action__item\">\n                          <img decoding=\"async\" src=\"https:\/\/www.centraide-mtl.org\/wp-content\/uploads\/2023\/04\/Extreme.png\" alt=\"Icone anxi\u00e9t\u00e9 extr\u00eame\" width=\"75\" height=\"75\" class=\"block-action__item__image\">                                      <div class=\"block-action__item__text\">\n                <p><strong>80 +<br \/>\nExtreme anxiety<\/strong><\/p>\n              <\/div>\n                      <\/div>\n              <\/div>\n      <\/div>\n<\/section>\n\n\n\n<div style=\"height:40px\" aria-hidden=\"true\" class=\"wp-block-spacer\"><\/div>\n\n\n<div class=\"wp-block-image\">\n<figure class=\"alignright size-full is-resized\"><img decoding=\"async\" width=\"625\" height=\"374\" src=\"https:\/\/www.centraide-mtl.org\/wp-content\/uploads\/2021\/03\/logo-211-web-NOIR.png\" alt=\"\" class=\"wp-image-23714\" style=\"width:109px;height:65px\" srcset=\"https:\/\/www.centraide-mtl.org\/wp-content\/uploads\/2021\/03\/logo-211-web-NOIR.png 625w, https:\/\/www.centraide-mtl.org\/wp-content\/uploads\/2021\/03\/logo-211-web-NOIR-300x180.png 300w\" sizes=\"(max-width: 625px) 100vw, 625px\" \/><\/figure>\n<\/div>\n\n\n<h3 class=\"wp-block-heading has-text-align-left is-style-little-title\"><strong>Are you concerned about your anxiety level?<\/strong><\/h3>\n\n\n<div class=\"wp-block-list\">\n<ul class=\"wp-block-list\">\n<li>Visit <a href=\"http:\/\/www.211qc.ca\/\" target=\"_blank\" rel=\"noopener\">211qc.ca<\/a> or call 2-1-1 for information about Greater Montreal&#8217;s social and community resources.<div class=\"wp-block-list\">\n<ul class=\"wp-block-list\">\n<li>Food assistance<\/li>\n\n\n\n<li>Housing assistance<\/li>\n\n\n\n<li>Mental health<\/li>\n<\/ul>\n<\/div><\/li>\n<\/ul>\n<\/div>\n\n\n<div style=\"height:40px\" aria-hidden=\"true\" class=\"wp-block-spacer\"><\/div>\n\n\n\n<h3 class=\"wp-block-heading has-text-align-left is-style-little-title\"><strong><strong>For a free budget consultation<\/strong><\/strong><\/h3>\n\n\n<div class=\"wp-block-list\">\n<ul class=\"wp-block-list\">\n<li>Contact the ACEF in your neighbourhood Consult the list of ACEFs in the Greater Montreal area <a href=\"https:\/\/www.centraide-mtl.org\/en\/directory-of-agencies-and-projects\/?_organization_search=ACEF\" target=\"_blank\" rel=\"noreferrer noopener\">here.<\/a><\/li>\n<\/ul>\n<\/div>\n\n\n<div style=\"height:30px\" aria-hidden=\"true\" class=\"wp-block-spacer\"><\/div>\n\n\n\n<hr class=\"wp-block-separator has-alpha-channel-opacity\"\/>\n\n\n\n<h2 class=\"block-stylised-title theme-block aligndefault\" id=\"block_2170f269254a1f0d0c686aa4729d3ea7\" style=\"text-align: center\">                            <span class=\"block-stylised-title__line block-stylised-title__line--small\">Discover the <\/span>\n                            <br>\n                  <span class=\"block-stylised-title__line block-stylised-title__line--big-bold\">financial anxiety <\/span>\n                            <br>\n                  <span class=\"block-stylised-title__line block-stylised-title__line--small\">of quebeckers<\/span>\n      <\/h2>\n\n\n\n<p>Since fall 2022, Centraide of Greater Montreal has been surveying Quebeckers to discover their financial concerns and track changes in these concerns over time. Initially done twice a year in the fall and spring, these surveys have been conducted once a year since April 2024.<\/p>\n\n\n\n<div style=\"height:26px\" aria-hidden=\"true\" class=\"wp-block-spacer\"><\/div>\n\n\n\n<div class=\"wp-block-buttons is-content-justification-center is-layout-flex wp-container-core-buttons-is-layout-16018d1d wp-block-buttons-is-layout-flex\">\n<div class=\"wp-block-button\"><a class=\"wp-block-button__link wp-element-button\" href=\"https:\/\/www.centraide-mtl.org\/en\/financial-anxiety-index\/#actual_report\">Download the report<\/a><\/div>\n<\/div>\n\n\n\n<div style=\"height:65px\" aria-hidden=\"true\" class=\"wp-block-spacer\"><\/div>\n\n\n\n<h2 class=\"wp-block-heading\"><strong>Related articles<\/strong><\/h2>\n\n\n\n<section id=\"block_46750f24b865c59b546cc2720a262bcd\" class=\"block-related-post alignwide \">\n            <article class=\"post__item swiper-slide\">\n    <a title=\"Five questions for an ACEF Director: Micheline C\u00f4t\u00e9\" href=\"https:\/\/www.centraide-mtl.org\/en\/blog\/five-questions-for-an-acef-director-micheline-cote\/\" class=\"post__item-link\">\n    <div class=\"post__item__thumbnail\">\n      <img decoding=\"async\" title= \"Five questions for an ACEF Director: Micheline C\u00f4t\u00e9\" alt=\"Five questions for an ACEF Director: Micheline C\u00f4t\u00e9\" src=\"https:\/\/www.centraide-mtl.org\/wp-content\/uploads\/2022\/06\/VM_5-questions-ACEF-410x230.jpg\"\/>\n    <\/div>\n\n    <div class=\"post__item__info\">\n              <div class=\"post__item__tags__wrapper\">\n                      <div class=\"post__item__tags\">\n              <a class=\"category-link \" title=\"essential-needs\" href=\"https:\/\/www.centraide-mtl.org\/en\/wp-json\/wp\/v2\/pages\/57875?_post_tag=essential-needs#filters\">\n                Essential needs              <\/a>\n            <\/div>\n                  <\/div>\n      \n      <a href=\"https:\/\/www.centraide-mtl.org\/en\/blog\/five-questions-for-an-acef-director-micheline-cote\/\" class=\"post__item__title\" title=\"Measure your own financial anxiety\">\n        Five questions for an ACEF Director: Micheline C\u00f4t\u00e9      <\/a>\n\n          <div class=\"post_item__content_type\" style=\"display: none;\">Testimonials<\/div>\n<div class=\"post_item__meta\">\n  <span class=\"date_meta\">June 20, 2022<\/span><span class=\"author__meta\"> <span>\u2022  &nbsp;<\/span>By Centraide<\/div>\n                  <div class=\"post__item__summary\">\n            A person with passion for the community sector, Micheline C\u00f4t\u00e9 is a founder of the ACEF LAVAL, an agency she&#8230;          <\/div>\n        \n    <\/div>\n    <\/a>\n  <\/article>\n            <article class=\"post__item swiper-slide\">\n    <a title=\"Financial literacy: An essential skill\" href=\"https:\/\/www.centraide-mtl.org\/en\/blog\/financial-literacy-an-essential-skill\/\" class=\"post__item-link\">\n    <div class=\"post__item__thumbnail\">\n      <img decoding=\"async\" title= \"Financial literacy: An essential skill\" alt=\"Financial literacy: An essential skill\" src=\"https:\/\/www.centraide-mtl.org\/wp-content\/uploads\/2022\/11\/VM_Litteratie_financiere-410x230.png\"\/>\n    <\/div>\n\n    <div class=\"post__item__info\">\n              <div class=\"post__item__tags__wrapper\">\n                      <div class=\"post__item__tags\">\n              <a class=\"category-link \" title=\"essential-needs\" href=\"https:\/\/www.centraide-mtl.org\/en\/wp-json\/wp\/v2\/pages\/57875?_post_tag=essential-needs#filters\">\n                Essential needs              <\/a>\n            <\/div>\n                      <div class=\"post__item__tags\">\n              <a class=\"category-link \" title=\"help-and-referral\" href=\"https:\/\/www.centraide-mtl.org\/en\/wp-json\/wp\/v2\/pages\/57875?_post_tag=help-and-referral#filters\">\n                Help and referral              <\/a>\n            <\/div>\n                  <\/div>\n      \n      <a href=\"https:\/\/www.centraide-mtl.org\/en\/blog\/financial-literacy-an-essential-skill\/\" class=\"post__item__title\" title=\"Measure your own financial anxiety\">\n        Financial literacy: An essential skill      <\/a>\n\n          <div class=\"post_item__content_type\" style=\"display: none;\">Articles<\/div>\n<div class=\"post_item__meta\">\n  <span class=\"date_meta\">November 11, 2022<\/span><span class=\"author__meta\"> <span>\u2022  &nbsp;<\/span>By Centraide<\/div>\n                  <div class=\"post__item__summary\">\n            These days, financial literacy is a hot-button topic and a skill now deemed as essential as reading and writing.&nbsp;&nbsp; The&#8230;          <\/div>\n        \n    <\/div>\n    <\/a>\n  <\/article>\n        \n<\/section>\n\n\n\n<div style=\"height:10px\" aria-hidden=\"true\" class=\"wp-block-spacer\"><\/div>\n\n\n\n<p class=\"has-text-align-center\">In collaboration with:<\/p>\n\n\n<div class=\"wp-block-image\">\n<figure class=\"aligncenter size-full is-resized\"><img decoding=\"async\" width=\"250\" height=\"143\" src=\"https:\/\/www.centraide-mtl.org\/wp-content\/uploads\/2022\/10\/200px-LEGER.png\" alt=\"\" class=\"wp-image-51438\" style=\"width:155px;height:89px\"\/><\/figure>\n<\/div>","protected":false},"excerpt":{"rendered":"<p>Take this survey to measure your financial anxiety and compare yourself to the rest of Quebeckers. The survey takes 5 to 10 minutes. Your answers will be kept confidential. We do not store any data&hellip;<\/p>\n","protected":false},"author":5,"featured_media":80920,"parent":0,"menu_order":0,"comment_status":"closed","ping_status":"closed","template":"template-landing.php","meta":{"_acf_changed":false,"_relevanssi_hide_post":"","_relevanssi_hide_content":"","_relevanssi_pin_for_all":"","_relevanssi_pin_keywords":"","_relevanssi_unpin_keywords":"","_relevanssi_related_keywords":"","_relevanssi_related_include_ids":"","_relevanssi_related_exclude_ids":"","_relevanssi_related_no_append":"","_relevanssi_related_not_related":"","_relevanssi_related_posts":"1007,1156,38980,41631,33514,990","_relevanssi_noindex_reason":"","footnotes":""},"class_list":["post-57875","page","type-page","status-publish","has-post-thumbnail","hentry"],"acf":[],"publishpress_future_workflow_manual_trigger":{"enabledWorkflows":[]},"_links":{"self":[{"href":"https:\/\/www.centraide-mtl.org\/en\/wp-json\/wp\/v2\/pages\/57875","targetHints":{"allow":["GET"]}}],"collection":[{"href":"https:\/\/www.centraide-mtl.org\/en\/wp-json\/wp\/v2\/pages"}],"about":[{"href":"https:\/\/www.centraide-mtl.org\/en\/wp-json\/wp\/v2\/types\/page"}],"author":[{"embeddable":true,"href":"https:\/\/www.centraide-mtl.org\/en\/wp-json\/wp\/v2\/users\/5"}],"replies":[{"embeddable":true,"href":"https:\/\/www.centraide-mtl.org\/en\/wp-json\/wp\/v2\/comments?post=57875"}],"version-history":[{"count":13,"href":"https:\/\/www.centraide-mtl.org\/en\/wp-json\/wp\/v2\/pages\/57875\/revisions"}],"predecessor-version":[{"id":81257,"href":"https:\/\/www.centraide-mtl.org\/en\/wp-json\/wp\/v2\/pages\/57875\/revisions\/81257"}],"wp:featuredmedia":[{"embeddable":true,"href":"https:\/\/www.centraide-mtl.org\/en\/wp-json\/wp\/v2\/media\/80920"}],"wp:attachment":[{"href":"https:\/\/www.centraide-mtl.org\/en\/wp-json\/wp\/v2\/media?parent=57875"}],"curies":[{"name":"wp","href":"https:\/\/api.w.org\/{rel}","templated":true}]}}