{"id":57660,"date":"2023-04-12T11:37:44","date_gmt":"2023-04-12T15:37:44","guid":{"rendered":"https:\/\/www.centraide-mtl.org\/?page_id=57660"},"modified":"2023-05-11T14:54:31","modified_gmt":"2023-05-11T18:54:31","slug":"together-for-housing-program","status":"publish","type":"page","link":"https:\/\/www.centraide-mtl.org\/en\/together-for-housing-program\/","title":{"rendered":"Together for Housing: Program"},"content":{"rendered":"<div class=\"wp-block-image\">\n<figure class=\"aligncenter size-full is-resized\"><img decoding=\"async\" src=\"https:\/\/www.centraide-mtl.org\/wp-content\/uploads\/2023\/03\/Visuel_moteur_HVC_agir_ensemble-1.png\" alt=\"\" class=\"wp-image-56356\" width=\"101\" height=\"101\" srcset=\"https:\/\/www.centraide-mtl.org\/wp-content\/uploads\/2023\/03\/Visuel_moteur_HVC_agir_ensemble-1.png 250w, https:\/\/www.centraide-mtl.org\/wp-content\/uploads\/2023\/03\/Visuel_moteur_HVC_agir_ensemble-1-150x150.png 150w\" sizes=\"(max-width: 101px) 100vw, 101px\" \/><\/figure>\n<\/div>\n\n\n<h2 class=\"block-stylised-title theme-block aligndefault\" id=\"block_c0b603807117affa19279d645e93fc5d\" style=\"text-align: center\">                            <span class=\"block-stylised-title__line block-stylised-title__line--big-bold\">Program<\/span>\n      <\/h2>\n\n\n\n<p class=\"has-text-align-center has-large-font-size\">Monday, May 15, 2023, 8:30 a.m. to 5:00 p.m.<\/p>\n\n\n\n<div style=\"height:70px\" aria-hidden=\"true\" class=\"wp-block-spacer\"><\/div>\n\n\n\n<div class=\"wp-block-columns is-layout-flex wp-container-core-columns-is-layout-9d6595d7 wp-block-columns-is-layout-flex\">\n<div class=\"wp-block-column is-layout-flow wp-block-column-is-layout-flow\">\n<figure class=\"wp-block-gallery has-nested-images columns-default is-cropped wp-block-gallery-1 is-layout-flex wp-block-gallery-is-layout-flex\">\n<figure class=\"wp-block-image size-large\"><img decoding=\"async\" width=\"400\" height=\"125\" data-id=\"57763\" src=\"https:\/\/www.centraide-mtl.org\/wp-content\/uploads\/2023\/04\/Sophie-Fouron_EN.png\" alt=\"\" class=\"wp-image-57763\" srcset=\"https:\/\/www.centraide-mtl.org\/wp-content\/uploads\/2023\/04\/Sophie-Fouron_EN.png 400w, https:\/\/www.centraide-mtl.org\/wp-content\/uploads\/2023\/04\/Sophie-Fouron_EN-300x94.png 300w\" sizes=\"(max-width: 400px) 100vw, 400px\" \/><\/figure>\n<\/figure>\n<\/div>\n\n\n\n<div class=\"wp-block-column is-layout-flow wp-block-column-is-layout-flow\">\n<figure class=\"wp-block-gallery has-nested-images columns-default is-cropped wp-block-gallery-2 is-layout-flex wp-block-gallery-is-layout-flex\">\n<figure class=\"wp-block-image size-full\"><img decoding=\"async\" width=\"400\" height=\"125\" data-id=\"57673\" src=\"https:\/\/www.centraide-mtl.org\/wp-content\/uploads\/2023\/04\/5.png\" alt=\"Fabrice Vil, Host\" class=\"wp-image-57673\" srcset=\"https:\/\/www.centraide-mtl.org\/wp-content\/uploads\/2023\/04\/5.png 400w, https:\/\/www.centraide-mtl.org\/wp-content\/uploads\/2023\/04\/5-300x94.png 300w\" sizes=\"(max-width: 400px) 100vw, 400px\" \/><\/figure>\n<\/figure>\n<\/div>\n\n\n\n<div class=\"wp-block-column is-layout-flow wp-block-column-is-layout-flow\">\n<figure class=\"wp-block-gallery has-nested-images columns-default is-cropped wp-block-gallery-3 is-layout-flex wp-block-gallery-is-layout-flex\">\n<figure class=\"wp-block-image size-full\"><img decoding=\"async\" width=\"400\" height=\"125\" data-id=\"57675\" src=\"https:\/\/www.centraide-mtl.org\/wp-content\/uploads\/2023\/04\/6.png\" alt=\"Diane B\u00e9rard, Solutions commentator\" class=\"wp-image-57675\" srcset=\"https:\/\/www.centraide-mtl.org\/wp-content\/uploads\/2023\/04\/6.png 400w, https:\/\/www.centraide-mtl.org\/wp-content\/uploads\/2023\/04\/6-300x94.png 300w\" sizes=\"(max-width: 400px) 100vw, 400px\" \/><\/figure>\n<\/figure>\n<\/div>\n<\/div>\n\n\n\n<div style=\"height:20px\" aria-hidden=\"true\" class=\"wp-block-spacer\"><\/div>\n\n\n\n  <section id=\"block_bedd6817433a144c09f254079070da45\"  class=\"block-accordions aligndefault\">\n          <div class=\"faq-item accordion\">\n        <button class=\"faq-item__header accordion-toggle\" aria-expanded=\"false\" aria-controls=\"faq-69f707de691c1\">\n          <p class=\"faq-item__title\">8:30 A.M. TO 12:00 P.M.  |   A CRISIS WITH HUMAN FACES<\/p>\n          <i class=\"icon icon-arrow-down\" aria-hidden=\"true\"><\/i>\n        <\/button>\n        <div class=\"faq-item__content accordion-content entry-content\" style=\"display:none;\" id=\"faq-69f707de691c1\">\n          <div class=\"entry-content alignfull\">\n          \n                          <ul>\n<li><strong>Opening remarks<\/strong><\/li>\n<\/ul>\n<p>&nbsp;<\/p>\n<ul>\n<li><strong>Panel and testimonials: Effects of the housing crisis<\/strong><\/li>\n<\/ul>\n<table style=\"border-color: transparent;height: 200px\" width=\"653\">\n<tbody>\n<tr style=\"border-color: transparent\">\n<td style=\"border-color: transparent;padding: 5px 5px 5px 85px\"><strong>Jean-S\u00e9bastien Patrice<\/strong><br \/>\nCEO<br \/>\nMultiCaf<\/td>\n<td style=\"border-color: transparent;padding: 5px 5px 5px 40px\"><strong>Mathieu Frappier<\/strong><br \/>\nCoordinator<br \/>\nRegroupement des organismes en itin\u00e9rance de Laval<\/td>\n<\/tr>\n<tr style=\"border-color: transparent\">\n<td style=\"border-color: transparent;padding: 5px 5px 5px 85px\"><strong>Maria Vasquez<\/strong><br \/>\nCEO<br \/>\nComit\u00e9 logement Saint-Laurent<\/td>\n<td style=\"border-color: transparent;padding: 5px 5px 5px 40px\"><strong>Alexandra Ambroise<\/strong><br \/>\nMember, Projet Autochtone Qu\u00e9bec (PAQ), and Coordinator of the<br \/>\nMitshuap Rapha\u00ebl-Napa-Andr\u00e9 Project<\/td>\n<\/tr>\n<tr style=\"border-color: transparent\">\n<td style=\"border-color: transparent;padding: 5px 5px 5px 85px\"><strong>H\u00e9l\u00e8ne H\u00e9tu<\/strong><br \/>\nBudget Consultant<br \/>\nAssociation coop\u00e9rative d\u2019\u00e9conomie familiale (ACEF)<br \/>\nRive-Sud<\/td>\n<\/tr>\n<\/tbody>\n<\/table>\n<p>&nbsp;<\/p>\n<ul>\n<li>Coffee break<\/li>\n<\/ul>\n<p>&nbsp;<\/p>\n<ul>\n<li><strong>Expert panel: Shared points of understanding on the housing issue<\/strong><\/li>\n<\/ul>\n<table style=\"border-color: transparent;height: 145px\" width=\"654\">\n<tbody>\n<tr style=\"border-color: transparent\">\n<td style=\"border-color: transparent;padding: 5px 5px 5px 85px\"><strong>Xavier Leloup<br \/>\n<\/strong>Professor<br \/>\nNational Institute of Scientific<br \/>\nResearch (INRS)<\/td>\n<td style=\"border-color: transparent;padding-top: 5px;padding-right: 5px;padding-bottom: 5px\"><strong>Janie Houle<br \/>\n<\/strong>Psychologist and Researcher<br \/>\nat the Research Center of the IUSMM<\/td>\n<\/tr>\n<tr style=\"border-color: transparent\">\n<td style=\"border-color: transparent;padding: 5px 5px 5px 85px\"><strong>Francis Cortellino<br \/>\n<\/strong>Real Estate Market Economist<br \/>\nCanada Mortgage and Housing<br \/>\nCorporation (CMHC)<\/td>\n<td style=\"border-color: transparent;padding: 5px\"><\/td>\n<\/tr>\n<\/tbody>\n<\/table>\n<p>&nbsp;<\/p>\n<ul>\n<li><strong>Presentation: Analysis of the situation, data, and proposal of shared indicators<\/strong><\/li>\n<\/ul>\n<p>&nbsp;<\/p>\n                                  <\/div>\n        <\/div>\n      <\/div>\n          <div class=\"faq-item accordion\">\n        <button class=\"faq-item__header accordion-toggle\" aria-expanded=\"false\" aria-controls=\"faq-69f707de6968d\">\n          <p class=\"faq-item__title\">12:00 P.M. TO 1:00 P.M.   |   LUNCH<\/p>\n          <i class=\"icon icon-arrow-down\" aria-hidden=\"true\"><\/i>\n        <\/button>\n        <div class=\"faq-item__content accordion-content entry-content\" style=\"display:none;\" id=\"faq-69f707de6968d\">\n          <div class=\"entry-content alignfull\">\n          \n                          <p>A meal* will be served at the event.<\/p>\n<p>Enjoy your lunch!<\/p>\n<p>*If you did not inform us of any allergies or other dietary restrictions when you registered, please send this information to <a href=\"mailto:grandesconversations@centraide-mtl.org\" target=\"_blank\" rel=\"noopener\">grandesconversations@centraide-mtl.org<\/a>.<\/p>\n                                  <\/div>\n        <\/div>\n      <\/div>\n          <div class=\"faq-item accordion\">\n        <button class=\"faq-item__header accordion-toggle\" aria-expanded=\"false\" aria-controls=\"faq-69f707de698ab\">\n          <p class=\"faq-item__title\">1:00 P.M. TO 1:45 P.M.   |   NOW AND FOR FUTURE GENERATIONS<\/p>\n          <i class=\"icon icon-arrow-down\" aria-hidden=\"true\"><\/i>\n        <\/button>\n        <div class=\"faq-item__content accordion-content entry-content\" style=\"display:none;\" id=\"faq-69f707de698ab\">\n          <div class=\"entry-content alignfull\">\n          \n                          <p><strong>Presentations:<\/strong><\/p>\n<ul>\n<li><strong>Discussion of the importance of making sustainable choices despite the urgency of the situation<\/strong><\/li>\n<\/ul>\n<table style=\"border-color: transparent;height: 95px\" width=\"653\">\n<tbody>\n<tr style=\"border-color: transparent\">\n<td style=\"border-color: transparent;padding: 5px 5px 5px 85px\"><strong>Marilou Denault<br \/>\n<\/strong>Senior Advisor<br \/>\nObservatoire des tout-petits<\/td>\n<\/tr>\n<\/tbody>\n<\/table>\n<ul>\n<li><strong>Follow-up remarks by Claude Pinard<\/strong><\/li>\n<\/ul>\n<p>&nbsp;<\/p>\n<ul>\n<li>Break<\/li>\n<\/ul>\n<p>&nbsp;<\/p>\n                                  <\/div>\n        <\/div>\n      <\/div>\n          <div class=\"faq-item accordion\">\n        <button class=\"faq-item__header accordion-toggle\" aria-expanded=\"false\" aria-controls=\"faq-69f707de69cae\">\n          <p class=\"faq-item__title\">2:15 P.M. TO 3:45 P.M.   |   DISCUSSIONS THAT LEAD TO ACTION<\/p>\n          <i class=\"icon icon-arrow-down\" aria-hidden=\"true\"><\/i>\n        <\/button>\n        <div class=\"faq-item__content accordion-content entry-content\" style=\"display:none;\" id=\"faq-69f707de69cae\">\n          <div class=\"entry-content alignfull\">\n          \n                          <p><strong>Concurrent workshops*<\/strong><\/p>\n<p>*A few days before the event, you will get a link to register for the workshop of your choice.<\/p>\n<p><!-- wp:table --><\/p>\n<figure class=\"wp-block-table\">\n<table style=\"height: 368px;width: 100%\">\n<thead>\n<tr>\n<th style=\"width: 15%\">Workshops<\/th>\n<th>Description<\/th>\n<\/tr>\n<\/thead>\n<tbody>\n<tr style=\"background-color: #f2f2f2\">\n<td style=\"text-align: left\">Workshop 1<\/td>\n<td><strong>Maintain existing housing <\/strong><\/p>\n<p><span class=\"ui-provider gp b c d e f g h i j k l m n o p q r s t u v w x y z ab ac ae af ag ah ai aj ak\" dir=\"ltr\">How can we preserve the existing residential real estate stock to increase the supply of adequate and sustainably affordable housing?<\/span><\/td>\n<\/tr>\n<tr>\n<td style=\"text-align: left\">Workshop 2<\/td>\n<td><strong>Develop new housing<\/strong><\/p>\n<p>How can we speed up the construction of new adequate and affordable housing over the long term?<\/td>\n<\/tr>\n<tr style=\"background-color: #f2f2f2\">\n<td>Workshop 3<\/td>\n<td><strong>Rights and access to justice <\/strong><\/p>\n<p><span class=\"ui-provider gp b c d e f g h i j k l m n o p q r s t u v w x y z ab ac ae af ag ah ai aj ak\" dir=\"ltr\">How should we clarify and adjust the rights of tenants and landlords, and ensure their better enforcement<\/span>?<\/td>\n<\/tr>\n<tr>\n<td>Workshop 4<\/td>\n<td><strong>Community support and community life<\/strong><\/p>\n<p>How can we collectively provide comprehensive, high-quality living environments and the necessary social support for individual and community well-being?<\/td>\n<\/tr>\n<tr style=\"background-color: #f2f2f2\">\n<td>Workshop 5<\/td>\n<td><strong>Data and monitoring mechanisms <\/strong><\/p>\n<p>What data do we need to increase our collective understanding of the housing situation for vulnerable people?<\/td>\n<\/tr>\n<\/tbody>\n<\/table>\n<\/figure>\n<p><!-- \/wp:table --><\/p>\n                                  <\/div>\n        <\/div>\n      <\/div>\n          <div class=\"faq-item accordion\">\n        <button class=\"faq-item__header accordion-toggle\" aria-expanded=\"false\" aria-controls=\"faq-69f707de69fdd\">\n          <p class=\"faq-item__title\">3:45 P.M. TO 5:00 P.M.   |   NETWORKING<\/p>\n          <i class=\"icon icon-arrow-down\" aria-hidden=\"true\"><\/i>\n        <\/button>\n        <div class=\"faq-item__content accordion-content entry-content\" style=\"display:none;\" id=\"faq-69f707de69fdd\">\n          <div class=\"entry-content alignfull\">\n          \n                          <p>This is a great opportunity to talk with your peers!<\/p>\n<p>*Non-alcoholic beverages and snacks will be served.<\/p>\n                                  <\/div>\n        <\/div>\n      <\/div>\n      <\/section>\n  \n\n\n<div style=\"height:40px\" aria-hidden=\"true\" class=\"wp-block-spacer\"><\/div>\n\n\n\n<div class=\"wp-block-columns is-layout-flex wp-container-core-columns-is-layout-9d6595d7 wp-block-columns-is-layout-flex\">\n<div class=\"wp-block-column is-layout-flow wp-block-column-is-layout-flow\" style=\"flex-basis:4%\">\n<p><\/p>\n<\/div>\n\n\n\n<div class=\"wp-block-column is-layout-flow wp-block-column-is-layout-flow\" style=\"flex-basis:75%\">\n<p><\/p>\n\n\n<div class=\"container\">\n<div class=\"wp-block-media-text alignwide is-stacked-on-mobile is-vertically-aligned-center\" style=\"grid-template-columns:23% auto\"><figure class=\"wp-block-media-text__media\"><img decoding=\"async\" width=\"202\" height=\"261\" src=\"https:\/\/www.centraide-mtl.org\/wp-content\/uploads\/2023\/05\/Couverture-Guide-du-participant_EN.jpg\" alt=\"\" class=\"wp-image-58930 size-full\"\/><\/figure><div class=\"wp-block-media-text__content\">\n<p class=\"has-text-align-left is-style-little-title has-large-font-size\"><strong>Participant&#8217;s Guide: Optimize your experience<\/strong><\/p>\n\n\n\n<p class=\"has-text-align-left\">To get the most out of the <strong>Together for Housing <\/strong>event, download the Participant&#8217;s Guide. With essential information on the day&#8217;s goals, the housing situation in Greater Montreal, and other useful resources, this guide will help you prepare for and maximize your event experience.<\/p>\n\n\n\n<div style=\"height:20px\" aria-hidden=\"true\" class=\"wp-block-spacer\"><\/div>\n\n\n\n<div class=\"wp-block-buttons is-content-justification-left is-layout-flex wp-container-core-buttons-is-layout-fdcfc74e wp-block-buttons-is-layout-flex\">\n<div class=\"wp-block-button\"><a class=\"wp-block-button__link\" href=\"https:\/\/medias.centraide.org\/Docs\/2023_Participants-Guide.pdf\" target=\"_blank\" rel=\"noreferrer noopener\">Download the guide<\/a><\/div>\n<\/div>\n<\/div><\/div>\n<\/div><\/div>\n<\/div>\n\n\n\n<div class=\"wp-block-columns is-layout-flex wp-container-core-columns-is-layout-9d6595d7 wp-block-columns-is-layout-flex\">\n<div class=\"wp-block-column is-layout-flow wp-block-column-is-layout-flow\" style=\"flex-basis:8%\">\n<p><\/p>\n<\/div>\n\n\n\n<div class=\"wp-block-column is-vertically-aligned-center is-layout-flow wp-block-column-is-layout-flow\" style=\"flex-basis:84%\">\n<p class=\"has-text-align-center\"><strong>Click on the image <\/strong>to download the seating plan.<\/p>\n\n\n\n<figure class=\"wp-block-image size-full\"><a href=\"https:\/\/medias.centraide.org\/Docs\/2023_Together_Seating-plans.pdf\" target=\"_blank\" rel=\"noopener\"><img decoding=\"async\" width=\"837\" height=\"502\" src=\"https:\/\/www.centraide-mtl.org\/wp-content\/uploads\/2023\/05\/Plan-de-salle-Agir-Fleche-2.png\" alt=\"\" class=\"wp-image-58872\" srcset=\"https:\/\/www.centraide-mtl.org\/wp-content\/uploads\/2023\/05\/Plan-de-salle-Agir-Fleche-2.png 837w, https:\/\/www.centraide-mtl.org\/wp-content\/uploads\/2023\/05\/Plan-de-salle-Agir-Fleche-2-300x180.png 300w, https:\/\/www.centraide-mtl.org\/wp-content\/uploads\/2023\/05\/Plan-de-salle-Agir-Fleche-2-768x461.png 768w\" sizes=\"(max-width: 837px) 100vw, 837px\" \/><\/a><\/figure>\n<\/div>\n\n\n\n<div class=\"wp-block-column is-layout-flow wp-block-column-is-layout-flow\" style=\"flex-basis:8%\">\n<p><\/p>\n<\/div>\n<\/div>\n\n\n\n<p class=\"has-text-align-center has-large-font-size\" style=\"font-style:normal;font-weight:900\"><strong>We look forward to seeing as many of you as possible at the event!<\/strong><\/p>\n\n\n\n<div style=\"height:44px\" aria-hidden=\"true\" class=\"wp-block-spacer\"><\/div>\n\n\n\n<hr class=\"wp-block-separator has-alpha-channel-opacity\"\/>\n\n\n\n<h3 class=\"has-text-align-center is-style-little-title wp-block-heading\"><strong>Additional information<\/strong><\/h3>\n\n\n\n<div style=\"height:37px\" aria-hidden=\"true\" class=\"wp-block-spacer\"><\/div>\n\n\n\n<div class=\"wp-block-columns is-layout-flex wp-container-core-columns-is-layout-9d6595d7 wp-block-columns-is-layout-flex\">\n<div class=\"wp-block-column is-layout-flow wp-block-column-is-layout-flow\">\n<p class=\"has-text-align-center\">The event will be held in French with simultaneous translation into English and interpretation into Quebec sign language.<\/p>\n\n\n\n<div style=\"height:34px\" aria-hidden=\"true\" class=\"wp-block-spacer\"><\/div>\n\n\n<div class=\"wp-block-image\">\n<figure class=\"aligncenter size-full\"><img decoding=\"async\" width=\"664\" height=\"105\" src=\"https:\/\/www.centraide-mtl.org\/wp-content\/uploads\/2023\/04\/Bandeau_Accessibilite_EN-Noir.png\" alt=\"Translation, Accessible to all, Sign language interpretation\" class=\"wp-image-57667\" srcset=\"https:\/\/www.centraide-mtl.org\/wp-content\/uploads\/2023\/04\/Bandeau_Accessibilite_EN-Noir.png 664w, https:\/\/www.centraide-mtl.org\/wp-content\/uploads\/2023\/04\/Bandeau_Accessibilite_EN-Noir-300x47.png 300w\" sizes=\"(max-width: 664px) 100vw, 664px\" \/><\/figure>\n<\/div><\/div>\n<\/div>\n\n\n\n<div style=\"height:20px\" aria-hidden=\"true\" class=\"wp-block-spacer\"><\/div>\n\n\n\n<div class=\"wp-block-columns has-white-background-color has-background is-layout-flex wp-container-core-columns-is-layout-9d6595d7 wp-block-columns-is-layout-flex\">\n<div class=\"wp-block-column is-layout-flow wp-block-column-is-layout-flow\" style=\"flex-basis:20%\">\n<p><\/p>\n<\/div>\n\n\n\n<div class=\"wp-block-column is-layout-flow wp-block-column-is-layout-flow\" style=\"flex-basis:33.33%\">\n<div style=\"height:4px\" aria-hidden=\"true\" class=\"wp-block-spacer\"><\/div>\n\n\n\n<div style=\"height:31px\" aria-hidden=\"true\" class=\"wp-block-spacer\"><\/div>\n\n\n\n<h3 class=\"is-style-little-title wp-block-heading\"><strong>Location<\/strong><\/h3>\n\n\n\n<p class=\"has-text-align-left\"><strong>Centre Mont-Royal<\/strong><\/p>\n\n\n\n<p class=\"has-text-align-left\"><a href=\"https:\/\/goo.gl\/maps\/GEWQ4MhH6EBWPwH27\" target=\"_blank\" rel=\"noreferrer noopener\">2200 Mansfield Street<\/a><br><a href=\"https:\/\/goo.gl\/maps\/GEWQ4MhH6EBWPwH27\" target=\"_blank\" rel=\"noreferrer noopener\">Montr\u00e9al (QC)  H3A 3R8<\/a><br>(Peel Metro)<\/p>\n\n\n\n<div style=\"height:23px\" aria-hidden=\"true\" class=\"wp-block-spacer\"><\/div>\n<\/div>\n\n\n\n<div class=\"wp-block-column is-layout-flow wp-block-column-is-layout-flow\" style=\"flex-basis:60%\">\n<div style=\"height:31px\" aria-hidden=\"true\" class=\"wp-block-spacer\"><\/div>\n\n\n<div class=\"wp-block-image\">\n<figure class=\"alignleft size-full is-resized\"><a href=\"https:\/\/goo.gl\/maps\/GEWQ4MhH6EBWPwH27\" target=\"_blank\" rel=\"noreferrer noopener\"><img decoding=\"async\" src=\"https:\/\/www.centraide-mtl.org\/wp-content\/uploads\/2023\/04\/Map.jpg\" alt=\"\" class=\"wp-image-56910\" width=\"283\" height=\"188\"\/><\/a><\/figure>\n<\/div>\n\n\n<div style=\"height:23px\" aria-hidden=\"true\" class=\"wp-block-spacer\"><\/div>\n<\/div>\n<\/div>\n\n\n\n<div style=\"height:27px\" aria-hidden=\"true\" class=\"wp-block-spacer\"><\/div>\n\n\n\n<p class=\"has-text-align-center\">If you have any questions about the event, contact us at: <a href=\"mailto:grandesconversations@centraide-mtl.org\">grandesconversations@centraide-mtl.org<\/a><\/p>\n\n\n\n<div style=\"height:56px\" aria-hidden=\"true\" class=\"wp-block-spacer\"><\/div>\n\n\n<div class=\"wp-block-image\">\n<figure class=\"aligncenter size-full is-resized\"><img decoding=\"async\" src=\"https:\/\/www.centraide-mtl.org\/wp-content\/uploads\/2023\/04\/Signature_graphique_en.png\" alt=\"\" class=\"wp-image-57688\" width=\"375\" height=\"174\" srcset=\"https:\/\/www.centraide-mtl.org\/wp-content\/uploads\/2023\/04\/Signature_graphique_en.png 500w, https:\/\/www.centraide-mtl.org\/wp-content\/uploads\/2023\/04\/Signature_graphique_en-300x139.png 300w\" sizes=\"(max-width: 375px) 100vw, 375px\" \/><\/figure>\n<\/div>","protected":false},"excerpt":{"rendered":"<p>Monday, May 15, 2023, 8:30 a.m. to 5:00 p.m. Participant&#8217;s Guide: Optimize your experience To get the most out of the Together for Housing event, download the Participant&#8217;s Guide. With essential information on the day&#8217;s&hellip;<\/p>\n","protected":false},"author":5,"featured_media":0,"parent":0,"menu_order":0,"comment_status":"closed","ping_status":"closed","template":"","meta":{"_acf_changed":false,"_relevanssi_hide_post":"","_relevanssi_hide_content":"","_relevanssi_pin_for_all":"","_relevanssi_pin_keywords":"","_relevanssi_unpin_keywords":"","_relevanssi_related_keywords":"","_relevanssi_related_include_ids":"","_relevanssi_related_exclude_ids":"","_relevanssi_related_no_append":"","_relevanssi_related_not_related":"","_relevanssi_related_posts":"29580,35747,46192,40703,43900,1174","_relevanssi_noindex_reason":"","footnotes":""},"class_list":["post-57660","page","type-page","status-publish","hentry"],"acf":[],"publishpress_future_workflow_manual_trigger":{"enabledWorkflows":[]},"_links":{"self":[{"href":"https:\/\/www.centraide-mtl.org\/en\/wp-json\/wp\/v2\/pages\/57660","targetHints":{"allow":["GET"]}}],"collection":[{"href":"https:\/\/www.centraide-mtl.org\/en\/wp-json\/wp\/v2\/pages"}],"about":[{"href":"https:\/\/www.centraide-mtl.org\/en\/wp-json\/wp\/v2\/types\/page"}],"author":[{"embeddable":true,"href":"https:\/\/www.centraide-mtl.org\/en\/wp-json\/wp\/v2\/users\/5"}],"replies":[{"embeddable":true,"href":"https:\/\/www.centraide-mtl.org\/en\/wp-json\/wp\/v2\/comments?post=57660"}],"version-history":[{"count":20,"href":"https:\/\/www.centraide-mtl.org\/en\/wp-json\/wp\/v2\/pages\/57660\/revisions"}],"predecessor-version":[{"id":58935,"href":"https:\/\/www.centraide-mtl.org\/en\/wp-json\/wp\/v2\/pages\/57660\/revisions\/58935"}],"wp:attachment":[{"href":"https:\/\/www.centraide-mtl.org\/en\/wp-json\/wp\/v2\/media?parent=57660"}],"curies":[{"name":"wp","href":"https:\/\/api.w.org\/{rel}","templated":true}]}}