{"id":21826,"date":"2021-01-29T11:04:26","date_gmt":"2021-01-29T16:04:26","guid":{"rendered":"http:\/\/www.centraide-mtl.org\/actions-covid-19\/fonds-durgence-pour-lappui-communautaire\/"},"modified":"2021-03-22T17:09:27","modified_gmt":"2021-03-22T21:09:27","slug":"emergency-community-support-fund","status":"publish","type":"page","link":"https:\/\/www.centraide-mtl.org\/en\/covid-19-response\/emergency-community-support-fund\/","title":{"rendered":"Emergency community support fund"},"content":{"rendered":"\n<div style=\"height:25px\" aria-hidden=\"true\" class=\"wp-block-spacer\"><\/div>\n\n\n\n<div class=\"wp-block-columns is-layout-flex wp-container-core-columns-is-layout-9d6595d7 wp-block-columns-is-layout-flex\">\n<div class=\"wp-block-column is-layout-flow wp-block-column-is-layout-flow\" style=\"flex-basis:33.33%\">\n<div style=\"height:90px\" aria-hidden=\"true\" class=\"wp-block-spacer\"><\/div>\n\n\n\n<h4 class=\"wp-block-heading\">A support to adapt and increase frontline services<\/h4>\n<\/div>\n\n\n\n<div class=\"wp-block-column is-layout-flow wp-block-column-is-layout-flow\" style=\"flex-basis:66.66%\">\n<p>The Emergency Community Support Fund (ECSF) is a $350-million investment from the <strong>Government of Canada<\/strong> allocated through Employment and Social Development Canada (ESDC) to help vulnerable populations manage the impacts of COVID-19.<\/p>\n\n\n\n<p><strong>The objective was to help agencies adapt and increase front-line services offered to vulnerable populations hard hit by the COVID-19 pandemic.<\/strong><\/p>\n\n\n\n<p>The Government of Canada has partnered with Centraide United Way Canada, Community Foundations of Canada (the Foundation of Greater Montreal in our territory), and the Canadian Red Cross to distribute the ECSF across the country.<\/p>\n\n\n\n<p>Since spring 2020, Centraide of Greater Montreal has been responsible for managing the ECSF application process and for allocating an envelope of <strong>$15.4 million<\/strong> to community agencies in its territory (Laval, Island of Montreal, and the South Shore).&nbsp;<\/p>\n<\/div>\n<\/div>\n\n\n\n<div style=\"height:70px\" aria-hidden=\"true\" class=\"wp-block-spacer\"><\/div>\n\n\n\n  <section id=\"block_6014301ffae44\"  class=\"block-accordions aligndefault\">\n          <div class=\"faq-item accordion\">\n        <button class=\"faq-item__header accordion-toggle\" aria-expanded=\"false\" aria-controls=\"faq-69ee56f0e188a\">\n          <p class=\"faq-item__title\">Organizations that received funding from ECSF<\/p>\n          <i class=\"icon icon-arrow-down\" aria-hidden=\"true\"><\/i>\n        <\/button>\n        <div class=\"faq-item__content accordion-content entry-content\" style=\"display:none;\" id=\"faq-69ee56f0e188a\">\n          <div class=\"entry-content alignfull\">\n          \n                          <p><!-- wp:table --><\/p>\n<figure class=\"wp-block-table\">\n<table>\n<thead>\n<tr>\n<th><strong><strong>Organization nam<\/strong><\/strong><\/th>\n<th><strong><strong>MRC<\/strong><\/strong><\/th>\n<th style=\"min-width: 110px\"><strong><strong>$<\/strong><\/strong><\/th>\n<\/tr>\n<\/thead>\n<tbody>\n<tr>\n<td>1,2,3, go Saint-Michel Femmes-relais *<\/td>\n<td>Montr\u00e9al<\/td>\n<td>$12,000<\/td>\n<\/tr>\n<tr>\n<td>\u00c0 deux mains\/Head &amp; Hands Inc. *<\/td>\n<td>Montr\u00e9al<\/td>\n<td>$54,070<\/td>\n<\/tr>\n<tr>\n<td>Accueils Au c\u0153ur de l&#8217;enfance<\/td>\n<td>Montr\u00e9al<\/td>\n<td>$25,000<\/td>\n<\/tr>\n<tr>\n<td>Action Centre-Ville *<\/td>\n<td>Montr\u00e9al<\/td>\n<td>$25,260<\/td>\n<\/tr>\n<tr>\n<td>Action jeunesse de l&#8217;Ouest-de-l&#8217;\u00cele (AJOI)*<\/td>\n<td>Montr\u00e9al<\/td>\n<td>$47,958<\/td>\n<\/tr>\n<tr>\n<td>Action Nouvelle Vie (volet jeunesse Le 2159 )*<\/td>\n<td>Ville de Longueuil<\/td>\n<td>$61,000<\/td>\n<\/tr>\n<tr>\n<td>Action Pr\u00e9vention Verdun<\/td>\n<td>MRC du Haut-Richelieu<\/td>\n<td>$13,000<\/td>\n<\/tr>\n<tr>\n<td>Action secours vie d&#8217;espoir<\/td>\n<td>Montr\u00e9al<\/td>\n<td>$28,000<\/td>\n<\/tr>\n<tr>\n<td>Action-R\u00e9insertion (Le Sac \u00e0 Dos)<\/td>\n<td>Montr\u00e9al<\/td>\n<td>$35,000<\/td>\n<\/tr>\n<tr>\n<td>Actions D\u00e9pendances<\/td>\n<td>Montr\u00e9al<\/td>\n<td>$30,000<\/td>\n<\/tr>\n<tr>\n<td>Afrique au F\u00e9minin<\/td>\n<td>Hors territoire<\/td>\n<td>$15,000<\/td>\n<\/tr>\n<tr>\n<td>Alliance carri\u00e8re travail<\/td>\n<td>Ville de Longueuil<\/td>\n<td>$45,100<\/td>\n<\/tr>\n<tr>\n<td>Alternative Centregens<\/td>\n<td>Ville de Longueuil<\/td>\n<td>$7,000<\/td>\n<\/tr>\n<tr>\n<td>Alternative Naissance<\/td>\n<td>Montr\u00e9al<\/td>\n<td>$53,000<\/td>\n<\/tr>\n<tr>\n<td>Alternatives communautaires d&#8217;habitation et d&#8217;intervention milieu*<\/td>\n<td>Montr\u00e9al<\/td>\n<td>$60,000<\/td>\n<\/tr>\n<tr>\n<td>Alzheimer Groupe (A.G.I.) Inc<\/td>\n<td>Montr\u00e9al<\/td>\n<td>$24,000<\/td>\n<\/tr>\n<tr>\n<td>Amiti\u00e9 Soleil Inc.*<\/td>\n<td>Montr\u00e9al<\/td>\n<td>$6,800<\/td>\n<\/tr>\n<tr>\n<td>AQDR Saint-Michel<\/td>\n<td>Montr\u00e9al<\/td>\n<td>$6,000<\/td>\n<\/tr>\n<tr>\n<td>AQPAMM*<\/td>\n<td>Montr\u00e9al<\/td>\n<td>$13,980<\/td>\n<\/tr>\n<tr>\n<td>Architecture Sans Fronti\u00e8res Qu\u00e9bec<\/td>\n<td>Montr\u00e9al<\/td>\n<td>$67,500<\/td>\n<\/tr>\n<tr>\n<td>Association coop\u00e9rative d&#8217;\u00e9conomie de la Rive-Sud (ACEF Rive-Sud)*<\/td>\n<td>Ville de Longueuil<\/td>\n<td>$7,825<\/td>\n<\/tr>\n<tr>\n<td>Association de la communaut\u00e9 noire de C\u00f4te-des-Neiges*<\/td>\n<td>Montr\u00e9al<\/td>\n<td>$124,700<\/td>\n<\/tr>\n<tr>\n<td>Association de l&#8217;Ouest de l&#8217;\u00cele pour les handicap\u00e9s intellectuels*<\/td>\n<td>Montr\u00e9al<\/td>\n<td>$7,150<\/td>\n<\/tr>\n<tr>\n<td>Association de Montr\u00e9al pour la d\u00e9ficience intellectuelle (AMDI)*<\/td>\n<td>Montr\u00e9al<\/td>\n<td>$16,150<\/td>\n<\/tr>\n<tr>\n<td>Association de paralysie c\u00e9r\u00e9brale du Qu\u00e9bec<\/td>\n<td>Montr\u00e9al<\/td>\n<td>$29,000<\/td>\n<\/tr>\n<tr>\n<td>Association de parents de l&#8217;enfance en difficult\u00e9 de la Rive-Sud*<\/td>\n<td>Ville de Longueuil<\/td>\n<td>$33,000<\/td>\n<\/tr>\n<tr>\n<td>Association d&#8217;entraide Le Cha\u00eenon<\/td>\n<td>Agglom\u00e9ration de Longueuil<\/td>\n<td>$60,000<\/td>\n<\/tr>\n<tr>\n<td>Association des parents de C\u00f4te-des-Neiges<\/td>\n<td>Montr\u00e9al<\/td>\n<td>$10,818<\/td>\n<\/tr>\n<tr>\n<td>Association des Parents et Amis des Victimes du G\u00e9nocide au Rwanda (PAGE-RWANDA)<\/td>\n<td>Laval<\/td>\n<td>$30,000<\/td>\n<\/tr>\n<tr>\n<td>Association des popotes roulantes de Laval<\/td>\n<td>Montr\u00e9al<\/td>\n<td>$30,000<\/td>\n<\/tr>\n<tr>\n<td>Association du Qu\u00e9bec pour Enfants avec Probl\u00e8mes Auditifs Montr\u00e9al R\u00e9gional*<\/td>\n<td>Montr\u00e9al<\/td>\n<td>$19,675<\/td>\n<\/tr>\n<tr>\n<td>Association du troisi\u00e8me \u00e2ge &#8220;FILIA&#8221;<\/td>\n<td>Montr\u00e9al<\/td>\n<td>$28,000<\/td>\n<\/tr>\n<tr>\n<td>Association entre tes mains<\/td>\n<td>Montr\u00e9al<\/td>\n<td>$6,000<\/td>\n<\/tr>\n<tr>\n<td>Association lavalloise de parents et amis pour le bien-\u00eatre mentale*<\/td>\n<td>Laval<\/td>\n<td>$5,500<\/td>\n<\/tr>\n<tr>\n<td>Association multi-ethnique pour l\u2019int\u00e9gration des personnes handicap\u00e9es du Qu\u00e9bec*<\/td>\n<td>Montr\u00e9al<\/td>\n<td>$37,000<\/td>\n<\/tr>\n<tr>\n<td>Association musulmane du Canada<\/td>\n<td>Montr\u00e9al<\/td>\n<td>$13,000<\/td>\n<\/tr>\n<tr>\n<td>Association pour la d\u00e9fense des droits sociaux du Montr\u00e9al M\u00e9tropolitain (ADDS-MM)<\/td>\n<td>Laval<\/td>\n<td>$28,000<\/td>\n<\/tr>\n<tr>\n<td>Association pour le d\u00e9veloppement Jeunesse de Loyola<\/td>\n<td>Montr\u00e9al<\/td>\n<td>$28,800<\/td>\n<\/tr>\n<tr>\n<td>Atelier 850<\/td>\n<td>Montr\u00e9al<\/td>\n<td>$10,000<\/td>\n<\/tr>\n<tr>\n<td>Ateliers d&#8217;\u00e9ducation populaire du Plateau*<\/td>\n<td>Montr\u00e9al<\/td>\n<td>$3,500<\/td>\n<\/tr>\n<tr>\n<td>Au Coup de pouce Centre-Sud inc.*<\/td>\n<td>Montr\u00e9al<\/td>\n<td>$13,200<\/td>\n<\/tr>\n<tr>\n<td>Au Panier de Chomedey<\/td>\n<td>Laval<\/td>\n<td>$61,000<\/td>\n<\/tr>\n<tr>\n<td>Au Second Lieu*<\/td>\n<td>Ville de Longueuil<\/td>\n<td>$3,180<\/td>\n<\/tr>\n<tr>\n<td>Autisme Montr\u00e9al*<\/td>\n<td>Montr\u00e9al<\/td>\n<td>$6,250<\/td>\n<\/tr>\n<tr>\n<td>Aux sources du Bassin de Chambly<\/td>\n<td>MRC de La Vall\u00e9e-du-Richelieu<\/td>\n<td>$14,000<\/td>\n<\/tr>\n<tr>\n<td>Bienvenue \u00e0 Notre-Dame-de-Gr\u00e2ce<\/td>\n<td>Montr\u00e9al<\/td>\n<td>$55,000<\/td>\n<\/tr>\n<tr>\n<td>Bonjour Aujourd&#8217;hui et Apr\u00e8s Inc.<\/td>\n<td>Laval<\/td>\n<td>$51,000<\/td>\n<\/tr>\n<tr>\n<td>Bouffe-Action de Rosemont*<\/td>\n<td>Montr\u00e9al<\/td>\n<td>$133,818<\/td>\n<\/tr>\n<tr>\n<td>Bureau Associatif pour la Diversit\u00e9 et la R\u00e9insertion<\/td>\n<td>Montr\u00e9al<\/td>\n<td>$68,000<\/td>\n<\/tr>\n<tr>\n<td>Bureau de la communaut\u00e9 ha\u00eftienne de Montr\u00e9al (BCHM)*<\/td>\n<td>Montr\u00e9al<\/td>\n<td>$48,800<\/td>\n<\/tr>\n<tr>\n<td>CALACS de l&#8217;Ouest-de-l&#8217;\u00cele<\/td>\n<td>Montr\u00e9al<\/td>\n<td>$38,500<\/td>\n<\/tr>\n<tr>\n<td>CARE Montr\u00e9al<\/td>\n<td>Montr\u00e9al<\/td>\n<td>$15,000<\/td>\n<\/tr>\n<tr>\n<td>CARI Saint-Laurent (Centre d&#8217;Accueil et de R\u00e9f\u00e9rence sociale et \u00e9conomique pour Immigrants)*<\/td>\n<td>Montr\u00e9al<\/td>\n<td>$23,000<\/td>\n<\/tr>\n<tr>\n<td>Carrefour d\u2019\u00e9ducation populaire de Pointe-Saint-Charles*<\/td>\n<td>Montr\u00e9al<\/td>\n<td>$30,000<\/td>\n<\/tr>\n<tr>\n<td>Carrefour d&#8217;alimentation et de partage St-Barnab\u00e9<\/td>\n<td>Montr\u00e9al<\/td>\n<td>$94,500<\/td>\n<\/tr>\n<tr>\n<td>Carrefour de ressources en interculturel*<\/td>\n<td>Montr\u00e9al<\/td>\n<td>$11,844<\/td>\n<\/tr>\n<tr>\n<td>Carrefour des retrait\u00e9s de Montr\u00e9al-Nord<\/td>\n<td>Montr\u00e9al<\/td>\n<td>$55,000<\/td>\n<\/tr>\n<tr>\n<td>Carrefour familial du Richelieu*<\/td>\n<td>MRC de Roussillon<\/td>\n<td>$8,500<\/td>\n<\/tr>\n<tr>\n<td>Carrefour Jeunesse-Emploi Centre-Nord*<\/td>\n<td>Montr\u00e9al<\/td>\n<td>$10,000<\/td>\n<\/tr>\n<tr>\n<td>Carrefour Jeunesse-Emploi de la C\u00f4te-des-Neiges<\/td>\n<td>Montr\u00e9al<\/td>\n<td>$33,000<\/td>\n<\/tr>\n<tr>\n<td>Carrefour jeunesse-Emploi Notre-Dame-de-Gr\u00e2ce<\/td>\n<td>Montr\u00e9al<\/td>\n<td>$15,000<\/td>\n<\/tr>\n<tr>\n<td>Carrefour le Moutier*<\/td>\n<td>Ville de Longueuil<\/td>\n<td>$45,000<\/td>\n<\/tr>\n<tr>\n<td>Carrefour Saint-Eus\u00e8be de Montr\u00e9al Inc.<\/td>\n<td>Montr\u00e9al<\/td>\n<td>$15,000<\/td>\n<\/tr>\n<tr>\n<td>Casa C.A.F.I. (Centre d&#8217;aide aux familles immigrantes)<\/td>\n<td>Montr\u00e9al<\/td>\n<td>$30,000<\/td>\n<\/tr>\n<tr>\n<td>CDC Action Solidarit\u00e9 Grand Plateau*<\/td>\n<td>Montr\u00e9al<\/td>\n<td>$80,000<\/td>\n<\/tr>\n<tr>\n<td>CDC de la Pointe &#8211; R\u00e9gion Est de Montr\u00e9al CDC de la Pointe &#8211; R\u00e9gion Est de Montr\u00e9al*<\/td>\n<td>Montr\u00e9al<\/td>\n<td>$76,300<\/td>\n<\/tr>\n<tr>\n<td>CDC Haut-Richelieu-Rouville*<\/td>\n<td>MRC du Haut-Richelieu<\/td>\n<td>$9,200<\/td>\n<\/tr>\n<tr>\n<td>CDC Solidarit\u00e9 Saint-Henri*<\/td>\n<td>Montr\u00e9al<\/td>\n<td>$140,000<\/td>\n<\/tr>\n<tr>\n<td>CDC Solidarit\u00e9s Villeray (CDCSV)*<\/td>\n<td>Montr\u00e9al<\/td>\n<td>$75,000<\/td>\n<\/tr>\n<tr>\n<td>Centre Africain de d\u00e9veloppement et d&#8217;entraide (CADE)<\/td>\n<td>Montr\u00e9al<\/td>\n<td>$10,000<\/td>\n<\/tr>\n<tr>\n<td>Centre communautaire Cefedi<\/td>\n<td>Montr\u00e9al<\/td>\n<td>$30,180<\/td>\n<\/tr>\n<tr>\n<td>Centre Communautaire Dawson &#8211; Dawson Community Centre*<\/td>\n<td>Montr\u00e9al<\/td>\n<td>$60,000<\/td>\n<\/tr>\n<tr>\n<td>Centre communautaire Hochelaga<\/td>\n<td>Montr\u00e9al<\/td>\n<td>$15,200<\/td>\n<\/tr>\n<tr>\n<td>Centre Communautaire Petit Espoir<\/td>\n<td>Agglom\u00e9ration de Longueuil<\/td>\n<td>$35,300<\/td>\n<\/tr>\n<tr>\n<td>Centre communautaire Petite-C\u00f4te (CCPC)*<\/td>\n<td>Montr\u00e9al<\/td>\n<td>$58,000<\/td>\n<\/tr>\n<tr>\n<td>Centre communautaire Radisson*<\/td>\n<td>Montr\u00e9al<\/td>\n<td>$51,000<\/td>\n<\/tr>\n<tr>\n<td>Centre communautaire Saint-Antoine 50+ Community Centre*<\/td>\n<td>Montr\u00e9al<\/td>\n<td>$10,000<\/td>\n<\/tr>\n<tr>\n<td>Centre communautaire Val-Martin*<\/td>\n<td>Laval<\/td>\n<td>$10,000<\/td>\n<\/tr>\n<tr>\n<td>Centre contactivit\u00e9 Inc.*<\/td>\n<td>Montr\u00e9al<\/td>\n<td>$23,000<\/td>\n<\/tr>\n<tr>\n<td>Centre d&#8217;action b\u00e9n\u00e9vole &#8220;Les p&#8217;tits bonheurs&#8221; de Saint-Bruno<\/td>\n<td>Montr\u00e9al<\/td>\n<td>$75,170<\/td>\n<\/tr>\n<tr>\n<td>Centre d&#8217;action b\u00e9n\u00e9vole de Bordeaux-Cartierville*<\/td>\n<td>Montr\u00e9al<\/td>\n<td>$23,000<\/td>\n<\/tr>\n<tr>\n<td>Centre d&#8217;action b\u00e9n\u00e9vole de Boucherville*<\/td>\n<td>Agglom\u00e9ration de Longueuil<\/td>\n<td>$266,800<\/td>\n<\/tr>\n<tr>\n<td>Centre d&#8217;action b\u00e9n\u00e9vole du grand Ch\u00e2teauguay<\/td>\n<td>MRC de Roussillon<\/td>\n<td>$25,000<\/td>\n<\/tr>\n<tr>\n<td>Centre d&#8217;action b\u00e9n\u00e9vole et communautaire Saint-Laurent*<\/td>\n<td>Montr\u00e9al<\/td>\n<td>$75,000<\/td>\n<\/tr>\n<tr>\n<td>Centre d&#8217;aide aux familles latino am\u00e9ricaines<\/td>\n<td>Ville de Longueuil<\/td>\n<td>$15,000<\/td>\n<\/tr>\n<tr>\n<td>Centre d&#8217;aide aux victimes d&#8217;acte criminel (CAVAC de la Mont\u00e9r\u00e9gie)<\/td>\n<td>Montr\u00e9al<\/td>\n<td>$39,200<\/td>\n<\/tr>\n<tr>\n<td>Centre de b\u00e9n\u00e9volat SARPAD<\/td>\n<td>Montr\u00e9al<\/td>\n<td>$87,205<\/td>\n<\/tr>\n<tr>\n<td>Centre de formation Jean-Paul Lemay<\/td>\n<td>Montr\u00e9al<\/td>\n<td>$86,800<\/td>\n<\/tr>\n<tr>\n<td>Centre de Promotion Communautaire Le Phare*<\/td>\n<td>Montr\u00e9al<\/td>\n<td>$17,000<\/td>\n<\/tr>\n<tr>\n<td>Centre de R\u00e9pit-D\u00e9pannage aux Quatre Poches<\/td>\n<td>Montr\u00e9al<\/td>\n<td>$10,000<\/td>\n<\/tr>\n<tr>\n<td>Centre de ressources et d&#8217;action communautaire de La Petite-Patrie<\/td>\n<td>Montr\u00e9al<\/td>\n<td>$94,000<\/td>\n<\/tr>\n<tr>\n<td>Centre de ressources pour hommes de Montr\u00e9al &#8211; CRHM (Entraide pour hommes de Montr\u00e9al)<\/td>\n<td>Montr\u00e9al<\/td>\n<td>$15,000<\/td>\n<\/tr>\n<tr>\n<td>Centre de soutien en sant\u00e9 mentale &#8211; Mont\u00e9r\u00e9gie<\/td>\n<td>Ville de Longueuil<\/td>\n<td>$2,000<\/td>\n<\/tr>\n<tr>\n<td>Centre d&#8217;\u00e9ducation et d&#8217;action des femmes de Montr\u00e9al (C\u00c9AF)*<\/td>\n<td>Montr\u00e9al<\/td>\n<td>$9,200<\/td>\n<\/tr>\n<tr>\n<td>Centre d&#8217;Encadrement pour Jeunes Femmes Immigrantes &#8211; CEJFI<\/td>\n<td>Montr\u00e9al<\/td>\n<td>$48,000<\/td>\n<\/tr>\n<tr>\n<td>Centre d&#8217;entraide le Rameau d&#8217;Olivier inc.<\/td>\n<td>Montr\u00e9al<\/td>\n<td>$29,000<\/td>\n<\/tr>\n<tr>\n<td>Centre des A\u00een\u00e9s C\u00f4te-des-Neiges<\/td>\n<td>Montr\u00e9al<\/td>\n<td>$17,750<\/td>\n<\/tr>\n<tr>\n<td>Centre des femmes de Longueuil*<\/td>\n<td>Ville de Longueuil<\/td>\n<td>$49,000<\/td>\n<\/tr>\n<tr>\n<td>Centre des femmes de Rosemont<\/td>\n<td>Montr\u00e9al<\/td>\n<td>$23,000<\/td>\n<\/tr>\n<tr>\n<td>Centre des femmes d&#8217;ici et d&#8217;ailleurs*<\/td>\n<td>Montr\u00e9al<\/td>\n<td>$14,000<\/td>\n<\/tr>\n<tr>\n<td>Centre des jeunes l&#8217;Escale de Montr\u00e9al-Nord<\/td>\n<td>Montr\u00e9al<\/td>\n<td>$99,000<\/td>\n<\/tr>\n<tr>\n<td>Centre des ressources communautaires de l&#8217;Ouest de l&#8217;\u00cele*<\/td>\n<td>Montr\u00e9al<\/td>\n<td>$42,650<\/td>\n<\/tr>\n<tr>\n<td>Centre d&#8217;int\u00e9gration \u00e0 la vie active (CIVA)*<\/td>\n<td>Montr\u00e9al<\/td>\n<td>$18,250<\/td>\n<\/tr>\n<tr>\n<td>Centre d&#8217;Orientation des Nouveaux Arrivants et immigrants de Montr\u00e9al (CONAM)<\/td>\n<td>Montr\u00e9al<\/td>\n<td>$23,000<\/td>\n<\/tr>\n<tr>\n<td>Centre du Vieux Moulin de LaSalle*<\/td>\n<td>Montr\u00e9al<\/td>\n<td>$76,150<\/td>\n<\/tr>\n<tr>\n<td>Centre \u00e9ducatif communautaire Ren\u00e9-Goupil*<\/td>\n<td>Montr\u00e9al<\/td>\n<td>$40,720<\/td>\n<\/tr>\n<tr>\n<td>Centre Humanitaire d&#8217;Organisation de Ressources et de R\u00e9f\u00e9rences d&#8217;Anjou (CHORRA)*<\/td>\n<td>Montr\u00e9al<\/td>\n<td>$28,000<\/td>\n<\/tr>\n<tr>\n<td>Centre Multiculturel de Ressources de LaSalle \/ LaSalle Multicultural Resource center(LMRC)<\/td>\n<td>Montr\u00e9al<\/td>\n<td>$106,400<\/td>\n<\/tr>\n<tr>\n<td>Centre N A Rive de Montr\u00e9al<\/td>\n<td>Montr\u00e9al<\/td>\n<td>$32,000<\/td>\n<\/tr>\n<tr>\n<td>Centre Philou<\/td>\n<td>Montr\u00e9al<\/td>\n<td>$20,000<\/td>\n<\/tr>\n<tr>\n<td>Centre r\u00e9cr\u00e9atif Poupart<\/td>\n<td>Montr\u00e9al<\/td>\n<td>$26,475<\/td>\n<\/tr>\n<tr>\n<td>Centre SCAMA<\/td>\n<td>Laval<\/td>\n<td>$20,000<\/td>\n<\/tr>\n<tr>\n<td>Centre social d\u2019aide aux immigrants (CSAI)*<\/td>\n<td>Montr\u00e9al<\/td>\n<td>$55,000<\/td>\n<\/tr>\n<tr>\n<td>Centre St-Pierre*<\/td>\n<td>Montr\u00e9al<\/td>\n<td>$14,500<\/td>\n<\/tr>\n<tr>\n<td>Centre Tawhid*<\/td>\n<td>Montr\u00e9al<\/td>\n<td>$20,000<\/td>\n<\/tr>\n<tr>\n<td>CESAM &#8211; Centre d&#8217;enrichissement Sportif et Acad\u00e9mique de Montr\u00e9al<\/td>\n<td>Montr\u00e9al<\/td>\n<td>$30,000<\/td>\n<\/tr>\n<tr>\n<td>Chabad Hope Center \/ Centre de l&#8217;espoir Chabad<\/td>\n<td>Montr\u00e9al<\/td>\n<td>$20,000<\/td>\n<\/tr>\n<tr>\n<td>Chez Doris The Women&#8217;s Shelter Foundation Inc.*<\/td>\n<td>Montr\u00e9al<\/td>\n<td>$218,000<\/td>\n<\/tr>\n<tr>\n<td>Clinique sociale de psychanalyse de Montr\u00e9al<\/td>\n<td>Montr\u00e9al<\/td>\n<td>$18,000<\/td>\n<\/tr>\n<tr>\n<td>Clowns Sans Fronti\u00e8res<\/td>\n<td>Montr\u00e9al<\/td>\n<td>$7,250<\/td>\n<\/tr>\n<tr>\n<td>Club Ami, la Sant\u00e9 Mentale par l&#8217;Entraide et l&#8217;Int\u00e9gration Socio-professionnelle INC.<\/td>\n<td>Montr\u00e9al<\/td>\n<td>$54,500<\/td>\n<\/tr>\n<tr>\n<td>Club des Personnes Handicap\u00e9es du lac Saint-Louis<\/td>\n<td>Montr\u00e9al<\/td>\n<td>$6,500<\/td>\n<\/tr>\n<tr>\n<td>Coalition de la Petite-Bourgogne \/ Quartier en sant\u00e9*<\/td>\n<td>Montr\u00e9al<\/td>\n<td>$45,000<\/td>\n<\/tr>\n<tr>\n<td>Comit\u00e9 Ch\u00f4mage du Haut-Richelieu<\/td>\n<td>MRC du Haut-Richelieu<\/td>\n<td>$12,000<\/td>\n<\/tr>\n<tr>\n<td>Comit\u00e9 de d\u00e9veloppement local de Chomedey (CDLC)*<\/td>\n<td>Laval<\/td>\n<td>$10,000<\/td>\n<\/tr>\n<tr>\n<td>Comit\u00e9 de logement Rosemont*<\/td>\n<td>Montr\u00e9al<\/td>\n<td>$9,000<\/td>\n<\/tr>\n<tr>\n<td>Comit\u00e9 d&#8217;\u00e9ducation des adultes de la Petite Bourgogne et de Saint-Henri*<\/td>\n<td>Montr\u00e9al<\/td>\n<td>$45,000<\/td>\n<\/tr>\n<tr>\n<td>Comit\u00e9 des personnes assist\u00e9es sociales de Pointe St-Charles (CPAS)<\/td>\n<td>Montr\u00e9al<\/td>\n<td>$20,000<\/td>\n<\/tr>\n<tr>\n<td>Comit\u00e9 logement Rive-Sud*<\/td>\n<td>MRC de Roussillon<\/td>\n<td>$43,000<\/td>\n<\/tr>\n<tr>\n<td>Communaut\u00e9 S\u00e9pharade Unifi\u00e9e du Qu\u00e9bec<\/td>\n<td>Montr\u00e9al<\/td>\n<td>$45,000<\/td>\n<\/tr>\n<tr>\n<td>Compagnons de Montr\u00e9al*<\/td>\n<td>Montr\u00e9al<\/td>\n<td>$2,500<\/td>\n<\/tr>\n<tr>\n<td>Complexe Le Partage*<\/td>\n<td>MRC de Roussillon<\/td>\n<td>$36,500<\/td>\n<\/tr>\n<tr>\n<td>Concert&#8217;Action Lachine*<\/td>\n<td>Montr\u00e9al<\/td>\n<td>$235,000<\/td>\n<\/tr>\n<tr>\n<td>Concertation en s\u00e9curit\u00e9 alimentaire de Saint-L\u00e9onard<\/td>\n<td>Montr\u00e9al<\/td>\n<td>$306,000<\/td>\n<\/tr>\n<tr>\n<td>Conseil Communautaire Notre-Dame-de-Gr\u00e2ce inc.*<\/td>\n<td>Montr\u00e9al<\/td>\n<td>$14,000<\/td>\n<\/tr>\n<tr>\n<td>Corporation Culturelle Latino-Am\u00e9ricaine de l&#8217;Amiti\u00e9 (COCLA)<\/td>\n<td>MRC des Jardins-de-Napierville<\/td>\n<td>$25,000<\/td>\n<\/tr>\n<tr>\n<td>Corporation de d\u00e9veloppement communautaire &#8211; CDC Roussillon*<\/td>\n<td>MRC de Roussillon<\/td>\n<td>$25,500<\/td>\n<\/tr>\n<tr>\n<td>Corporation de d\u00e9veloppement communautaire de C\u00f4te-des-Neiges*<\/td>\n<td>Montr\u00e9al<\/td>\n<td>$3,000<\/td>\n<\/tr>\n<tr>\n<td>Corporation de d\u00e9veloppement communautaire de Laval*<\/td>\n<td>Laval<\/td>\n<td>$62,000<\/td>\n<\/tr>\n<tr>\n<td>Corporation de d\u00e9veloppement communautaire de Marguerite-D&#8217;Youville*<\/td>\n<td>Montr\u00e9al<\/td>\n<td>$8,900<\/td>\n<\/tr>\n<tr>\n<td>Corporation de d\u00e9veloppement communautaire de Rivi\u00e8re-des-Prairies*<\/td>\n<td>Montr\u00e9al<\/td>\n<td>$223,300<\/td>\n<\/tr>\n<tr>\n<td>Corporation de d\u00e9veloppement communautaire de Rosemont (CDC de Rosemont)*<\/td>\n<td>Montr\u00e9al<\/td>\n<td>$144,456<\/td>\n<\/tr>\n<tr>\n<td>Corporation d\u00e9veloppement communautaire Centre-Sud*<\/td>\n<td>Montr\u00e9al<\/td>\n<td>$280,000<\/td>\n<\/tr>\n<tr>\n<td>Corporation du Centre des a\u00een\u00e9s de Villeray<\/td>\n<td>Montr\u00e9al<\/td>\n<td>$8,000<\/td>\n<\/tr>\n<tr>\n<td>Corporation L&#8217;Espoir*<\/td>\n<td>Montr\u00e9al<\/td>\n<td>$11,600<\/td>\n<\/tr>\n<tr>\n<td>Cuisines et vie collectives Saint-Roch<\/td>\n<td>Montr\u00e9al<\/td>\n<td>$20,000<\/td>\n<\/tr>\n<tr>\n<td>Cummings Jewish Centre for Seniors*<\/td>\n<td>Montr\u00e9al<\/td>\n<td>$46,289<\/td>\n<\/tr>\n<tr>\n<td>Dans la rue<\/td>\n<td>Agglom\u00e9ration de Longueuil<\/td>\n<td>$50,000<\/td>\n<\/tr>\n<tr>\n<td>D\u00e9p\u00f4t alimentaire NDG*<\/td>\n<td>Montr\u00e9al<\/td>\n<td>$189,000<\/td>\n<\/tr>\n<tr>\n<td>Direction Chr\u00e9tienne Inc.<\/td>\n<td>Montr\u00e9al<\/td>\n<td>$110,000<\/td>\n<\/tr>\n<tr>\n<td>Dispensaire di\u00e9t\u00e9tique de Montr\u00e9al*<\/td>\n<td>Montr\u00e9al<\/td>\n<td>$14,900<\/td>\n<\/tr>\n<tr>\n<td>En Marge 12-17*<\/td>\n<td>Montr\u00e9al<\/td>\n<td>$8,000<\/td>\n<\/tr>\n<tr>\n<td>Enfant d&#8217;Abord<\/td>\n<td>Montr\u00e9al<\/td>\n<td>$19,600<\/td>\n<\/tr>\n<tr>\n<td>Entraide B\u00e9n\u00e9vole Kouzin Kouzin<\/td>\n<td>Montr\u00e9al<\/td>\n<td>$24,000<\/td>\n<\/tr>\n<tr>\n<td>Entre Parents de Montr\u00e9al-Nord*<\/td>\n<td>Montr\u00e9al<\/td>\n<td>$28,000<\/td>\n<\/tr>\n<tr>\n<td>Escale Famille Le Triolet*<\/td>\n<td>Montr\u00e9al<\/td>\n<td>$20,000<\/td>\n<\/tr>\n<tr>\n<td>Expression LaSalle centre communautaire en sant\u00e9 mentale<\/td>\n<td>Montr\u00e9al<\/td>\n<td>$23,000<\/td>\n<\/tr>\n<tr>\n<td>Famijeunes*<\/td>\n<td>Montr\u00e9al<\/td>\n<td>$22,000<\/td>\n<\/tr>\n<tr>\n<td>FAREHD Canada<\/td>\n<td>Montr\u00e9al<\/td>\n<td>$21,000<\/td>\n<\/tr>\n<tr>\n<td>FMCH (Fondation des m\u00e9decins Canado-Haitiens )<\/td>\n<td>Montr\u00e9al<\/td>\n<td>$20,000<\/td>\n<\/tr>\n<tr>\n<td>Fondation Aide Outremont Covid-19<\/td>\n<td>Montr\u00e9al<\/td>\n<td>$30,000<\/td>\n<\/tr>\n<tr>\n<td>Fondation de la Visite*<\/td>\n<td>Montr\u00e9al<\/td>\n<td>$20,040<\/td>\n<\/tr>\n<tr>\n<td>Fondation des Aveugles du Qu\u00e9bec<\/td>\n<td>Montr\u00e9al<\/td>\n<td>$10,000<\/td>\n<\/tr>\n<tr>\n<td>Fondation Le Pilier<\/td>\n<td>Montr\u00e9al<\/td>\n<td>$26,000<\/td>\n<\/tr>\n<tr>\n<td>Fondation moelle \u00e9pini\u00e8re et motricit\u00e9 Qu\u00e9bec<\/td>\n<td>Montr\u00e9al<\/td>\n<td>$7,250<\/td>\n<\/tr>\n<tr>\n<td>Fondation Olo<\/td>\n<td>Montr\u00e9al<\/td>\n<td>$35,000<\/td>\n<\/tr>\n<tr>\n<td>Forum des citoyens ain\u00e9s de Montr\u00e9al<\/td>\n<td>Montr\u00e9al<\/td>\n<td>$35,000<\/td>\n<\/tr>\n<tr>\n<td>Foyer du monde<\/td>\n<td>Montr\u00e9al<\/td>\n<td>$3,600<\/td>\n<\/tr>\n<tr>\n<td>Frigo de l&#8217;Est<\/td>\n<td>Montr\u00e9al<\/td>\n<td>$60,000<\/td>\n<\/tr>\n<tr>\n<td>Groupe d\u2019Action pour Pr\u00e9vention de la transmission du VIH et l\u2019\u00c9radication du Sida (GAP-VIES)<\/td>\n<td>Montr\u00e9al<\/td>\n<td>$80,000<\/td>\n<\/tr>\n<tr>\n<td>Groupe d&#8217;Entraide de Mercier-Ouest (GEMO)*<\/td>\n<td>Montr\u00e9al<\/td>\n<td>$72,900<\/td>\n<\/tr>\n<tr>\n<td>Groupe d&#8217;Entraide Lachine<\/td>\n<td>Montr\u00e9al<\/td>\n<td>$20,500<\/td>\n<\/tr>\n<tr>\n<td>Groupe Harmonie*<\/td>\n<td>Montr\u00e9al<\/td>\n<td>$30,000<\/td>\n<\/tr>\n<tr>\n<td>Groupe L&#8217;Entre-Gens<\/td>\n<td>Montr\u00e9al<\/td>\n<td>$18,500<\/td>\n<\/tr>\n<tr>\n<td>Groupe Paradoxe<\/td>\n<td>Montr\u00e9al<\/td>\n<td>$10,000<\/td>\n<\/tr>\n<tr>\n<td>Habitations l&#8217;Escalier*<\/td>\n<td>Montr\u00e9al<\/td>\n<td>$26,000<\/td>\n<\/tr>\n<tr>\n<td>H\u00e9bergement La Casa Bernard-Hubert*<\/td>\n<td>Ville de Longueuil<\/td>\n<td>$175,807<\/td>\n<\/tr>\n<tr>\n<td>H\u00e9bergement L&#8217;Entre-Deux<\/td>\n<td>Ville de Longueuil<\/td>\n<td>$4,000<\/td>\n<\/tr>\n<tr>\n<td>H\u00e9berjeune de Parc Extension<\/td>\n<td>Montr\u00e9al<\/td>\n<td>$18,670<\/td>\n<\/tr>\n<tr>\n<td>Info-Femmes Inc.<\/td>\n<td>Montr\u00e9al<\/td>\n<td>$11,000<\/td>\n<\/tr>\n<tr>\n<td>Information Alimentaire Populaire Centre-Sud<\/td>\n<td>Montr\u00e9al<\/td>\n<td>$69,000<\/td>\n<\/tr>\n<tr>\n<td>Inter-Val 1175<\/td>\n<td>Montr\u00e9al<\/td>\n<td>$30,927<\/td>\n<\/tr>\n<tr>\n<td>J&#8217;apprends avec mon enfant (JAME)*<\/td>\n<td>Montr\u00e9al<\/td>\n<td>$36,000<\/td>\n<\/tr>\n<tr>\n<td>Je Passe Partout : Services de soutien scolaire et d&#8217;intervention familiale*<\/td>\n<td>Montr\u00e9al<\/td>\n<td>$17,000<\/td>\n<\/tr>\n<tr>\n<td>Jeunes au Travail<\/td>\n<td>Laval<\/td>\n<td>$30,800<\/td>\n<\/tr>\n<tr>\n<td>Jeunesse au Soleil inc. \/ Sun Youth Organization<\/td>\n<td>Montr\u00e9al<\/td>\n<td>$65,000<\/td>\n<\/tr>\n<tr>\n<td>J&#8217;me fais une place en garderie*<\/td>\n<td>Montr\u00e9al<\/td>\n<td>$10,000<\/td>\n<\/tr>\n<tr>\n<td>La Bouffe du Carrefour<\/td>\n<td>Agglom\u00e9ration de Longueuil<\/td>\n<td>$22,425<\/td>\n<\/tr>\n<tr>\n<td>La Caf\u00e9t\u00e9ria communautaire MultiCaf*<\/td>\n<td>Montr\u00e9al<\/td>\n<td>$148,000<\/td>\n<\/tr>\n<tr>\n<td>La Cantine pour tous<\/td>\n<td>Montr\u00e9al<\/td>\n<td>$278,825<\/td>\n<\/tr>\n<tr>\n<td>La Corbeille Bordeaux Cartierville*<\/td>\n<td>Montr\u00e9al<\/td>\n<td>$90,000<\/td>\n<\/tr>\n<tr>\n<td>La Crois\u00e9e de Longueuil*<\/td>\n<td>Ville de Longueuil<\/td>\n<td>$64,900<\/td>\n<\/tr>\n<tr>\n<td>La Cuisine collective Hochelaga-Maisonneuve<\/td>\n<td>Montr\u00e9al<\/td>\n<td>$31,950<\/td>\n<\/tr>\n<tr>\n<td>La Fondation Coccinelle pour les enfants handicapes<\/td>\n<td>Montr\u00e9al<\/td>\n<td>$41,500<\/td>\n<\/tr>\n<tr>\n<td>La Maison \u00c0 Petits Pas*<\/td>\n<td>Montr\u00e9al<\/td>\n<td>$10,000<\/td>\n<\/tr>\n<tr>\n<td>La Maison Benoit Labre<\/td>\n<td>Montr\u00e9al<\/td>\n<td>$145,000<\/td>\n<\/tr>\n<tr>\n<td>La Maison d\u2019accueil des nouveaux arrivants de l\u2019\u00cele-des-s\u0153urs (MANA)<\/td>\n<td>MRC des Jardins-de-Napierville<\/td>\n<td>$31,600<\/td>\n<\/tr>\n<tr>\n<td>La Maison d&#8217;Aurore*<\/td>\n<td>Montr\u00e9al<\/td>\n<td>$11,000<\/td>\n<\/tr>\n<tr>\n<td>La Maison de Jonathan Inc.*<\/td>\n<td>Ville de Longueuil<\/td>\n<td>$10,000<\/td>\n<\/tr>\n<tr>\n<td>La maison de quartier Villeray*<\/td>\n<td>Montr\u00e9al<\/td>\n<td>$8,000<\/td>\n<\/tr>\n<tr>\n<td>La Maison d&#8217;Entraide St-Paul &amp; \u00c9mard*<\/td>\n<td>Montr\u00e9al<\/td>\n<td>$40,000<\/td>\n<\/tr>\n<tr>\n<td>La Maison des Jeunes St-R\u00e9mi inc.<\/td>\n<td>Montr\u00e9al<\/td>\n<td>$2,500<\/td>\n<\/tr>\n<tr>\n<td>La Maisonnette des parents<\/td>\n<td>Montr\u00e9al<\/td>\n<td>$20,900<\/td>\n<\/tr>\n<tr>\n<td>La Relance Jeunes et Familles (RJF) Inc.*<\/td>\n<td>Montr\u00e9al<\/td>\n<td>$62,600<\/td>\n<\/tr>\n<tr>\n<td>La Rencontre Ch\u00e2teauguoise*<\/td>\n<td>MRC de Roussillon<\/td>\n<td>$10,000<\/td>\n<\/tr>\n<tr>\n<td>La Ressource ATP<\/td>\n<td>Laval<\/td>\n<td>$5,500<\/td>\n<\/tr>\n<tr>\n<td>La Sortie<\/td>\n<td>Montr\u00e9al<\/td>\n<td>$10,000<\/td>\n<\/tr>\n<tr>\n<td>La Table de quartier Hochelaga-Maisonneuve*<\/td>\n<td>Montr\u00e9al<\/td>\n<td>$83,500<\/td>\n<\/tr>\n<tr>\n<td>La Table Petite-Enfance Famille de Saint-Henri et Petite-Bourgogne (Famijeunes)<\/td>\n<td>Montr\u00e9al<\/td>\n<td>$10,000<\/td>\n<\/tr>\n<tr>\n<td>L&#8217;Ancre des Jeunes*<\/td>\n<td>Montr\u00e9al<\/td>\n<td>$8,850<\/td>\n<\/tr>\n<tr>\n<td>L&#8217;Anonyme<\/td>\n<td>Montr\u00e9al<\/td>\n<td>$29,770<\/td>\n<\/tr>\n<tr>\n<td>L&#8217;Antre-Jeunes de Mercier-Est<\/td>\n<td>Hors territoire<\/td>\n<td>$119,000<\/td>\n<\/tr>\n<tr>\n<td>L&#8217;Art-Riv\u00e9, centre de jour de Rivi\u00e8re-des-Prairies<\/td>\n<td>Ville de Longueuil<\/td>\n<td>$76,200<\/td>\n<\/tr>\n<tr>\n<td>L&#8217;Avant-garde en sant\u00e9 mentale<\/td>\n<td>Montr\u00e9al<\/td>\n<td>$40,000<\/td>\n<\/tr>\n<tr>\n<td>Le Centre Didache<\/td>\n<td>MRC du Haut-Richelieu<\/td>\n<td>$23,000<\/td>\n<\/tr>\n<tr>\n<td>Le Centre Option-Pr\u00e9vention T.V.D.S.<\/td>\n<td>Montr\u00e9al<\/td>\n<td>$18,400<\/td>\n<\/tr>\n<tr>\n<td>Le Chic Resto Pop inc.*<\/td>\n<td>Montr\u00e9al<\/td>\n<td>$40,000<\/td>\n<\/tr>\n<tr>\n<td>Le PAS de la rue<\/td>\n<td>Montr\u00e9al<\/td>\n<td>$67,793<\/td>\n<\/tr>\n<tr>\n<td>Le Projet Harmonie*<\/td>\n<td>Montr\u00e9al<\/td>\n<td>$54,500<\/td>\n<\/tr>\n<tr>\n<td>Le Rebond, ressource alternative en sant\u00e9 mentale dans la Petite-Patrie<\/td>\n<td>Montr\u00e9al<\/td>\n<td>$20,500<\/td>\n<\/tr>\n<tr>\n<td>L&#8217;\u00c9cho des femmes de la Petite Patrie*<\/td>\n<td>Montr\u00e9al<\/td>\n<td>$18,000<\/td>\n<\/tr>\n<tr>\n<td>L&#8217;Envol Programme d&#8217;aide aux jeunes m\u00e8res*<\/td>\n<td>Ville de Longueuil<\/td>\n<td>$3,080<\/td>\n<\/tr>\n<tr>\n<td>Les Amis de la sant\u00e9 mentale*<\/td>\n<td>Montr\u00e9al<\/td>\n<td>$12,000<\/td>\n<\/tr>\n<tr>\n<td>Les Amis-Soleils<\/td>\n<td>Montr\u00e9al<\/td>\n<td>$10,000<\/td>\n<\/tr>\n<tr>\n<td>Les Fourchettes de l&#8217;Espoir*<\/td>\n<td>Montr\u00e9al<\/td>\n<td>$86,000<\/td>\n<\/tr>\n<tr>\n<td>Les Grands Fr\u00e8res et Grandes Soeurs du Grand Montr\u00e9al inc.*<\/td>\n<td>Montr\u00e9al<\/td>\n<td>$40,000<\/td>\n<\/tr>\n<tr>\n<td>Les Habitations du R\u00e9seau de l&#8217;Acad\u00e9mie (RESAC)<\/td>\n<td>MRC de Roussillon<\/td>\n<td>$10,000<\/td>\n<\/tr>\n<tr>\n<td>Les Jumeleurs \/ espace communautaire (Parrainage civique les Marronniers)*<\/td>\n<td>Montr\u00e9al<\/td>\n<td>$20,625<\/td>\n<\/tr>\n<tr>\n<td>Les Petits Fr\u00e8res des pauvres<\/td>\n<td>Montr\u00e9al<\/td>\n<td>$20,000<\/td>\n<\/tr>\n<tr>\n<td>Les Relevailles de Montr\u00e9al<\/td>\n<td>Montr\u00e9al<\/td>\n<td>$10,300<\/td>\n<\/tr>\n<tr>\n<td>Les YMCA du Qu\u00e9bec*<\/td>\n<td>Montr\u00e9al<\/td>\n<td>$50,000<\/td>\n<\/tr>\n<tr>\n<td>L&#8217;\u00c9toile de Pacho &#8211; R\u00e9seau d&#8217;entraide pour parents d&#8217;enfants handicap\u00e9s<\/td>\n<td>Montr\u00e9al<\/td>\n<td>$59,325<\/td>\n<\/tr>\n<tr>\n<td>L&#8217;Hirondelle, services d&#8217;accueil et d&#8217;int\u00e9gration des immigrants*<\/td>\n<td>Laval<\/td>\n<td>$60,000<\/td>\n<\/tr>\n<tr>\n<td>L&#8217;\u00eelot-Centre de crise et de pr\u00e9vention du suicide de Laval<\/td>\n<td>Laval<\/td>\n<td>$75,000<\/td>\n<\/tr>\n<tr>\n<td>L&#8217;Oasis des enfants de Rosemont<\/td>\n<td>Montr\u00e9al<\/td>\n<td>$28,000<\/td>\n<\/tr>\n<tr>\n<td>Logis Rose-Virginie<\/td>\n<td>Montr\u00e9al<\/td>\n<td>$40,000<\/td>\n<\/tr>\n<tr>\n<td>Loisirs Laurendeau-Dunton<\/td>\n<td>Montr\u00e9al<\/td>\n<td>$40,228<\/td>\n<\/tr>\n<tr>\n<td>MADA Community Center Inc.<\/td>\n<td>Montr\u00e9al<\/td>\n<td>$15,000<\/td>\n<\/tr>\n<tr>\n<td>Madame Prend Cong\u00e9, centre de femmes de Pointe Saint-Charles*<\/td>\n<td>Montr\u00e9al<\/td>\n<td>$3,400<\/td>\n<\/tr>\n<tr>\n<td>Maison Caracol CPSC de Pierrefonds-Est<\/td>\n<td>Montr\u00e9al<\/td>\n<td>$15,000<\/td>\n<\/tr>\n<tr>\n<td>Maison de jeunes &#8211; L&#8217;OUVERTURE<\/td>\n<td>Montr\u00e9al<\/td>\n<td>$45,000<\/td>\n<\/tr>\n<tr>\n<td>Maison de la Famille Mosaik<\/td>\n<td>Montr\u00e9al<\/td>\n<td>$10,000<\/td>\n<\/tr>\n<tr>\n<td>Maison de Lina<\/td>\n<td>Agglom\u00e9ration de Longueuil<\/td>\n<td>$23,000<\/td>\n<\/tr>\n<tr>\n<td>Maison des enfants le Dauphin, de Laval*<\/td>\n<td>Montr\u00e9al<\/td>\n<td>$32,400<\/td>\n<\/tr>\n<tr>\n<td>Maison des familles de Saint-Laurent*<\/td>\n<td>Montr\u00e9al<\/td>\n<td>$15,000<\/td>\n<\/tr>\n<tr>\n<td>Maison des jeunes de Rivi\u00e8re-des-Prairies<\/td>\n<td>Ville de Longueuil<\/td>\n<td>$34,000<\/td>\n<\/tr>\n<tr>\n<td>Maison des Tournesols<\/td>\n<td>Ville de Longueuil<\/td>\n<td>$27,000<\/td>\n<\/tr>\n<tr>\n<td>Maison d&#8217;Ha\u00efti*<\/td>\n<td>Montr\u00e9al<\/td>\n<td>$55,000<\/td>\n<\/tr>\n<tr>\n<td>Maison Internationale de la Rive-Sud<\/td>\n<td>MRC de Roussillon<\/td>\n<td>$23,555<\/td>\n<\/tr>\n<tr>\n<td>Maison La Virevolte*<\/td>\n<td>Ville de Longueuil<\/td>\n<td>$16,000<\/td>\n<\/tr>\n<tr>\n<td>Maison Plein Coeur<\/td>\n<td>Montr\u00e9al<\/td>\n<td>$75,000<\/td>\n<\/tr>\n<tr>\n<td>Maison R\u00e9pit Oasis<\/td>\n<td>Montr\u00e9al<\/td>\n<td>$36,000<\/td>\n<\/tr>\n<tr>\n<td>Maison R\u00e9pit-Vacances<\/td>\n<td>Montr\u00e9al<\/td>\n<td>$5,000<\/td>\n<\/tr>\n<tr>\n<td>Maison Saint-Columba \/ Saint Columba House<\/td>\n<td>Montr\u00e9al<\/td>\n<td>$35,900<\/td>\n<\/tr>\n<tr>\n<td>Mamies Immigrantes pour le D\u00e9veloppement et l&#8217;Int\u00e9gration M.I.D.I<\/td>\n<td>Montr\u00e9al<\/td>\n<td>$20,000<\/td>\n<\/tr>\n<tr>\n<td>M\u00e9decins du Monde Canada<\/td>\n<td>Montr\u00e9al<\/td>\n<td>$69,000<\/td>\n<\/tr>\n<tr>\n<td>Mercier-Ouest quartier en sant\u00e9*<\/td>\n<td>Montr\u00e9al<\/td>\n<td>$43,100<\/td>\n<\/tr>\n<tr>\n<td>M\u00e8res avec pouvoir<\/td>\n<td>Montr\u00e9al<\/td>\n<td>$7,100<\/td>\n<\/tr>\n<tr>\n<td>Mile End Community Mission<\/td>\n<td>Montr\u00e9al<\/td>\n<td>$30,000<\/td>\n<\/tr>\n<tr>\n<td>Mission Bon Accueil<\/td>\n<td>Montr\u00e9al<\/td>\n<td>$102,500<\/td>\n<\/tr>\n<tr>\n<td>Mission Old Brewery<\/td>\n<td>Montr\u00e9al<\/td>\n<td>$50,000<\/td>\n<\/tr>\n<tr>\n<td>Mouvement Action D\u00e9couverte pour personnes handicap\u00e9es de la r\u00e9gion de Ch\u00e2teauguay*<\/td>\n<td>Laval<\/td>\n<td>$3,800<\/td>\n<\/tr>\n<tr>\n<td>Mouvement Action-Ch\u00f4mage de Montr\u00e9al*<\/td>\n<td>Montr\u00e9al<\/td>\n<td>$38,800<\/td>\n<\/tr>\n<tr>\n<td>Mouvement contre le viol et l&#8217;inceste<\/td>\n<td>Montr\u00e9al<\/td>\n<td>$50,000<\/td>\n<\/tr>\n<tr>\n<td>Mouvement Jeunesse Montr\u00e9al-Nord (Caf\u00e9-Jeunesse Multiculturel)*<\/td>\n<td>Montr\u00e9al<\/td>\n<td>$71,500<\/td>\n<\/tr>\n<tr>\n<td>Naos Jeunesse : La cr\u00e9ativit\u00e9 en action!<\/td>\n<td>Montr\u00e9al<\/td>\n<td>$8,000<\/td>\n<\/tr>\n<tr>\n<td>Oasis de Saint-Laurent<\/td>\n<td>Montr\u00e9al<\/td>\n<td>$5,900<\/td>\n<\/tr>\n<tr>\n<td>Option consommateurs*<\/td>\n<td>Montr\u00e9al<\/td>\n<td>$15,000<\/td>\n<\/tr>\n<tr>\n<td>Organisation des jeunes de Parc-Extension et Ressource Action Alimentation*Organisation des jeunes de Parc-Extension et Ressource Action Alimentation*<\/td>\n<td>Montr\u00e9al<\/td>\n<td>$182,000<\/td>\n<\/tr>\n<tr>\n<td>P.R.I.S.E. II (PROGRAMME EDUCATIF DE REVALORISATION INDIVIFUELLE, SOCIALE) INC. (Ressource alternative en sant\u00e9 mentale)<\/td>\n<td>Montr\u00e9al<\/td>\n<td>$87,485<\/td>\n<\/tr>\n<tr>\n<td>Panier Fut\u00e9, coop\u00e9rative de solidarit\u00e9 \u00e0 but non lucratif<\/td>\n<td>Montr\u00e9al<\/td>\n<td>$100,000<\/td>\n<\/tr>\n<tr>\n<td>Paradis Urbain \/ UP House<\/td>\n<td>Montr\u00e9al<\/td>\n<td>$19,000<\/td>\n<\/tr>\n<tr>\n<td>Parents engag\u00e9s pour la petite enfance<\/td>\n<td>Montr\u00e9al<\/td>\n<td>$15,000<\/td>\n<\/tr>\n<tr>\n<td>Parkinson Montr\u00e9al-Laval<\/td>\n<td>Montr\u00e9al<\/td>\n<td>$21,000<\/td>\n<\/tr>\n<tr>\n<td>Parrainage civique Champlain<\/td>\n<td>Montr\u00e9al<\/td>\n<td>$5,225<\/td>\n<\/tr>\n<tr>\n<td>Partage &amp; Solidarit\u00e9<\/td>\n<td>Montr\u00e9al<\/td>\n<td>$20,000<\/td>\n<\/tr>\n<tr>\n<td>Partage-Action de l&#8217;Ouest-de-l&#8217;\u00cele<\/td>\n<td>Montr\u00e9al<\/td>\n<td>$33,500<\/td>\n<\/tr>\n<tr>\n<td>Partageons l&#8217;espoir (Qu\u00e9bec)<\/td>\n<td>Montr\u00e9al<\/td>\n<td>$115,000<\/td>\n<\/tr>\n<tr>\n<td>Partajoie Sainte-Julie<\/td>\n<td>Montr\u00e9al<\/td>\n<td>$4,000<\/td>\n<\/tr>\n<tr>\n<td>Patro Le Prevost*<\/td>\n<td>Laval<\/td>\n<td>$62,850<\/td>\n<\/tr>\n<tr>\n<td>Pause-Famille inc.*<\/td>\n<td>Montr\u00e9al<\/td>\n<td>$18,830<\/td>\n<\/tr>\n<tr>\n<td>Pavillon Patricia Mackenzie<\/td>\n<td>Montr\u00e9al<\/td>\n<td>$25,000<\/td>\n<\/tr>\n<tr>\n<td>PCEIM Projet Collectif en Inclusion \u00e0 Montr\u00e9al*<\/td>\n<td>Montr\u00e9al<\/td>\n<td>$13,464<\/td>\n<\/tr>\n<tr>\n<td>Perspective autonomie en sant\u00e9 mentale<\/td>\n<td>MRC de La Vall\u00e9e-du-Richelieu<\/td>\n<td>$19,500<\/td>\n<\/tr>\n<tr>\n<td>PIaMP Projet d&#8217;intervention aupr\u00e8s des mineur.e.s prostitu\u00e9.e.s<\/td>\n<td>Montr\u00e9al<\/td>\n<td>$15,300<\/td>\n<\/tr>\n<tr>\n<td>Plein Milieu*<\/td>\n<td>Montr\u00e9al<\/td>\n<td>$10,205<\/td>\n<\/tr>\n<tr>\n<td>Premiers Pas \/ Home-Start Champlain<\/td>\n<td>Ville de Longueuil<\/td>\n<td>$20,000<\/td>\n<\/tr>\n<tr>\n<td>Pr\u00e9vention CDN-NDG<\/td>\n<td>Montr\u00e9al<\/td>\n<td>$20,000<\/td>\n<\/tr>\n<tr>\n<td>Project 10<\/td>\n<td>Montr\u00e9al<\/td>\n<td>$22,190<\/td>\n<\/tr>\n<tr>\n<td>Projet d\u2019Am\u00e9nagement R\u00e9sidentiel et Industriel (PARI) St-Michel*<\/td>\n<td>Montr\u00e9al<\/td>\n<td>$33,800<\/td>\n<\/tr>\n<tr>\n<td>Projet Jeunesse Ouest-de-l&#8217;\u00cele<\/td>\n<td>Montr\u00e9al<\/td>\n<td>$40,000<\/td>\n<\/tr>\n<tr>\n<td>PROMIS*<\/td>\n<td>Montr\u00e9al<\/td>\n<td>$33,000<\/td>\n<\/tr>\n<tr>\n<td>Quebec Drama Federation<\/td>\n<td>Montr\u00e9al<\/td>\n<td>$2,500<\/td>\n<\/tr>\n<tr>\n<td>Refuge pour les femmes de l&#8217;Ouest de l&#8217;\u00cele<\/td>\n<td>Montr\u00e9al<\/td>\n<td>$28,400<\/td>\n<\/tr>\n<tr>\n<td>Regroupement des aveugles et amblyopes du Montr\u00e9al m\u00e9tropolitain (RAAMM)*<\/td>\n<td>Montr\u00e9al<\/td>\n<td>$2,550<\/td>\n<\/tr>\n<tr>\n<td>Regroupement des Magasins-partage de l&#8217;\u00eele de Montr\u00e9al*<\/td>\n<td>Montr\u00e9al<\/td>\n<td>$195,000<\/td>\n<\/tr>\n<tr>\n<td>Regroupement des tables de concertation de la Petite-Patrie<\/td>\n<td>Montr\u00e9al<\/td>\n<td>$9,000<\/td>\n<\/tr>\n<tr>\n<td>Regroupement Entre-Mamans Inc (Entre Mamans et Papas)<\/td>\n<td>Montr\u00e9al<\/td>\n<td>$60,000<\/td>\n<\/tr>\n<tr>\n<td>Regroupement pour la Trisomie 21<\/td>\n<td>Montr\u00e9al<\/td>\n<td>$11,250<\/td>\n<\/tr>\n<tr>\n<td>Regroupement Qu\u00e9b\u00e9cois des Centres d&#8217;Aide et de Lutte contre les Agressions \u00e0 Caract\u00e8re Sexuelle (RQCALACS)<\/td>\n<td>Montr\u00e9al<\/td>\n<td>$14,500<\/td>\n<\/tr>\n<tr>\n<td>Relais Communautaire de Laval*<\/td>\n<td>Laval<\/td>\n<td>$82,350<\/td>\n<\/tr>\n<tr>\n<td>Relax-Action Montr\u00e9al<\/td>\n<td>Montr\u00e9al<\/td>\n<td>$26,400<\/td>\n<\/tr>\n<tr>\n<td>ReP\u00e8re, relation d&#8217;entraide pour une paternit\u00e9 renouvel\u00e9e<\/td>\n<td>MRC des Jardins-de-Napierville<\/td>\n<td>$37,000<\/td>\n<\/tr>\n<tr>\n<td>R\u00e9pit Providence<\/td>\n<td>Montr\u00e9al<\/td>\n<td>$25,000<\/td>\n<\/tr>\n<tr>\n<td>R\u00e9seau alimentaire de l\u2019Est de Montr\u00e9al*<\/td>\n<td>hors territoire<\/td>\n<td>$338,000<\/td>\n<\/tr>\n<tr>\n<td>R\u00e9seau d&#8217;aide au travailleuses et travailleurs migrants agricole du Qu\u00e9bec (RATTMAQ)<\/td>\n<td>Montr\u00e9al<\/td>\n<td>$25,000<\/td>\n<\/tr>\n<tr>\n<td>R\u00e9seau d&#8217;entraide de Verdun<\/td>\n<td>Montr\u00e9al<\/td>\n<td>$110,000<\/td>\n<\/tr>\n<tr>\n<td>Ressource Action Alimentation de Parc Extension*<\/td>\n<td>Montr\u00e9al<\/td>\n<td>$30,000<\/td>\n<\/tr>\n<tr>\n<td>Resto Plateau*<\/td>\n<td>Montr\u00e9al<\/td>\n<td>$148,100<\/td>\n<\/tr>\n<tr>\n<td>Revivre<\/td>\n<td>Montr\u00e9al<\/td>\n<td>$25,000<\/td>\n<\/tr>\n<tr>\n<td>R\u00c9ZO : Sant\u00e9 et mieux-\u00eatre des hommes gais et bisexuels, cis et trans<\/td>\n<td>Montr\u00e9al<\/td>\n<td>$30,000<\/td>\n<\/tr>\n<tr>\n<td>S.A.C. Service d&#8217;Aide aux Conjoints<\/td>\n<td>Montr\u00e9al<\/td>\n<td>$20,000<\/td>\n<\/tr>\n<tr>\n<td>Sans Oublier le Sourire*<\/td>\n<td>Montr\u00e9al<\/td>\n<td>$6,500<\/td>\n<\/tr>\n<tr>\n<td>Santropol Roulant*<\/td>\n<td>Montr\u00e9al<\/td>\n<td>$75,200<\/td>\n<\/tr>\n<tr>\n<td>Service \u00e0 la Famille Chinoise du Grand Montr\u00e9al*<\/td>\n<td>Montr\u00e9al<\/td>\n<td>$20,000<\/td>\n<\/tr>\n<tr>\n<td>Service b\u00e9n\u00e9vole d&#8217;entraide de Vimont-Auteuil<\/td>\n<td>Agglom\u00e9ration de Longueuil<\/td>\n<td>$28,000<\/td>\n<\/tr>\n<tr>\n<td>Service d&#8217;aide communautaire Anjou*<\/td>\n<td>Montr\u00e9al<\/td>\n<td>$369,000<\/td>\n<\/tr>\n<tr>\n<td>Service d&#8217;Aide et de liaison pour immigrants &#8211; La Maisonn\u00e9e*<\/td>\n<td>Montr\u00e9al<\/td>\n<td>$15,000<\/td>\n<\/tr>\n<tr>\n<td>Service d&#8217;Interpr\u00e8te, d&#8217;Aide et de R\u00e9f\u00e9rence aux Immigrants (SIARI)*<\/td>\n<td>Montr\u00e9al<\/td>\n<td>$47,575<\/td>\n<\/tr>\n<tr>\n<td>Service populaire de psychoth\u00e9rapie<\/td>\n<td>Laval<\/td>\n<td>$5,300<\/td>\n<\/tr>\n<tr>\n<td>Services de soutien \u00e0 la Famille Hay Doun<\/td>\n<td>hors territoire<\/td>\n<td>$54,500<\/td>\n<\/tr>\n<tr>\n<td>Sida B\u00e9n\u00e9voles Montr\u00e9al\/AIDS Community Care Montreal<\/td>\n<td>Montr\u00e9al<\/td>\n<td>$15,000<\/td>\n<\/tr>\n<tr>\n<td>SNAC (service de nutrition et d&#8217;action communautaire)*<\/td>\n<td>Montr\u00e9al<\/td>\n<td>$65,000<\/td>\n<\/tr>\n<tr>\n<td>Soci\u00e9t\u00e9 Alzheimer de Montr\u00e9al<\/td>\n<td>MRC du Haut-Richelieu<\/td>\n<td>$15,000<\/td>\n<\/tr>\n<tr>\n<td>Soci\u00e9t\u00e9 Alzheimer du Haut-Richelieu<\/td>\n<td>Montr\u00e9al<\/td>\n<td>$30,000<\/td>\n<\/tr>\n<tr>\n<td>Soci\u00e9t\u00e9 de la scl\u00e9rose lat\u00e9rale amyotrophique du Qu\u00e9bec<\/td>\n<td>Laval<\/td>\n<td>$20,000<\/td>\n<\/tr>\n<tr>\n<td>Soci\u00e9t\u00e9 de l&#8217;Autisme et des Ted de Laval<\/td>\n<td>Montr\u00e9al<\/td>\n<td>$41,100<\/td>\n<\/tr>\n<tr>\n<td>Soci\u00e9t\u00e9 Ressources Loisirs de PAT &#8211; Pr\u00e9vention Pointe-de-l&#8217;\u00eele<\/td>\n<td>Montr\u00e9al<\/td>\n<td>$30,600<\/td>\n<\/tr>\n<tr>\n<td>Solidarit\u00e9 Ahuntsic*<\/td>\n<td>Montr\u00e9al<\/td>\n<td>$16,500<\/td>\n<\/tr>\n<tr>\n<td>Solidarit\u00e9 de parents de personnes handicap\u00e9es inc.*<\/td>\n<td>Montr\u00e9al<\/td>\n<td>$30,000<\/td>\n<\/tr>\n<tr>\n<td>Solidarit\u00e9 Mercier-Est*<\/td>\n<td>Montr\u00e9al<\/td>\n<td>$35,325<\/td>\n<\/tr>\n<tr>\n<td>Solidarit\u00e9 Sans Fronti\u00e8res<\/td>\n<td>Montr\u00e9al<\/td>\n<td>$45,000<\/td>\n<\/tr>\n<tr>\n<td>Sommet socio-\u00e9conomique pour le d\u00e9veloppement des jeunes des communaut\u00e9s noires<\/td>\n<td>Montr\u00e9al<\/td>\n<td>$550,976<\/td>\n<\/tr>\n<tr>\n<td>Sourire sans Fin*<\/td>\n<td>Ville de Longueuil<\/td>\n<td>$23,000<\/td>\n<\/tr>\n<tr>\n<td>StimuleArts*<\/td>\n<td>Montr\u00e9al<\/td>\n<td>$19,000<\/td>\n<\/tr>\n<tr>\n<td>Suicide Action Montr\u00e9al*<\/td>\n<td>Montr\u00e9al<\/td>\n<td>$50,000<\/td>\n<\/tr>\n<tr>\n<td>Table de d\u00e9veloppement social de LaSalle*<\/td>\n<td>Ville de Longueuil<\/td>\n<td>$6,000<\/td>\n<\/tr>\n<tr>\n<td>Table de Quartier Sud de l\u2019Ouest-de-l\u2019\u00cele*<\/td>\n<td>Montr\u00e9al<\/td>\n<td>$130,000<\/td>\n<\/tr>\n<tr>\n<td>The Open Door Montr\u00e9al (La porte ouverte Montr\u00e9al)<\/td>\n<td>Montr\u00e9al<\/td>\n<td>$60,000<\/td>\n<\/tr>\n<tr>\n<td>The Yellow Door*<\/td>\n<td>Laval<\/td>\n<td>$7,600<\/td>\n<\/tr>\n<tr>\n<td>VertCit\u00e9<\/td>\n<td>hors territoire<\/td>\n<td>$19,000<\/td>\n<\/tr>\n<tr>\n<td>Veterans Transition Network (vtncanada.org) &#8211; R\u00e9seau de Transition des V\u00e9t\u00e9rans (RTV)<\/td>\n<td>Montr\u00e9al<\/td>\n<td>$32,700<\/td>\n<\/tr>\n<tr>\n<td>Vision Charitable, VICHA<\/td>\n<td>Montr\u00e9al<\/td>\n<td>$65,000<\/td>\n<\/tr>\n<tr>\n<td>Vivre Saint-Michel en sant\u00e9*<\/td>\n<td>Montr\u00e9al<\/td>\n<td>$4,615<\/td>\n<\/tr>\n<tr>\n<td>Volunteer West Island*<\/td>\n<td>Agglom\u00e9ration de Longueuil<\/td>\n<td>$20,000<\/td>\n<\/tr>\n<tr>\n<td>Welcome Collective<\/td>\n<td>Montr\u00e9al<\/td>\n<td>$40,000<\/td>\n<\/tr>\n<tr>\n<td>West Island Black Community Association (WIBCA)<\/td>\n<td>Montr\u00e9al<\/td>\n<td>$30,000<\/td>\n<\/tr>\n<tr>\n<td>West Island Cancer Wellness Centre<\/td>\n<td>Montr\u00e9al<\/td>\n<td>$4,000<\/td>\n<\/tr>\n<tr>\n<td>Y des femmes*<\/td>\n<td>Laval<\/td>\n<td>$50,000<\/td>\n<\/tr>\n<tr>\n<td>Y des femmes de Montr\u00e9al*<\/td>\n<td>Montr\u00e9al<\/td>\n<td>$61,000<\/td>\n<\/tr>\n<tr>\n<td><em>*Centraide network organization<\/em><\/td>\n<td><\/td>\n<td><\/td>\n<\/tr>\n<\/tbody>\n<\/table>\n<\/figure>\n<p><!-- \/wp:table --><\/p>\n                                  <\/div>\n        <\/div>\n      <\/div>\n      <\/section>\n  \n\n\n<div style=\"height:70px\" aria-hidden=\"true\" class=\"wp-block-spacer\"><\/div>\n\n\n<section id=\"block_60143046fae46\" class=\"block-carousel-blog container_carousel_blog\">\n  <div class=\"container\">\n    <div class=\"carousel-blog__header\">\n      <div class=\"carousel-blog__header__title\">\n        <h3>Centraide<br \/>\n<strong>Blog<\/strong><\/h3>\n<p>&nbsp;<\/p>\n      <\/div>\n      <div class=\"carousel-blog__header__button__wrapper\">        \n        <a href='http:\/\/centraide-mtl.org\/en\/blog\/' class=\"btn_black\">See all articles<\/a>      <\/div>\n    <\/div>\n  <\/div>\n  <div class=\"carousel-blog_posts_wrapper\">\n      <article class=\"post__item swiper-slide\">\n    <a title=\"Homelessness in a perfect storm\" href=\"https:\/\/www.centraide-mtl.org\/en\/blog\/homelessness-in-a-perfect-storm\/\" class=\"post__item-link\" >\n    <div class=\"post__item__thumbnail\">\n      <img decoding=\"async\" title= \"Homelessness in a perfect storm\" alt=\"Homelessness in a perfect storm\" src=\"https:\/\/www.centraide-mtl.org\/wp-content\/uploads\/2022\/01\/Visuel_moteur_Itinerance-nouveau-410x230.jpg\"\/>\n    <\/div>\n\n    <div class=\"post__item__info\">\n              <div class=\"post__item__tags__wrapper\">\n                      <div class=\"post__item__tags\">\n              <a class=\"category-link \" title=\"social-inclusion\" href=\"https:\/\/www.centraide-mtl.org\/en\/wp-json\/wp\/v2\/pages\/21826?_post_tag=social-inclusion#filters\">\n                Social inclusion              <\/a>\n            <\/div>\n                      <div class=\"post__item__tags\">\n              <a class=\"category-link \" title=\"covid-19-en\" href=\"https:\/\/www.centraide-mtl.org\/en\/wp-json\/wp\/v2\/pages\/21826?_post_tag=covid-19-en#filters\">\n                COVID-19              <\/a>\n            <\/div>\n                  <\/div>\n      \n      <a href=\"https:\/\/www.centraide-mtl.org\/en\/blog\/homelessness-in-a-perfect-storm\/\" class=\"post__item__title\" title=\"Emergency community support fund\">\n        Homelessness in a perfect storm      <\/a>\n\n          <div class=\"post_item__content_type\" style=\"display: none;\">Articles<\/div>\n<div class=\"post_item__meta\">\n  <span class=\"date_meta\">January 18, 2022<\/span><span class=\"author__meta\"> <span>\u2022  &nbsp;<\/span>By Centraide<\/div>\n                  <div class=\"post__item__summary\">\n            People experiencing homelessness are being hit hard by the 5th COVID wave sweeping through Greater Montreal due to the Omicron&#8230;          <\/div>\n        \n    <\/div>\n    <\/a>\n  <\/article>\n  <article class=\"post__item swiper-slide\">\n    <a title=\"Regroupement Partage: New and ambitious food-security solutions\" href=\"https:\/\/www.centraide-mtl.org\/en\/blog\/regroupement-partage-new-and-ambitious-food-security-solutions\/\" class=\"post__item-link\" >\n    <div class=\"post__item__thumbnail\">\n      <img decoding=\"async\" title= \"Regroupement Partage: New and ambitious food-security solutions\" alt=\"Regroupement Partage: New and ambitious food-security solutions\" src=\"https:\/\/www.centraide-mtl.org\/wp-content\/uploads\/2021\/09\/Moteur_Regroupement-Partage-410x230.jpg\"\/>\n    <\/div>\n\n    <div class=\"post__item__info\">\n              <div class=\"post__item__tags__wrapper\">\n                      <div class=\"post__item__tags\">\n              <a class=\"category-link \" title=\"essential-needs\" href=\"https:\/\/www.centraide-mtl.org\/en\/wp-json\/wp\/v2\/pages\/21826?_post_tag=essential-needs#filters\">\n                Essential needs              <\/a>\n            <\/div>\n                      <div class=\"post__item__tags\">\n              <a class=\"category-link \" title=\"covid-19-en\" href=\"https:\/\/www.centraide-mtl.org\/en\/wp-json\/wp\/v2\/pages\/21826?_post_tag=covid-19-en#filters\">\n                COVID-19              <\/a>\n            <\/div>\n                  <\/div>\n      \n      <a href=\"https:\/\/www.centraide-mtl.org\/en\/blog\/regroupement-partage-new-and-ambitious-food-security-solutions\/\" class=\"post__item__title\" title=\"Emergency community support fund\">\n        Regroupement Partage: New and ambitious food-security solutions      <\/a>\n\n          <div class=\"post_item__content_type\" style=\"display: none;\">Articles<\/div>\n<div class=\"post_item__meta\">\n  <span class=\"date_meta\">September 20, 2021<\/span><span class=\"author__meta\"> <span>\u2022  &nbsp;<\/span>By Centraide<\/div>\n                  <div class=\"post__item__summary\">\n            In the community sector, the shock of the pandemic has both accelerated the launch of new programs and showed how&#8230;          <\/div>\n        \n    <\/div>\n    <\/a>\n  <\/article>\n  <article class=\"post__item swiper-slide\">\n    <a title=\"Another new school year under the cloud of the pandemic\" href=\"https:\/\/www.centraide-mtl.org\/en\/blog\/another-new-school-year-under-the-cloud-of-the-pandemic\/\" class=\"post__item-link\" >\n    <div class=\"post__item__thumbnail\">\n      <img decoding=\"async\" title= \"Another new school year under the cloud of the pandemic\" alt=\"Another new school year under the cloud of the pandemic\" src=\"https:\/\/www.centraide-mtl.org\/wp-content\/uploads\/2021\/08\/Visuel-moteur-1-410x230.jpg\"\/>\n    <\/div>\n\n    <div class=\"post__item__info\">\n              <div class=\"post__item__tags__wrapper\">\n                      <div class=\"post__item__tags\">\n              <a class=\"category-link \" title=\"youth-success\" href=\"https:\/\/www.centraide-mtl.org\/en\/wp-json\/wp\/v2\/pages\/21826?_post_tag=youth-success#filters\">\n                Youth success              <\/a>\n            <\/div>\n                      <div class=\"post__item__tags\">\n              <a class=\"category-link \" title=\"covid-19-en\" href=\"https:\/\/www.centraide-mtl.org\/en\/wp-json\/wp\/v2\/pages\/21826?_post_tag=covid-19-en#filters\">\n                COVID-19              <\/a>\n            <\/div>\n                  <\/div>\n      \n      <a href=\"https:\/\/www.centraide-mtl.org\/en\/blog\/another-new-school-year-under-the-cloud-of-the-pandemic\/\" class=\"post__item__title\" title=\"Emergency community support fund\">\n        Another new school year under the cloud of the pandemic      <\/a>\n\n          <div class=\"post_item__content_type\" style=\"display: none;\">Articles<\/div>\n<div class=\"post_item__meta\">\n  <span class=\"date_meta\">August 17, 2021<\/span><span class=\"author__meta\"> <span>\u2022  &nbsp;<\/span>By Centraide<\/div>\n                  <div class=\"post__item__summary\">\n            Reports from Montreal Hooked on School, a close partner of Centraide of Greater Montreal, clearly show that the pandemic has&#8230;          <\/div>\n        \n    <\/div>\n    <\/a>\n  <\/article>\n  <article class=\"post__item swiper-slide\">\n    <a title=\"Summer camps during the pandemic\" href=\"https:\/\/www.centraide-mtl.org\/en\/blog\/summer-camps-during-the-pandemic\/\" class=\"post__item-link\" >\n    <div class=\"post__item__thumbnail\">\n      <img decoding=\"async\" title= \"Summer camps during the pandemic\" alt=\"Summer camps during the pandemic\" src=\"https:\/\/www.centraide-mtl.org\/wp-content\/uploads\/2021\/07\/Moteur_Article_Camps_3-410x230.jpg\"\/>\n    <\/div>\n\n    <div class=\"post__item__info\">\n              <div class=\"post__item__tags__wrapper\">\n                      <div class=\"post__item__tags\">\n              <a class=\"category-link \" title=\"social-inclusion\" href=\"https:\/\/www.centraide-mtl.org\/en\/wp-json\/wp\/v2\/pages\/21826?_post_tag=social-inclusion#filters\">\n                Social inclusion              <\/a>\n            <\/div>\n                      <div class=\"post__item__tags\">\n              <a class=\"category-link \" title=\"covid-19-en\" href=\"https:\/\/www.centraide-mtl.org\/en\/wp-json\/wp\/v2\/pages\/21826?_post_tag=covid-19-en#filters\">\n                COVID-19              <\/a>\n            <\/div>\n                  <\/div>\n      \n      <a href=\"https:\/\/www.centraide-mtl.org\/en\/blog\/summer-camps-during-the-pandemic\/\" class=\"post__item__title\" title=\"Emergency community support fund\">\n        Summer camps during the pandemic      <\/a>\n\n          <div class=\"post_item__content_type\" style=\"display: none;\">Articles<\/div>\n<div class=\"post_item__meta\">\n  <span class=\"date_meta\">July 23, 2021<\/span><span class=\"author__meta\"> <span>\u2022  &nbsp;<\/span>By Centraide<\/div>\n                  <div class=\"post__item__summary\">\n            Great news for young people and families in Greater Montreal: Summer camps reopened on June 28. This is a welcome&#8230;          <\/div>\n        \n    <\/div>\n    <\/a>\n  <\/article>\n  <article class=\"post__item swiper-slide\">\n    <a title=\"An agency that defends the rights of renters\" href=\"https:\/\/www.centraide-mtl.org\/en\/blog\/an-agency-that-defends-the-rights-of-renters\/\" class=\"post__item-link\" >\n    <div class=\"post__item__thumbnail\">\n      <img decoding=\"async\" title= \"An agency that defends the rights of renters\" alt=\"An agency that defends the rights of renters\" src=\"https:\/\/www.centraide-mtl.org\/wp-content\/uploads\/2021\/06\/Blogue_Escouade_salubrite-410x230.png\"\/>\n    <\/div>\n\n    <div class=\"post__item__info\">\n              <div class=\"post__item__tags__wrapper\">\n                      <div class=\"post__item__tags\">\n              <a class=\"category-link \" title=\"essential-needs\" href=\"https:\/\/www.centraide-mtl.org\/en\/wp-json\/wp\/v2\/pages\/21826?_post_tag=essential-needs#filters\">\n                Essential needs              <\/a>\n            <\/div>\n                      <div class=\"post__item__tags\">\n              <a class=\"category-link \" title=\"covid-19-en\" href=\"https:\/\/www.centraide-mtl.org\/en\/wp-json\/wp\/v2\/pages\/21826?_post_tag=covid-19-en#filters\">\n                COVID-19              <\/a>\n            <\/div>\n                  <\/div>\n      \n      <a href=\"https:\/\/www.centraide-mtl.org\/en\/blog\/an-agency-that-defends-the-rights-of-renters\/\" class=\"post__item__title\" title=\"Emergency community support fund\">\n        An agency that defends the rights of renters      <\/a>\n\n          <div class=\"post_item__content_type\" style=\"display: none;\">Articles<\/div>\n<div class=\"post_item__meta\">\n  <span class=\"date_meta\">June 22, 2021<\/span><span class=\"author__meta\"> <span>\u2022  &nbsp;<\/span>By Centraide<\/div>\n                  <div class=\"post__item__summary\">\n            With summer moving season just around the corner, the issue of housing has never been more timely. However, the challenges&#8230;          <\/div>\n        \n    <\/div>\n    <\/a>\n  <\/article>\n  <article class=\"post__item swiper-slide\">\n    <a title=\"Actions to improve housing on the South Shore\" href=\"https:\/\/www.centraide-mtl.org\/en\/blog\/actions-to-improve-housing-on-the-south-shore\/\" class=\"post__item-link\" >\n    <div class=\"post__item__thumbnail\">\n      <img decoding=\"async\" title= \"Actions to improve housing on the South Shore\" alt=\"Actions to improve housing on the South Shore\" src=\"https:\/\/www.centraide-mtl.org\/wp-content\/uploads\/2021\/06\/Blogue_Action_ameliorer_offre_rive_sud-1-410x230.png\"\/>\n    <\/div>\n\n    <div class=\"post__item__info\">\n              <div class=\"post__item__tags__wrapper\">\n                      <div class=\"post__item__tags\">\n              <a class=\"category-link \" title=\"essential-needs\" href=\"https:\/\/www.centraide-mtl.org\/en\/wp-json\/wp\/v2\/pages\/21826?_post_tag=essential-needs#filters\">\n                Essential needs              <\/a>\n            <\/div>\n                      <div class=\"post__item__tags\">\n              <a class=\"category-link \" title=\"covid-19-en\" href=\"https:\/\/www.centraide-mtl.org\/en\/wp-json\/wp\/v2\/pages\/21826?_post_tag=covid-19-en#filters\">\n                COVID-19              <\/a>\n            <\/div>\n                  <\/div>\n      \n      <a href=\"https:\/\/www.centraide-mtl.org\/en\/blog\/actions-to-improve-housing-on-the-south-shore\/\" class=\"post__item__title\" title=\"Emergency community support fund\">\n        Actions to improve housing on the South Shore      <\/a>\n\n          <div class=\"post_item__content_type\" style=\"display: none;\">Articles<\/div>\n<div class=\"post_item__meta\">\n  <span class=\"date_meta\">June 22, 2021<\/span><span class=\"author__meta\"> <span>\u2022  &nbsp;<\/span>By Centraide<\/div>\n                  <div class=\"post__item__summary\">\n            Greater Montreal residents with limited finances face particular barriers when it comes to housing. Given the very low vacancy rate&#8230;          <\/div>\n        \n    <\/div>\n    <\/a>\n  <\/article>\n  <article class=\"post__item swiper-slide\">\n    <a title=\"A home that creates family ties\" href=\"https:\/\/www.centraide-mtl.org\/en\/blog\/a-home-that-creates-family-ties\/\" class=\"post__item-link\" >\n    <div class=\"post__item__thumbnail\">\n      <img decoding=\"async\" title= \"A home that creates family ties\" alt=\"A home that creates family ties\" src=\"https:\/\/www.centraide-mtl.org\/wp-content\/uploads\/2021\/05\/Maison_Cree_Liens_Familiaux-410x230.jpg\"\/>\n    <\/div>\n\n    <div class=\"post__item__info\">\n              <div class=\"post__item__tags__wrapper\">\n                      <div class=\"post__item__tags\">\n              <a class=\"category-link \" title=\"social-inclusion\" href=\"https:\/\/www.centraide-mtl.org\/en\/wp-json\/wp\/v2\/pages\/21826?_post_tag=social-inclusion#filters\">\n                Social inclusion              <\/a>\n            <\/div>\n                      <div class=\"post__item__tags\">\n              <a class=\"category-link \" title=\"covid-19-en\" href=\"https:\/\/www.centraide-mtl.org\/en\/wp-json\/wp\/v2\/pages\/21826?_post_tag=covid-19-en#filters\">\n                COVID-19              <\/a>\n            <\/div>\n                  <\/div>\n      \n      <a href=\"https:\/\/www.centraide-mtl.org\/en\/blog\/a-home-that-creates-family-ties\/\" class=\"post__item__title\" title=\"Emergency community support fund\">\n        A home that creates family ties      <\/a>\n\n          <div class=\"post_item__content_type\" style=\"display: none;\">Articles<\/div>\n<div class=\"post_item__meta\">\n  <span class=\"date_meta\">May 10, 2021<\/span><span class=\"author__meta\"> <span>\u2022  &nbsp;<\/span>By Centraide<\/div>\n                  <div class=\"post__item__summary\">\n            A pioneer in its field in Quebec that was founded in 1992, the Maison des Grands-Parents de Villeray fosters intergenerational&#8230;          <\/div>\n        \n    <\/div>\n    <\/a>\n  <\/article>\n  <article class=\"post__item swiper-slide\">\n    <a title=\"Families are feeling the stress\" href=\"https:\/\/www.centraide-mtl.org\/en\/blog\/families-are-feeling-the-stress\/\" class=\"post__item-link\" >\n    <div class=\"post__item__thumbnail\">\n      <img decoding=\"async\" title= \"Families are feeling the stress\" alt=\"Families are feeling the stress\" src=\"https:\/\/www.centraide-mtl.org\/wp-content\/uploads\/2021\/05\/Sources_stress_saccumulent_familles-410x230.jpg\"\/>\n    <\/div>\n\n    <div class=\"post__item__info\">\n              <div class=\"post__item__tags__wrapper\">\n                      <div class=\"post__item__tags\">\n              <a class=\"category-link \" title=\"mental-health\" href=\"https:\/\/www.centraide-mtl.org\/en\/wp-json\/wp\/v2\/pages\/21826?_post_tag=mental-health#filters\">\n                Mental Health              <\/a>\n            <\/div>\n                      <div class=\"post__item__tags\">\n              <a class=\"category-link \" title=\"covid-19-en\" href=\"https:\/\/www.centraide-mtl.org\/en\/wp-json\/wp\/v2\/pages\/21826?_post_tag=covid-19-en#filters\">\n                COVID-19              <\/a>\n            <\/div>\n                  <\/div>\n      \n      <a href=\"https:\/\/www.centraide-mtl.org\/en\/blog\/families-are-feeling-the-stress\/\" class=\"post__item__title\" title=\"Emergency community support fund\">\n        Families are feeling the stress      <\/a>\n\n          <div class=\"post_item__content_type\" style=\"display: none;\">Articles<\/div>\n<div class=\"post_item__meta\">\n  <span class=\"date_meta\">May 10, 2021<\/span><span class=\"author__meta\"> <span>\u2022  &nbsp;<\/span>By Centraide<\/div>\n                  <div class=\"post__item__summary\">\n            One year after the health crisis and as the COVID-19 situation evolves, surveys and statistics are starting to reveal the&#8230;          <\/div>\n        \n    <\/div>\n    <\/a>\n  <\/article>\n  <\/div>\n  <div class=\"progress-bar_carousel__wrapper wrap\">\n  <div class=\"progress-bar_carousel\"><\/div>\n  <\/div>\n  \n<\/section>\n\n","protected":false},"excerpt":{"rendered":"<p>A support to adapt and increase frontline services The Emergency Community Support Fund (ECSF) is a $350-million investment from the Government of Canada allocated through Employment and Social Development Canada (ESDC) to help vulnerable populations&hellip;<\/p>\n","protected":false},"author":13,"featured_media":34449,"parent":753,"menu_order":124,"comment_status":"closed","ping_status":"closed","template":"","meta":{"_acf_changed":false,"_relevanssi_hide_post":"","_relevanssi_hide_content":"","_relevanssi_pin_for_all":"","_relevanssi_pin_keywords":"","_relevanssi_unpin_keywords":"","_relevanssi_related_keywords":"","_relevanssi_related_include_ids":"","_relevanssi_related_exclude_ids":"","_relevanssi_related_no_append":"","_relevanssi_related_not_related":"","_relevanssi_related_posts":"572,819,5960,532,6303,612","_relevanssi_noindex_reason":"","footnotes":""},"class_list":["post-21826","page","type-page","status-publish","has-post-thumbnail","hentry"],"acf":[],"publishpress_future_workflow_manual_trigger":{"enabledWorkflows":[]},"_links":{"self":[{"href":"https:\/\/www.centraide-mtl.org\/en\/wp-json\/wp\/v2\/pages\/21826","targetHints":{"allow":["GET"]}}],"collection":[{"href":"https:\/\/www.centraide-mtl.org\/en\/wp-json\/wp\/v2\/pages"}],"about":[{"href":"https:\/\/www.centraide-mtl.org\/en\/wp-json\/wp\/v2\/types\/page"}],"author":[{"embeddable":true,"href":"https:\/\/www.centraide-mtl.org\/en\/wp-json\/wp\/v2\/users\/13"}],"replies":[{"embeddable":true,"href":"https:\/\/www.centraide-mtl.org\/en\/wp-json\/wp\/v2\/comments?post=21826"}],"version-history":[{"count":10,"href":"https:\/\/www.centraide-mtl.org\/en\/wp-json\/wp\/v2\/pages\/21826\/revisions"}],"predecessor-version":[{"id":25296,"href":"https:\/\/www.centraide-mtl.org\/en\/wp-json\/wp\/v2\/pages\/21826\/revisions\/25296"}],"up":[{"embeddable":true,"href":"https:\/\/www.centraide-mtl.org\/en\/wp-json\/wp\/v2\/pages\/753"}],"wp:featuredmedia":[{"embeddable":true,"href":"https:\/\/www.centraide-mtl.org\/en\/wp-json\/wp\/v2\/media\/34449"}],"wp:attachment":[{"href":"https:\/\/www.centraide-mtl.org\/en\/wp-json\/wp\/v2\/media?parent=21826"}],"curies":[{"name":"wp","href":"https:\/\/api.w.org\/{rel}","templated":true}]}}